{"id":4869,"date":"2023-10-16T10:42:33","date_gmt":"2023-10-16T10:42:33","guid":{"rendered":"https:\/\/homegrade.brussels\/conseils\/isolation-facades-exterieur\/"},"modified":"2025-12-16T09:22:53","modified_gmt":"2025-12-16T09:22:53","slug":"gevels-isoleren-buitenzijde","status":"publish","type":"conseils","link":"https:\/\/homegrade.brussels\/nl\/advies\/thermische-isolatie-brusselse-huis\/gevels-isoleren-buitenzijde\/","title":{"rendered":"Gevels isoleren via de buitenzijde &#8211; Principes en technieken"},"content":{"rendered":"\n<h3 class=\"wp-block-heading\">Isoleren via de buitenzijde, een effici\u00ebnte techniek!<\/h3>\n\n\n\n<p>Een woning verliest bijna een kwart van zijn warmte via de muren. Isoleren van de buitenmuren bespaart energie en verhoogt het comfort binnenshuis door het koude wand effect te beperken.<\/p>\n\n\n\n<h4 class=\"wp-block-heading\">Isolatie via de buitenzijde<\/h4>\n\n\n\n<p>Isolatie via de buitenzijde kan ononderbroken worden geplaatst, waardoor ook de <button data-definition-id=\"4744\" data-tooltip-definition=\"De koudebrug is de zone van de gebouwschil waar de isolatie zwakker is en een gemakkelijkere doorgang aan warmte biedt. De koudebrug, of bouwknoop, is een koud punt waar waterdamp kan condenseren.\" data-tooltip-word=\"Koudebrug\" class=\"tooltip-word\">koudebruggen<\/button> en het condensatierisico beperkt worden. Tegelijk blijft ook de <button data-tooltip-definition=\"Vermogen van een materiaal om warmte op te slaan en geleidelijk weer af te geven. Deze eigenschap verbetert het comfort: in de zomer wordt oververhitting voorkomen en in de winter worden schommelingen in de binnentemperatuur beperkt. Er wordt ook energie bespaard (airconditioning in de zomer en verwarming in de winter).\" data-definition-id=\"4743\" data-tooltip-word=\"Inertie van een materiaal\" class=\"tooltip-word\">thermische inertie<\/button> van de muren behouden, wordt de draagstructuur beschermd tegen de invloed van het klimaat en neemt de bruikbare vloeroppervlakte van de woning niet af.<\/p>\n\n\n\n<p>Buitenisolatie brengt echter ook bijkomende kosten mee voor de plaatsing van een steigerconstructie en een nieuwe gevelafwerking, evenals voor de aanpassing van de raamdorpels, kroonlijsten en regenwaterafvoeren.<\/p>\n\n\n\n<p>Voor het isoleren van een gevel van buitenaf is meestal een stedenbouwkundige vergunning nodig, het is dus nuttig zich te informeren bij de dienst stedenbouw vooraleer deze werkzaamheden aan te vangen. Bij de isolatie van de puntgevel, wanneer deze gemeen is, wordt de aangrenzende eigendom betreden, daarom is het akkoord van de buur in dit geval noodzakelijk. Het is wenselijk dit akkoord te formaliseren (en te registreren) in een overeenkomst van uitbreiding.<\/p>\n\n\n\n<p>Als het om stedenbouwkundige of esthetische beperkingen niet mogelijk is de muren via de buitenzijde te isoleren, dan kan binnenisolatie of, in geval van een spouwmuur, het na-isoleren van de spouw een alternatief zijn.<\/p>\n\n\n\n<div class=\"wp-block-columns is-layout-flex wp-container-core-columns-is-layout-cf05694f wp-block-columns-is-layout-flex\">\n<div class=\"wp-block-column is-layout-flow wp-block-column-is-layout-flow\">\n<h5 class=\"wp-block-heading has-text-align-left\">Niet-ge\u00efsoleerde gevel<\/h5>\n\n\n\n<section class=\"wp-block-homegrade-content-blocks-focused-schema homegrade-blocks-focused-schema\"><figure class=\"picture-container\"><img loading=\"lazy\" decoding=\"async\" width=\"1616\" height=\"1464\" src=\"https:\/\/homegrade.brussels\/wp-content\/uploads\/2023\/10\/isolation-facade_non-isolee-1.webp\" alt=\"\" class=\"wp-image-19016\" data-description=\"\" data-legend=\"Fa\u00e7ade non isol\u00e9e\" srcset=\"https:\/\/homegrade.brussels\/wp-content\/uploads\/2023\/10\/isolation-facade_non-isolee-1.webp 1616w, https:\/\/homegrade.brussels\/wp-content\/uploads\/2023\/10\/isolation-facade_non-isolee-1-300x272.webp 300w, https:\/\/homegrade.brussels\/wp-content\/uploads\/2023\/10\/isolation-facade_non-isolee-1-1024x928.webp 1024w, https:\/\/homegrade.brussels\/wp-content\/uploads\/2023\/10\/isolation-facade_non-isolee-1-768x696.webp 768w, https:\/\/homegrade.brussels\/wp-content\/uploads\/2023\/10\/isolation-facade_non-isolee-1-1536x1392.webp 1536w\" sizes=\"auto, (max-width: 1616px) 100vw, 1616px\" \/><div data-focus-bullet-title=\"Buiten\" class=\"homegrade-blocks-focus-point-bullet\" aria-hidden=\"true\" style=\"top:2%;left:6%\" data-postion-x=\"6\" data-postion-y=\"2\"><span class=\"homegrade-blocks-focus-point-bullet__index\">1<\/span><\/div><div data-focus-bullet-title=\"Binnen\" class=\"homegrade-blocks-focus-point-bullet\" aria-hidden=\"true\" style=\"top:2%;left:56.00000000000001%\" data-postion-x=\"56.00000000000001\" data-postion-y=\"2\"><span class=\"homegrade-blocks-focus-point-bullet__index\">2<\/span><\/div><\/figure><figcaption><p class=\"description-legend\"><\/p><ol>\n<li class=\"wp-block-homegrade-content-blocks-focus-point homegrade-blocks-focus-point-caption\"><span class=\"focus-point-title\">Buiten<\/span><span><\/span><\/li>\n\n\n\n<li class=\"wp-block-homegrade-content-blocks-focus-point homegrade-blocks-focus-point-caption\"><span class=\"focus-point-title\">Binnen<\/span><span><\/span><\/li>\n<\/ol><\/figcaption><\/section>\n<\/div>\n\n\n\n<div class=\"wp-block-column is-layout-flow wp-block-column-is-layout-flow\">\n<h5 class=\"wp-block-heading has-text-align-left\">Gevel ge\u00efsoleerd via de buitenzijde<\/h5>\n\n\n\n<section class=\"wp-block-homegrade-content-blocks-focused-schema homegrade-blocks-focused-schema\"><figure class=\"picture-container\"><img loading=\"lazy\" decoding=\"async\" width=\"1616\" height=\"1464\" src=\"https:\/\/homegrade.brussels\/wp-content\/uploads\/2023\/10\/isolation-facade_exterieur-1.webp\" alt=\"\" class=\"wp-image-19012\" data-description=\"\" data-legend=\"Fa\u00e7ade isol\u00e9e par l\u2019ext\u00e9rieur\" srcset=\"https:\/\/homegrade.brussels\/wp-content\/uploads\/2023\/10\/isolation-facade_exterieur-1.webp 1616w, https:\/\/homegrade.brussels\/wp-content\/uploads\/2023\/10\/isolation-facade_exterieur-1-300x272.webp 300w, https:\/\/homegrade.brussels\/wp-content\/uploads\/2023\/10\/isolation-facade_exterieur-1-1024x928.webp 1024w, https:\/\/homegrade.brussels\/wp-content\/uploads\/2023\/10\/isolation-facade_exterieur-1-768x696.webp 768w, https:\/\/homegrade.brussels\/wp-content\/uploads\/2023\/10\/isolation-facade_exterieur-1-1536x1392.webp 1536w\" sizes=\"auto, (max-width: 1616px) 100vw, 1616px\" \/><div data-focus-bullet-title=\"Buiten\" class=\"homegrade-blocks-focus-point-bullet\" aria-hidden=\"true\" style=\"top:2%;left:10%\" data-postion-x=\"10\" data-postion-y=\"2\"><span class=\"homegrade-blocks-focus-point-bullet__index\">1<\/span><\/div><div data-focus-bullet-title=\"Binnen\" class=\"homegrade-blocks-focus-point-bullet\" aria-hidden=\"true\" style=\"top:2%;left:70%\" data-postion-x=\"70\" data-postion-y=\"2\"><span class=\"homegrade-blocks-focus-point-bullet__index\">2<\/span><\/div><\/figure><figcaption><p class=\"description-legend\"><\/p><ol>\n<li class=\"wp-block-homegrade-content-blocks-focus-point homegrade-blocks-focus-point-caption\"><span class=\"focus-point-title\">Buiten<\/span><span><\/span><\/li>\n\n\n\n<li class=\"wp-block-homegrade-content-blocks-focus-point homegrade-blocks-focus-point-caption\"><span class=\"focus-point-title\">Binnen<\/span><span><\/span><\/li>\n<\/ol><\/figcaption><\/section>\n<\/div>\n<\/div>\n\n\n\n<h4 class=\"wp-block-heading\">Isolatie via de binnenzijde<\/h4>\n\n\n\n<p>Isoleren via de binnenzijde is vrij ingewikkeld en delicaat. De binnenruimte wordt kleiner en koudebruggen zorgen voor een verhoogd risico op oppervlaktecondensatie.<\/p>\n\n\n\n<h4 class=\"wp-block-heading\">Isolatie van de spouw<\/h4>\n\n\n\n<p>Na-isolatie van de spouw is goedkoop maar de isolatiedikte en dus de mogelijke energiebesparing is beperkt tot de breedte van de spouw.<\/p>\n\n\n\n<div class=\"wp-block-columns is-layout-flex wp-container-core-columns-is-layout-28f84493 wp-block-columns-is-layout-flex\">\n<div class=\"wp-block-column is-layout-flow wp-block-column-is-layout-flow\"><\/div>\n\n\n\n<div class=\"wp-block-column is-layout-flow wp-block-column-is-layout-flow\"><\/div>\n<\/div>\n\n\n\n<div class=\"wp-block-columns is-layout-flex wp-container-core-columns-is-layout-cf05694f wp-block-columns-is-layout-flex\">\n<div class=\"wp-block-column is-layout-flow wp-block-column-is-layout-flow\">\n<h5 class=\"wp-block-heading has-text-align-left\">Gevel ge\u00efsoleerd via de binnenzijde<\/h5>\n\n\n\n<section class=\"wp-block-homegrade-content-blocks-focused-schema homegrade-blocks-focused-schema\"><figure class=\"picture-container\"><img loading=\"lazy\" decoding=\"async\" width=\"1616\" height=\"1464\" src=\"https:\/\/homegrade.brussels\/wp-content\/uploads\/2023\/10\/isolation-facade_interieur-1.webp\" alt=\"\" class=\"wp-image-19014\" data-description=\"\" data-legend=\"Fa\u00e7ade isol\u00e9e par l\u2019int\u00e9rieur\" srcset=\"https:\/\/homegrade.brussels\/wp-content\/uploads\/2023\/10\/isolation-facade_interieur-1.webp 1616w, https:\/\/homegrade.brussels\/wp-content\/uploads\/2023\/10\/isolation-facade_interieur-1-300x272.webp 300w, https:\/\/homegrade.brussels\/wp-content\/uploads\/2023\/10\/isolation-facade_interieur-1-1024x928.webp 1024w, https:\/\/homegrade.brussels\/wp-content\/uploads\/2023\/10\/isolation-facade_interieur-1-768x696.webp 768w, https:\/\/homegrade.brussels\/wp-content\/uploads\/2023\/10\/isolation-facade_interieur-1-1536x1392.webp 1536w\" sizes=\"auto, (max-width: 1616px) 100vw, 1616px\" \/><div data-focus-bullet-title=\"Buiten\" class=\"homegrade-blocks-focus-point-bullet\" aria-hidden=\"true\" style=\"top:2%;left:9%\" data-postion-x=\"9\" data-postion-y=\"2\"><span class=\"homegrade-blocks-focus-point-bullet__index\">1<\/span><\/div><div data-focus-bullet-title=\"Binnen\" class=\"homegrade-blocks-focus-point-bullet\" aria-hidden=\"true\" style=\"top:2%;left:66%\" data-postion-x=\"66\" data-postion-y=\"2\"><span class=\"homegrade-blocks-focus-point-bullet__index\">2<\/span><\/div><div data-focus-bullet-title=\"Koudebrug\" class=\"homegrade-blocks-focus-point-bullet\" aria-hidden=\"true\" style=\"top:16%;left:78%\" data-postion-x=\"78\" data-postion-y=\"16\"><span class=\"homegrade-blocks-focus-point-bullet__index\">3<\/span><\/div><\/figure><figcaption><p class=\"description-legend\"><\/p><ol>\n<li class=\"wp-block-homegrade-content-blocks-focus-point homegrade-blocks-focus-point-caption\"><span class=\"focus-point-title\">Buiten<\/span><span><\/span><\/li>\n\n\n\n<li class=\"wp-block-homegrade-content-blocks-focus-point homegrade-blocks-focus-point-caption\"><span class=\"focus-point-title\">Binnen<\/span><span><\/span><\/li>\n\n\n\n<li class=\"wp-block-homegrade-content-blocks-focus-point homegrade-blocks-focus-point-caption\"><span class=\"focus-point-title\">Koudebrug<\/span><span><\/span><\/li>\n<\/ol><\/figcaption><\/section>\n<\/div>\n\n\n\n<div class=\"wp-block-column is-layout-flow wp-block-column-is-layout-flow\">\n<h5 class=\"wp-block-heading has-text-align-left\">Gevel ge\u00efsoleerd via de spouw<\/h5>\n\n\n\n<section class=\"wp-block-homegrade-content-blocks-focused-schema homegrade-blocks-focused-schema\"><figure class=\"picture-container\"><img loading=\"lazy\" decoding=\"async\" width=\"1616\" height=\"1464\" src=\"https:\/\/homegrade.brussels\/wp-content\/uploads\/2023\/10\/isolation-facade_coulisse-1.webp\" alt=\"\" class=\"wp-image-19010\" data-description=\"\" data-legend=\"Fa\u00e7ade isol\u00e9e par la coulisse\" srcset=\"https:\/\/homegrade.brussels\/wp-content\/uploads\/2023\/10\/isolation-facade_coulisse-1.webp 1616w, https:\/\/homegrade.brussels\/wp-content\/uploads\/2023\/10\/isolation-facade_coulisse-1-300x272.webp 300w, https:\/\/homegrade.brussels\/wp-content\/uploads\/2023\/10\/isolation-facade_coulisse-1-1024x928.webp 1024w, https:\/\/homegrade.brussels\/wp-content\/uploads\/2023\/10\/isolation-facade_coulisse-1-768x696.webp 768w, https:\/\/homegrade.brussels\/wp-content\/uploads\/2023\/10\/isolation-facade_coulisse-1-1536x1392.webp 1536w\" sizes=\"auto, (max-width: 1616px) 100vw, 1616px\" \/><div data-focus-bullet-title=\"Buiten\" class=\"homegrade-blocks-focus-point-bullet\" aria-hidden=\"true\" style=\"top:88%;left:7.000000000000001%\" data-postion-x=\"7.000000000000001\" data-postion-y=\"88\"><span class=\"homegrade-blocks-focus-point-bullet__index\">1<\/span><\/div><div data-focus-bullet-title=\"Binnen\" class=\"homegrade-blocks-focus-point-bullet\" aria-hidden=\"true\" style=\"top:88%;left:73%\" data-postion-x=\"73\" data-postion-y=\"88\"><span class=\"homegrade-blocks-focus-point-bullet__index\">2<\/span><\/div><\/figure><figcaption><p class=\"description-legend\"><\/p><ol>\n<li class=\"wp-block-homegrade-content-blocks-focus-point homegrade-blocks-focus-point-caption\"><span class=\"focus-point-title\">Buiten<\/span><span><\/span><\/li>\n\n\n\n<li class=\"wp-block-homegrade-content-blocks-focus-point homegrade-blocks-focus-point-caption\"><span class=\"focus-point-title\">Binnen<\/span><span><\/span><\/li>\n<\/ol><\/figcaption><\/section>\n<\/div>\n<\/div>\n\n\n\n\n<section id=\"post-content-container-19687\" class=\"post-content-container has-custom-anchor\" data-related-id=\"19687\">\n\t<h2 class=\"post-content-container__title\">Wat zijn de componenten van een ge\u00efsoleerde gevel en welke zijn de belangrijkste uitvoeringstechnieken?<\/h2>\n\t\n<p>De gevels die in deze pagina worden bestudeerd, bestaan uit een binnenbepleistering, een massieve muur, isolatie en een buitenafwerking.<\/p>\n\n\n\n<p>Bij renovatie is het belangrijk om de vochtkarakteristieken en mechanische eigenschappen van de nieuwe materialen en van de bestaande materialen te kennen, om zeker te zijn dat ze compatibel zijn en om het condensatierisico in het isolatiegeheel te beperken.<\/p>\n\n\n\n<p>Er zijn verschillende mogelijkheden, in functie van de complexiteit van de gevel, de beoogde thermische prestaties en de gewenste buitenafwerking: gevelpleister, baksteenstrips of een bekleding in hout, gevelpannen, leien, metalen\u2026<\/p>\n\n\n\n<p>In deze pagina behandelen we vier methodes om de gevel via de buitenzijde te isoleren.<\/p>\n\n\n\n<h3 class=\"wp-block-homegrade-content-blocks-content-heading homegrade-blocks-custom-heading\">Afwerking en vormvaste isolatie vormen \u00e9\u00e9n geheel<\/h3>\n\n\n\n<div class=\"wp-block-columns is-layout-flex wp-container-core-columns-is-layout-28f84493 wp-block-columns-is-layout-flex\">\n<div class=\"wp-block-column is-layout-flow wp-block-column-is-layout-flow\">\n<h4 class=\"wp-block-heading has-text-align-left\">Gevelpleister op isolatie (ETICS)<\/h4>\n\n\n\n<section class=\"wp-block-homegrade-content-blocks-focused-schema homegrade-blocks-focused-schema\"><figure class=\"picture-container\"><img loading=\"lazy\" decoding=\"async\" width=\"809\" height=\"723\" src=\"https:\/\/homegrade.brussels\/wp-content\/uploads\/2025\/11\/isolation-facade_isolation-facade-par-exterieur-eduit-ethic2.webp\" alt=\"\" class=\"wp-image-19372\" data-description=\"\" data-legend=\"\" srcset=\"https:\/\/homegrade.brussels\/wp-content\/uploads\/2025\/11\/isolation-facade_isolation-facade-par-exterieur-eduit-ethic2.webp 809w, https:\/\/homegrade.brussels\/wp-content\/uploads\/2025\/11\/isolation-facade_isolation-facade-par-exterieur-eduit-ethic2-300x268.webp 300w, https:\/\/homegrade.brussels\/wp-content\/uploads\/2025\/11\/isolation-facade_isolation-facade-par-exterieur-eduit-ethic2-768x686.webp 768w\" sizes=\"auto, (max-width: 809px) 100vw, 809px\" \/><div data-focus-bullet-title=\"Buitenafwerking\" class=\"homegrade-blocks-focus-point-bullet\" aria-hidden=\"true\" style=\"top:63%;left:35%\" data-postion-x=\"35\" data-postion-y=\"63\"><span class=\"homegrade-blocks-focus-point-bullet__index\">1<\/span><\/div><div data-focus-bullet-title=\"Isolatie\" class=\"homegrade-blocks-focus-point-bullet\" aria-hidden=\"true\" style=\"top:53%;left:65%\" data-postion-x=\"65\" data-postion-y=\"53\"><span class=\"homegrade-blocks-focus-point-bullet__index\">2<\/span><\/div><div data-focus-bullet-title=\"Bestaande muur\" class=\"homegrade-blocks-focus-point-bullet\" aria-hidden=\"true\" style=\"top:38%;left:78%\" data-postion-x=\"78\" data-postion-y=\"38\"><span class=\"homegrade-blocks-focus-point-bullet__index\">3<\/span><\/div><div data-focus-bullet-title=\"Binnenbepleistering\" class=\"homegrade-blocks-focus-point-bullet\" aria-hidden=\"true\" style=\"top:28.000000000000004%;left:95%\" data-postion-x=\"95\" data-postion-y=\"28.000000000000004\"><span class=\"homegrade-blocks-focus-point-bullet__index\">4<\/span><\/div><\/figure><figcaption><p class=\"description-legend\"><\/p><ol>\n<li class=\"wp-block-homegrade-content-blocks-focus-point homegrade-blocks-focus-point-caption\"><span class=\"focus-point-title\">Buitenafwerking<\/span><span><\/span><\/li>\n\n\n\n<li class=\"wp-block-homegrade-content-blocks-focus-point homegrade-blocks-focus-point-caption\"><span class=\"focus-point-title\">Isolatie<\/span><span><\/span><\/li>\n\n\n\n<li class=\"wp-block-homegrade-content-blocks-focus-point homegrade-blocks-focus-point-caption\"><span class=\"focus-point-title\">Bestaande muur<\/span><span><\/span><\/li>\n\n\n\n<li class=\"wp-block-homegrade-content-blocks-focus-point homegrade-blocks-focus-point-caption\"><span class=\"focus-point-title\">Binnenbepleistering<\/span><span><\/span><\/li>\n<\/ol><\/figcaption><\/section>\n<\/div>\n\n\n\n<div class=\"wp-block-column is-layout-flow wp-block-column-is-layout-flow\">\n<h4 class=\"wp-block-heading has-text-align-left\">Baksteenstrips<\/h4>\n\n\n\n<section class=\"wp-block-homegrade-content-blocks-focused-schema homegrade-blocks-focused-schema\"><figure class=\"picture-container\"><img loading=\"lazy\" decoding=\"async\" width=\"809\" height=\"723\" src=\"https:\/\/homegrade.brussels\/wp-content\/uploads\/2025\/11\/isolation-facade_isolation-facade-par-exterieur-briquettes.webp\" alt=\"\" class=\"wp-image-19093\" data-description=\"\" data-legend=\"\" srcset=\"https:\/\/homegrade.brussels\/wp-content\/uploads\/2025\/11\/isolation-facade_isolation-facade-par-exterieur-briquettes.webp 809w, https:\/\/homegrade.brussels\/wp-content\/uploads\/2025\/11\/isolation-facade_isolation-facade-par-exterieur-briquettes-300x268.webp 300w, https:\/\/homegrade.brussels\/wp-content\/uploads\/2025\/11\/isolation-facade_isolation-facade-par-exterieur-briquettes-768x686.webp 768w\" sizes=\"auto, (max-width: 809px) 100vw, 809px\" \/><div data-focus-bullet-title=\"Buitenafwerking\" class=\"homegrade-blocks-focus-point-bullet\" aria-hidden=\"true\" style=\"top:63%;left:35%\" data-postion-x=\"35\" data-postion-y=\"63\"><span class=\"homegrade-blocks-focus-point-bullet__index\">1<\/span><\/div><div data-focus-bullet-title=\"Isolatie\" class=\"homegrade-blocks-focus-point-bullet\" aria-hidden=\"true\" style=\"top:45%;left:48%\" data-postion-x=\"48\" data-postion-y=\"45\"><span class=\"homegrade-blocks-focus-point-bullet__index\">2<\/span><\/div><div data-focus-bullet-title=\"Bestaande muur\" class=\"homegrade-blocks-focus-point-bullet\" aria-hidden=\"true\" style=\"top:38%;left:78%\" data-postion-x=\"78\" data-postion-y=\"38\"><span class=\"homegrade-blocks-focus-point-bullet__index\">3<\/span><\/div><div data-focus-bullet-title=\"Binnenbepleistering\" class=\"homegrade-blocks-focus-point-bullet\" aria-hidden=\"true\" style=\"top:28.000000000000004%;left:95%\" data-postion-x=\"95\" data-postion-y=\"28.000000000000004\"><span class=\"homegrade-blocks-focus-point-bullet__index\">4<\/span><\/div><\/figure><figcaption><p class=\"description-legend\"><\/p><ol>\n<li class=\"wp-block-homegrade-content-blocks-focus-point homegrade-blocks-focus-point-caption\"><span class=\"focus-point-title\">Buitenafwerking<\/span><span><\/span><\/li>\n\n\n\n<li class=\"wp-block-homegrade-content-blocks-focus-point homegrade-blocks-focus-point-caption\"><span class=\"focus-point-title\">Isolatie<\/span><span><\/span><\/li>\n\n\n\n<li class=\"wp-block-homegrade-content-blocks-focus-point homegrade-blocks-focus-point-caption\"><span class=\"focus-point-title\">Bestaande muur<\/span><span><\/span><\/li>\n\n\n\n<li class=\"wp-block-homegrade-content-blocks-focus-point homegrade-blocks-focus-point-caption\"><span class=\"focus-point-title\">Binnenbepleistering<\/span><span><\/span><\/li>\n<\/ol><\/figcaption><\/section>\n<\/div>\n<\/div>\n\n\n\n<h3 class=\"wp-block-homegrade-content-blocks-content-heading homegrade-blocks-custom-heading\">Gevelbekleding<\/h3>\n\n\n\n<div class=\"wp-block-columns is-layout-flex wp-container-core-columns-is-layout-28f84493 wp-block-columns-is-layout-flex\">\n<div class=\"wp-block-column is-layout-flow wp-block-column-is-layout-flow\">\n<h4 class=\"wp-block-heading has-text-align-left\">Op soepele of halfharde isolatie<\/h4>\n\n\n\n<section class=\"wp-block-homegrade-content-blocks-focused-schema homegrade-blocks-focused-schema\"><figure class=\"picture-container\"><img loading=\"lazy\" decoding=\"async\" width=\"809\" height=\"723\" src=\"https:\/\/homegrade.brussels\/wp-content\/uploads\/2025\/11\/isolation-facade_isolation-facade-par-exterieur-bardage-isolant-souple-semi-rigide.webp\" alt=\"\" class=\"wp-image-19091\" data-description=\"\" data-legend=\"\" srcset=\"https:\/\/homegrade.brussels\/wp-content\/uploads\/2025\/11\/isolation-facade_isolation-facade-par-exterieur-bardage-isolant-souple-semi-rigide.webp 809w, https:\/\/homegrade.brussels\/wp-content\/uploads\/2025\/11\/isolation-facade_isolation-facade-par-exterieur-bardage-isolant-souple-semi-rigide-300x268.webp 300w, https:\/\/homegrade.brussels\/wp-content\/uploads\/2025\/11\/isolation-facade_isolation-facade-par-exterieur-bardage-isolant-souple-semi-rigide-768x686.webp 768w\" sizes=\"auto, (max-width: 809px) 100vw, 809px\" \/><div data-focus-bullet-title=\"Buitenafwerking\" class=\"homegrade-blocks-focus-point-bullet\" aria-hidden=\"true\" style=\"top:49%;left:17%\" data-postion-x=\"17\" data-postion-y=\"49\"><span class=\"homegrade-blocks-focus-point-bullet__index\">1<\/span><\/div><div data-focus-bullet-title=\"Isolatie\" class=\"homegrade-blocks-focus-point-bullet\" aria-hidden=\"true\" style=\"top:49%;left:64%\" data-postion-x=\"64\" data-postion-y=\"49\"><span class=\"homegrade-blocks-focus-point-bullet__index\">2<\/span><\/div><div data-focus-bullet-title=\"Bestaande muur\" class=\"homegrade-blocks-focus-point-bullet\" aria-hidden=\"true\" style=\"top:38%;left:78%\" data-postion-x=\"78\" data-postion-y=\"38\"><span class=\"homegrade-blocks-focus-point-bullet__index\">3<\/span><\/div><div data-focus-bullet-title=\"Binnenbepleistering\" class=\"homegrade-blocks-focus-point-bullet\" aria-hidden=\"true\" style=\"top:28.000000000000004%;left:95%\" data-postion-x=\"95\" data-postion-y=\"28.000000000000004\"><span class=\"homegrade-blocks-focus-point-bullet__index\">4<\/span><\/div><\/figure><figcaption><p class=\"description-legend\"><\/p><ol>\n<li class=\"wp-block-homegrade-content-blocks-focus-point homegrade-blocks-focus-point-caption\"><span class=\"focus-point-title\">Buitenafwerking<\/span><span><\/span><\/li>\n\n\n\n<li class=\"wp-block-homegrade-content-blocks-focus-point homegrade-blocks-focus-point-caption\"><span class=\"focus-point-title\">Isolatie<\/span><span><\/span><\/li>\n\n\n\n<li class=\"wp-block-homegrade-content-blocks-focus-point homegrade-blocks-focus-point-caption\"><span class=\"focus-point-title\">Bestaande muur<\/span><span><\/span><\/li>\n\n\n\n<li class=\"wp-block-homegrade-content-blocks-focus-point homegrade-blocks-focus-point-caption\"><span class=\"focus-point-title\">Binnenbepleistering<\/span><span><\/span><\/li>\n<\/ol><\/figcaption><\/section>\n<\/div>\n\n\n\n<div class=\"wp-block-column is-layout-flow wp-block-column-is-layout-flow\">\n<h4 class=\"wp-block-heading has-text-align-left\">Op vormvaste isolatie<\/h4>\n\n\n\n<section class=\"wp-block-homegrade-content-blocks-focused-schema homegrade-blocks-focused-schema\"><figure class=\"picture-container\"><img loading=\"lazy\" decoding=\"async\" width=\"809\" height=\"723\" src=\"https:\/\/homegrade.brussels\/wp-content\/uploads\/2025\/11\/isolation-facade_isolation-facade-par-exterieur-bardage-isolant-rigide.webp\" alt=\"\" class=\"wp-image-19089\" data-description=\"\" data-legend=\"\" srcset=\"https:\/\/homegrade.brussels\/wp-content\/uploads\/2025\/11\/isolation-facade_isolation-facade-par-exterieur-bardage-isolant-rigide.webp 809w, https:\/\/homegrade.brussels\/wp-content\/uploads\/2025\/11\/isolation-facade_isolation-facade-par-exterieur-bardage-isolant-rigide-300x268.webp 300w, https:\/\/homegrade.brussels\/wp-content\/uploads\/2025\/11\/isolation-facade_isolation-facade-par-exterieur-bardage-isolant-rigide-768x686.webp 768w\" sizes=\"auto, (max-width: 809px) 100vw, 809px\" \/><div data-focus-bullet-title=\"Buitenafwerking\" class=\"homegrade-blocks-focus-point-bullet\" aria-hidden=\"true\" style=\"top:63%;left:35%\" data-postion-x=\"35\" data-postion-y=\"63\"><span class=\"homegrade-blocks-focus-point-bullet__index\">1<\/span><\/div><div data-focus-bullet-title=\"Isolatie\" class=\"homegrade-blocks-focus-point-bullet\" aria-hidden=\"true\" style=\"top:52%;left:65%\" data-postion-x=\"65\" data-postion-y=\"52\"><span class=\"homegrade-blocks-focus-point-bullet__index\">2<\/span><\/div><div data-focus-bullet-title=\"Bestaande muur\" class=\"homegrade-blocks-focus-point-bullet\" aria-hidden=\"true\" style=\"top:38%;left:78%\" data-postion-x=\"78\" data-postion-y=\"38\"><span class=\"homegrade-blocks-focus-point-bullet__index\">3<\/span><\/div><div data-focus-bullet-title=\"Binnenbepleistering\" class=\"homegrade-blocks-focus-point-bullet\" aria-hidden=\"true\" style=\"top:28.000000000000004%;left:95%\" data-postion-x=\"95\" data-postion-y=\"28.000000000000004\"><span class=\"homegrade-blocks-focus-point-bullet__index\">4<\/span><\/div><\/figure><figcaption><p class=\"description-legend\"><\/p><ol>\n<li class=\"wp-block-homegrade-content-blocks-focus-point homegrade-blocks-focus-point-caption\"><span class=\"focus-point-title\">Buitenafwerking<\/span><span><\/span><\/li>\n\n\n\n<li class=\"wp-block-homegrade-content-blocks-focus-point homegrade-blocks-focus-point-caption\"><span class=\"focus-point-title\">Isolatie<\/span><span><\/span><\/li>\n\n\n\n<li class=\"wp-block-homegrade-content-blocks-focus-point homegrade-blocks-focus-point-caption\"><span class=\"focus-point-title\">Bestaande muur<\/span><span><\/span><\/li>\n\n\n\n<li class=\"wp-block-homegrade-content-blocks-focus-point homegrade-blocks-focus-point-caption\"><span class=\"focus-point-title\">Binnenbepleistering<\/span><span><\/span><\/li>\n<\/ol><\/figcaption><\/section>\n<\/div>\n<\/div>\n\n\n\n<section class=\"wp-block-homegrade-content-blocks-highlight homegrade-blocks-highlight homegrade-blocks-highlight--classic\"><div class=\"homegrade-blocks-highlight__content\"><div class=\"icon\"><img decoding=\"async\" class=\"icon__image\" src=\"https:\/\/homegrade.brussels\/wp-content\/plugins\/homegrade-blocks\/blocks\/highlight\/src\/img\/icon_warning.svg\" alt=\"\" \/><\/div><div class=\"homegrade-blocks-highlight__content__innerblocks\">\n<p>De werken moeten door een gekwalificeerd vakman worden uitgevoerd.<\/p>\n<\/div><\/div><\/section>\n<\/section>\n\n\n\n<section id=\"post-content-container-19704\" class=\"post-content-container has-custom-anchor\" data-related-id=\"19704\">\n\t<h2 class=\"post-content-container__title\">Wat is de rol van de buitenafwerking?<\/h2>\n\t\n<p>De buitenafwerking is bepalend voor het esthetische uitzicht van de gevel en moet meer dan \u00e9\u00e9n functie vervullen. Afhankelijk van de gekozen isoIatiemethode kan de buitenafwerking uit \u00e9\u00e9n laag of een combinatie van meerdere lagen bestaan.<\/p>\n\n\n\n<p><strong>Ze verzekert de regen-, wind- en stofdichtheid<\/strong>: ze voorkomt schade door waterinfiltratie en vermijdt de warmteverliezen door convectie, door luchtstroming in de isolatie te elimineren.<\/p>\n\n\n\n<p>Naast regendicht moet de buitenafwerking tegelijk ook <strong>damp <\/strong>van binnenuit <strong>doorlaten<\/strong>.<\/p>\n\n\n\n<div class=\"wp-block-columns is-layout-flex wp-container-core-columns-is-layout-28f84493 wp-block-columns-is-layout-flex\">\n<div class=\"wp-block-column is-layout-flow wp-block-column-is-layout-flow\">\n<figure class=\"wp-block-image size-full\"><img loading=\"lazy\" decoding=\"async\" width=\"320\" height=\"240\" src=\"https:\/\/homegrade.brussels\/wp-content\/uploads\/2025\/11\/isolation-facade_finition-exterieure-briquette.jpg\" alt=\"\" class=\"wp-image-19151\" style=\"aspect-ratio:1;object-fit:cover\" srcset=\"https:\/\/homegrade.brussels\/wp-content\/uploads\/2025\/11\/isolation-facade_finition-exterieure-briquette.jpg 320w, https:\/\/homegrade.brussels\/wp-content\/uploads\/2025\/11\/isolation-facade_finition-exterieure-briquette-300x225.jpg 300w\" sizes=\"auto, (max-width: 320px) 100vw, 320px\" \/><figcaption class=\"wp-element-caption\">Steenstrips gelijmd op isolatie \u00a9 <em>Livios Sto<\/em><\/figcaption><\/figure>\n<\/div>\n\n\n\n<div class=\"wp-block-column is-layout-flow wp-block-column-is-layout-flow\">\n<figure class=\"wp-block-image size-full\"><img loading=\"lazy\" decoding=\"async\" width=\"1024\" height=\"677\" src=\"https:\/\/homegrade.brussels\/wp-content\/uploads\/2025\/11\/isolation-facade_finition-exterieure-ardoise.webp\" alt=\"\" class=\"wp-image-19158\" style=\"aspect-ratio:1;object-fit:cover\" srcset=\"https:\/\/homegrade.brussels\/wp-content\/uploads\/2025\/11\/isolation-facade_finition-exterieure-ardoise.webp 1024w, https:\/\/homegrade.brussels\/wp-content\/uploads\/2025\/11\/isolation-facade_finition-exterieure-ardoise-300x198.webp 300w, https:\/\/homegrade.brussels\/wp-content\/uploads\/2025\/11\/isolation-facade_finition-exterieure-ardoise-768x508.webp 768w\" sizes=\"auto, (max-width: 1024px) 100vw, 1024px\" \/><figcaption class=\"wp-element-caption\">Gevelbekleding in natuurleien \u00a9 <em>Dialoog vzw<\/em><\/figcaption><\/figure>\n<\/div>\n\n\n\n<div class=\"wp-block-column is-layout-flow wp-block-column-is-layout-flow\">\n<figure class=\"wp-block-image size-full\"><img loading=\"lazy\" decoding=\"async\" width=\"1050\" height=\"1400\" src=\"https:\/\/homegrade.brussels\/wp-content\/uploads\/2025\/11\/isolation-facade_finition-exterieur-enduit-isolant.webp\" alt=\"\" class=\"wp-image-19161\" style=\"aspect-ratio:1;object-fit:cover\" srcset=\"https:\/\/homegrade.brussels\/wp-content\/uploads\/2025\/11\/isolation-facade_finition-exterieur-enduit-isolant.webp 1050w, https:\/\/homegrade.brussels\/wp-content\/uploads\/2025\/11\/isolation-facade_finition-exterieur-enduit-isolant-225x300.webp 225w, https:\/\/homegrade.brussels\/wp-content\/uploads\/2025\/11\/isolation-facade_finition-exterieur-enduit-isolant-768x1024.webp 768w\" sizes=\"auto, (max-width: 1050px) 100vw, 1050px\" \/><figcaption class=\"wp-element-caption\">Gevelpleister op isolatie \u00a9 <em>Dialoog vzw<\/em> (G. Demey)<\/figcaption><\/figure>\n<\/div>\n<\/div>\n\n\n\n<section class=\"wp-block-homegrade-content-blocks-highlight homegrade-blocks-highlight homegrade-blocks-highlight--classic\"><div class=\"homegrade-blocks-highlight__titling \"><div class=\"icon\"><img decoding=\"async\" class=\"icon__image\" src=\"https:\/\/homegrade.brussels\/wp-content\/plugins\/homegrade-blocks\/blocks\/highlight\/src\/img\/icon_bulb.svg\" alt=\"\"\/><\/div><h3 class=\"homegrade-blocks-highlight__block-title\"><strong><strong>Het begrip waterdampdoorlatendheid (\u00b5 en \u00b5d)<\/strong><\/strong><\/h3><\/div><div class=\"homegrade-blocks-highlight__content\"><div class=\"homegrade-blocks-highlight__content__innerblocks\">\n<p><mark style=\"background-color:rgba(0, 0, 0, 0)\" class=\"has-inline-color has-isolation-quotidien-color\"><strong>\u00b5<\/strong> <\/mark>\u00ab mu \u00bb geeft de waterdampdoorlaatbaarheid van een materiaal weer.<\/p>\n\n\n\n<p>De hoeveelheid waterdamp die zich verspreidt doorheen een bepaald materiaal hangt niet alleen af van de <strong><mark style=\"background-color:rgba(0, 0, 0, 0)\" class=\"has-inline-color has-isolation-quotidien-color\">\u00b5<\/mark><\/strong>-waarde van het materiaal, maar ook van de dikte <strong><mark style=\"background-color:rgba(0, 0, 0, 0)\" class=\"has-inline-color has-isolation-quotidien-color\">d<\/mark><\/strong> (uitgedrukt in meter).<\/p>\n\n\n\n<p><strong>De equivalente<\/strong> <strong>diffusiedikte<\/strong> <strong><mark style=\"background-color:rgba(0, 0, 0, 0)\" class=\"has-inline-color has-isolation-quotidien-color\">\u03bc<sub>d<\/sub><\/mark><\/strong> of <strong><mark style=\"background-color:rgba(0, 0, 0, 0)\" class=\"has-inline-color has-isolation-quotidien-color\">S<sub>d<\/sub><\/mark><\/strong> (uitgedrukt in meter) geeft de weerstand tegen waterdampdiffusie aan van een materiaal van een bepaalde dikte.<br><\/p>\n\n\n\n<p class=\"has-isolation-quotidien-color has-text-color has-link-color has-xl-font-size wp-elements-6611e9d76c203a78c35e188e6a779a49\"><strong>\u00b5<sub>d<\/sub> = \u00b5 x d<\/strong><\/p>\n\n\n\n<p>Hoe kleiner <strong><mark style=\"background-color:rgba(0, 0, 0, 0)\" class=\"has-inline-color has-isolation-quotidien-color\">\u00b5<sub>d<\/sub><\/mark><\/strong> of <strong><mark style=\"background-color:rgba(0, 0, 0, 0)\" class=\"has-inline-color has-isolation-quotidien-color\">S<sub>d<\/sub><\/mark><\/strong> hoe dampopener het materiaal is.<\/p>\n\n\n\n<p>De <strong><mark style=\"background-color:rgba(0, 0, 0, 0)\" class=\"has-inline-color has-isolation-quotidien-color\">\u00b5<sub>d<\/sub><\/mark><\/strong>-waarde van de buitenafwerking moet lager zijn dan 0,5 meter. Deze waarde wordt aangeduid op de technische fiche van het materiaal. Vraag ze aan uw aannemer.<\/p>\n<\/div><\/div><\/section>\n<\/section>\n\n\n\n<section id=\"post-content-container-4912\" class=\"post-content-container has-custom-anchor\" data-related-id=\"4912\">\n\t<h2 class=\"post-content-container__title\">Hoe kiest u een thermische isolatie voor de gevel?<\/h2>\n\t\n<p>De isolatie wordt ononderbroken geplaatst, aan de buitenkant van de bestaande muur en zonder luchtlaag ertussen.<\/p>\n\n\n\n<p>Er is een ruim aanbod aan isolatiematerialen op de markt, isolatiematerialen met minerale grondstoffen (glaswol of rotswol), plantaardige grondstoffen (hout, vlas, hennep, cellulose, katoen\u2026), dierlijke grondstoffen (schapenwol\u2026) of synthetische grondstoffen (polyurethaan, ge\u00ebxpandeerd polystyreen\u2026).<\/p>\n\n\n\n<section class=\"wp-block-homegrade-content-blocks-highlight homegrade-blocks-highlight homegrade-blocks-highlight--classic\"><div class=\"homegrade-blocks-highlight__content\"><div class=\"icon\"><img decoding=\"async\" class=\"icon__image\" src=\"https:\/\/homegrade.brussels\/wp-content\/plugins\/homegrade-blocks\/blocks\/highlight\/src\/img\/icon_search.svg\" alt=\"\"\/><\/div><div class=\"homegrade-blocks-highlight__content__innerblocks\">\n<p>Vergelijk hun prestaties en prijs, maar ga ook na voor welke toepassingen ze geschikt zijn en wat hun milieu-impact en hun akoestische eigenschappen zijn.<\/p>\n<\/div><\/div><\/section>\n\n\n\n<div class=\"wp-block-columns is-layout-flex wp-container-core-columns-is-layout-14cf5ab5 wp-block-columns-is-layout-flex\">\n<div class=\"wp-block-column is-layout-flow wp-block-column-is-layout-flow\">\n<figure class=\"wp-block-image size-full\"><img loading=\"lazy\" decoding=\"async\" width=\"1704\" height=\"2272\" src=\"https:\/\/homegrade.brussels\/wp-content\/uploads\/2023\/10\/isolation-facade_isolant-thermique_laine-verre.webp\" alt=\"\" class=\"wp-image-19569\" style=\"object-fit:cover\" srcset=\"https:\/\/homegrade.brussels\/wp-content\/uploads\/2023\/10\/isolation-facade_isolant-thermique_laine-verre.webp 1704w, https:\/\/homegrade.brussels\/wp-content\/uploads\/2023\/10\/isolation-facade_isolant-thermique_laine-verre-225x300.webp 225w, https:\/\/homegrade.brussels\/wp-content\/uploads\/2023\/10\/isolation-facade_isolant-thermique_laine-verre-768x1024.webp 768w, https:\/\/homegrade.brussels\/wp-content\/uploads\/2023\/10\/isolation-facade_isolant-thermique_laine-verre-1152x1536.webp 1152w, https:\/\/homegrade.brussels\/wp-content\/uploads\/2023\/10\/isolation-facade_isolant-thermique_laine-verre-1536x2048.webp 1536w\" sizes=\"auto, (max-width: 1704px) 100vw, 1704px\" \/><figcaption class=\"wp-element-caption\">Glaswol \u00a9 <em>Dialoog vzw<\/em><\/figcaption><\/figure>\n<\/div>\n\n\n\n<div class=\"wp-block-column is-layout-flow wp-container-core-column-is-layout-f5bb311e wp-block-column-is-layout-flow\">\n<figure class=\"wp-block-image size-large\"><img loading=\"lazy\" decoding=\"async\" width=\"1024\" height=\"680\" src=\"https:\/\/homegrade.brussels\/wp-content\/uploads\/2023\/10\/isolation-facade_isolant-thermique_polyurethane-1024x680.webp\" alt=\"\" class=\"wp-image-19567\" style=\"aspect-ratio:16\/9;object-fit:cover\" srcset=\"https:\/\/homegrade.brussels\/wp-content\/uploads\/2023\/10\/isolation-facade_isolant-thermique_polyurethane-1024x680.webp 1024w, https:\/\/homegrade.brussels\/wp-content\/uploads\/2023\/10\/isolation-facade_isolant-thermique_polyurethane-300x199.webp 300w, https:\/\/homegrade.brussels\/wp-content\/uploads\/2023\/10\/isolation-facade_isolant-thermique_polyurethane-768x510.webp 768w, https:\/\/homegrade.brussels\/wp-content\/uploads\/2023\/10\/isolation-facade_isolant-thermique_polyurethane-1536x1020.webp 1536w, https:\/\/homegrade.brussels\/wp-content\/uploads\/2023\/10\/isolation-facade_isolant-thermique_polyurethane-2048x1360.webp 2048w\" sizes=\"auto, (max-width: 1024px) 100vw, 1024px\" \/><figcaption class=\"wp-element-caption\">Polyurethaan \u00a9 <em>Recticel<\/em><\/figcaption><\/figure>\n\n\n\n<figure class=\"wp-block-image size-full\"><img loading=\"lazy\" decoding=\"async\" width=\"600\" height=\"395\" src=\"https:\/\/homegrade.brussels\/wp-content\/uploads\/2023\/10\/isolation-facade_isolant-thermique_fibre-bois.webp\" alt=\"\" class=\"wp-image-19565\" style=\"aspect-ratio:16\/9;object-fit:cover\" srcset=\"https:\/\/homegrade.brussels\/wp-content\/uploads\/2023\/10\/isolation-facade_isolant-thermique_fibre-bois.webp 600w, https:\/\/homegrade.brussels\/wp-content\/uploads\/2023\/10\/isolation-facade_isolant-thermique_fibre-bois-300x198.webp 300w\" sizes=\"auto, (max-width: 600px) 100vw, 600px\" \/><figcaption class=\"wp-element-caption\">Houtvezel met hoge densiteit \u00a9 <em>Ecomat<\/em><\/figcaption><\/figure>\n<\/div>\n<\/div>\n\n\n\n<p>De warmtegeleidingsco\u00ebffici\u00ebnt <strong>\u03bb (lambda)<\/strong> en de warmteweerstand <strong>R<\/strong> laten toe om de thermische prestaties van een isolatiemateriaal te beoordelen.<\/p>\n\n\n\n<ul class=\"wp-block-list\">\n<li><strong>\u03bb &#8220;lambda<\/strong>&#8221; (uitgedrukt in W\/mK) kenmerkt het vermogen van een lichaam om warmte te geleiden. Hoe kleiner \u03bb, hoe beter het materiaal isoleert.<\/li>\n\n\n\n<li><strong>R<\/strong> <strong>(uitgedrukt in m\u00b2K\/W)<\/strong> geeft de warmteweerstand weer van een materiaallaag met een bepaalde dikte. Hoe groter R, hoe beter de materiaallaag isoleert.<\/li>\n<\/ul>\n\n\n\n<aside class=\"wp-block-homegrade-content-blocks-aside homegrade-blocks-aside\"><p class=\"aside-content\"><strong>R = d\/\u03bb<\/strong><br><br>De <strong>warmteweerstand R<\/strong> van een isolatielaag is gelijk aan zijn dikte <strong>d<\/strong> (uitgedrukt in meter) gedeeld door zijn warmtegeleidingsco\u00ebffici\u00ebnt <strong>\u03bb<\/strong>.<\/p><\/aside>\n\n\n\n<h3 class=\"wp-block-homegrade-content-blocks-content-heading homegrade-blocks-custom-heading\">Nodige diktes om een minimale energetische prestatie te bereiken: R \u2265 3,5 m\u00b2K\/W<\/h3>\n\n\n\n<figure class=\"wp-block-table\"><table><thead><tr><th>Soort isolatiemateriaal<\/th><th>\u03bb (W\/mK)<\/th><th>e min (cm)<\/th><th>\u03bc sec<\/th><\/tr><\/thead><tbody><tr><td>Ge\u00ebxpandeerd polystyreen of piepschuim (EPS)<\/td><td>0,031 tot 0,045<\/td><td>11 tot 16<\/td><td>60<\/td><\/tr><tr><td>Ge\u00ebxtrudeerd polystyreen (XPS)<\/td><td>0,028 tot 0,038<\/td><td>10 tot 14<\/td><td>300<\/td><\/tr><tr><td>Polyurethaan (PUR \/ PIR)<\/td><td>0,023 tot 0,029<\/td><td>9 tot 11<\/td><td>30<\/td><\/tr><tr><td>Minerale wol<\/td><td>0,031 tot 0,044<\/td><td>11 tot 16<\/td><td>1,2 tot 1,5<\/td><\/tr><tr><td>Kurk<\/td><td>0,032 tot 0,045<\/td><td>12 tot 16<\/td><td>30<\/td><\/tr><tr><td>Cellulosewatten (in bulk of halfhard)<\/td><td>0,037 tot 0,045<\/td><td>13 tot 16<\/td><td>1 tot 2<\/td><\/tr><tr><td>Houtvezels (vormvast)<\/td><td>0,037 tot 0,045<\/td><td>13 tot 16<\/td><td>4<\/td><\/tr><tr><td>Schapenwol<\/td><td>0,035 tot 0,045<\/td><td>13 tot 16<\/td><td>2<\/td><\/tr><\/tbody><\/table><\/figure>\n\n\n\n<section class=\"wp-block-homegrade-content-blocks-highlight homegrade-blocks-highlight homegrade-blocks-highlight--classic\"><div class=\"homegrade-blocks-highlight__content\"><div class=\"icon\"><img decoding=\"async\" class=\"icon__image\" src=\"https:\/\/homegrade.brussels\/wp-content\/plugins\/homegrade-blocks\/blocks\/highlight\/src\/img\/icon_search.svg\" alt=\"\"\/><\/div><div class=\"homegrade-blocks-highlight__content__innerblocks\">\n<p>Vergelijk de technische fiches om in de materiaalcategorie die u hebt gekozen, die met de kleinste <strong><mark class=\"has-inline-color has-isolation-quotidien-color\">\u03bb<\/mark><\/strong> te selecteren.<\/p>\n<\/div><\/div><\/section>\n\n\n\n<p>Voor de <strong>isolatie van muren via de buitenzijde<\/strong> zal het soort isolatiemateriaal afhangen van de gekozen isolatiemethode, die grotendeels voortvloeit uit de keuze van de buitenafwerking.<\/p>\n\n\n\n<p>In geval van een <strong>gevelbekleding op soepele of halfharde isolatie<\/strong> wordt gebruik gemaakt van platen uit houtwol, hennep, vlas, cellulose, gerecycleerd textiel, schapenwol, minerale wol\u2026<\/p>\n\n\n\n<p><strong>Bij de andere isolatiemethodes<\/strong> wordt gebruik gemaakt van een vormvaste isolatie zoals platen uit polyurethaan, ge\u00ebxpandeerd polystyreen, houtvezels met hoge densiteit, kurk\u2026<\/p>\n\n\n\n<p><\/p>\n<\/section>\n\n\n\n<section id=\"post-content-container-19803\" class=\"post-content-container has-custom-anchor\" data-related-id=\"19803\">\n\t<h2 class=\"post-content-container__title\">Wat moet er worden gecontroleerd voordat een muur ge\u00efsoleerd wordt?<\/h2>\n\t\n<div class=\"wp-block-columns is-layout-flex wp-container-core-columns-is-layout-28f84493 wp-block-columns-is-layout-flex\">\n<div class=\"wp-block-column is-layout-flow wp-block-column-is-layout-flow\">\n<p>Alvorens te isoleren moet de muur gecontroleerd worden op het vlak van stabiliteit en gezondheid.<\/p>\n\n\n\n<p>In geval van infiltraties is het van wezenlijk belang om de oorzaak van het vochtprobleem weg te nemen en de muur te laten drogen vooraleer te isoleren.<\/p>\n\n\n\n<p><button data-definition-id=\"19818\" data-tooltip-definition=\"Natuurlijke vochtdoorgang via de funderingen van gebouwen zonder waterdichting.\" data-tooltip-word=\"Opstijgend vocht\" class=\"tooltip-word\">Opstijgend vocht<\/button> wordt over het algemeen aangepakt met behulp van een vochtwering door injectie van <button data-tooltip-definition=\" Producten die geen water absorberen.\" data-definition-id=\"19821\" data-tooltip-word=\"Hydrofobe producten\" class=\"tooltip-word\">hydrofobe producten<\/button> in de muren.<\/p>\n\n\n\n<p>Als de muur voorzien is van een spouw, moet deze aan de boven- en onderkant dichtgemaakt worden om luchtcirculatie te voorkomen.<\/p>\n<\/div>\n\n\n\n<div class=\"wp-block-column is-layout-flow wp-block-column-is-layout-flow\">\n<figure class=\"wp-block-image size-full\"><img loading=\"lazy\" decoding=\"async\" width=\"1024\" height=\"768\" src=\"https:\/\/homegrade.brussels\/wp-content\/uploads\/2025\/11\/isolation-facade_mur-humidite-ascencionelle.webp\" alt=\"\" class=\"wp-image-19192\" srcset=\"https:\/\/homegrade.brussels\/wp-content\/uploads\/2025\/11\/isolation-facade_mur-humidite-ascencionelle.webp 1024w, https:\/\/homegrade.brussels\/wp-content\/uploads\/2025\/11\/isolation-facade_mur-humidite-ascencionelle-300x225.webp 300w, https:\/\/homegrade.brussels\/wp-content\/uploads\/2025\/11\/isolation-facade_mur-humidite-ascencionelle-768x576.webp 768w\" sizes=\"auto, (max-width: 1024px) 100vw, 1024px\" \/><figcaption class=\"wp-element-caption\">Opstijgend vocht \u00a9 <em>BTR<\/em><\/figcaption><\/figure>\n<\/div>\n<\/div>\n<\/section>\n\n\n\n<section id=\"post-content-container-19826\" class=\"post-content-container has-custom-anchor\" data-related-id=\"19826\">\n\t<h2 class=\"post-content-container__title\">Waarom is de binnenpleistering essentieel voordat er ge\u00efsoleerd wordt?<\/h2>\n\t\n<p>De binnenbepleistering verzekert de <button data-tooltip-definition=\"De luchtdichtheid van een gebouwschil definieert het vermogen ervan om de doorgang van lucht van de binnenkant naar de buitenkant van het gebouw te voorkomen en omgekeerd. Het is noodzakelijk om de effectiviteit van de isolatie te garanderen en interne condensatieproblemen in de muren te voorkomen.\" data-definition-id=\"11531\" data-tooltip-word=\"Luchtdichtheid\" class=\"tooltip-word\">luchtdichting<\/button> van de wand. Daarom moet ze ononderbroken geplaatst worden, met inbegrip van de dagkanten van de ramen, waarbij er zorg gedragen moet worden voor de aansluitingen.<\/p>\n\n\n\n<p>Als u de zichtbare bakstenen binnen wil behouden, moet de luchtdichtheid (membraan of bepleistering) aan de warme buitenkant, tussen de muur en de isolatie, aangebracht worden.<\/p>\n\n\n\n<div class=\"wp-block-columns is-layout-flex wp-container-core-columns-is-layout-28f84493 wp-block-columns-is-layout-flex\">\n<div class=\"wp-block-column is-layout-flow wp-block-column-is-layout-flow\">\n<section class=\"wp-block-homegrade-content-blocks-focused-schema homegrade-blocks-focused-schema\"><figure class=\"picture-container\"><img loading=\"lazy\" decoding=\"async\" width=\"2560\" height=\"2027\" src=\"https:\/\/homegrade.brussels\/wp-content\/uploads\/2025\/11\/isolatie-gevel_schema-binnenpleister-scaled.webp\" alt=\"\" class=\"wp-image-19834\" data-description=\"\" data-legend=\"Luchtdichtheid aan de binnenzijde \u00a9 Dialoog vzw\" srcset=\"https:\/\/homegrade.brussels\/wp-content\/uploads\/2025\/11\/isolatie-gevel_schema-binnenpleister-scaled.webp 2560w, https:\/\/homegrade.brussels\/wp-content\/uploads\/2025\/11\/isolatie-gevel_schema-binnenpleister-300x238.webp 300w, https:\/\/homegrade.brussels\/wp-content\/uploads\/2025\/11\/isolatie-gevel_schema-binnenpleister-1024x811.webp 1024w, https:\/\/homegrade.brussels\/wp-content\/uploads\/2025\/11\/isolatie-gevel_schema-binnenpleister-768x608.webp 768w, https:\/\/homegrade.brussels\/wp-content\/uploads\/2025\/11\/isolatie-gevel_schema-binnenpleister-1536x1216.webp 1536w, https:\/\/homegrade.brussels\/wp-content\/uploads\/2025\/11\/isolatie-gevel_schema-binnenpleister-2048x1621.webp 2048w\" sizes=\"auto, (max-width: 2560px) 100vw, 2560px\" \/><div data-focus-bullet-title=\"Buiten\" class=\"homegrade-blocks-focus-point-bullet\" aria-hidden=\"true\" style=\"top:18%;left:12%\" data-postion-x=\"12\" data-postion-y=\"18\"><span class=\"homegrade-blocks-focus-point-bullet__index\">1<\/span><\/div><div data-focus-bullet-title=\"Binnen\" class=\"homegrade-blocks-focus-point-bullet\" aria-hidden=\"true\" style=\"top:18%;left:87%\" data-postion-x=\"87\" data-postion-y=\"18\"><span class=\"homegrade-blocks-focus-point-bullet__index\">2<\/span><\/div><\/figure><figcaption><p class=\"description-legend\"><span class=\"legend\">Luchtdichtheid aan de binnenzijde \u00a9 Dialoog vzw<\/span><\/p><ol>\n<li class=\"wp-block-homegrade-content-blocks-focus-point homegrade-blocks-focus-point-caption\"><span class=\"focus-point-title\">Buiten<\/span><span><\/span><\/li>\n\n\n\n<li class=\"wp-block-homegrade-content-blocks-focus-point homegrade-blocks-focus-point-caption\"><span class=\"focus-point-title\">Binnen<\/span><span><\/span><\/li>\n<\/ol><\/figcaption><\/section>\n<\/div>\n\n\n\n<div class=\"wp-block-column is-layout-flow wp-block-column-is-layout-flow\">\n<section class=\"wp-block-homegrade-content-blocks-focused-schema homegrade-blocks-focused-schema\"><figure class=\"picture-container\"><img loading=\"lazy\" decoding=\"async\" width=\"2560\" height=\"2026\" src=\"https:\/\/homegrade.brussels\/wp-content\/uploads\/2025\/11\/isolatie-gevel_schema-buitenpleister-scaled.webp\" alt=\"\" class=\"wp-image-19836\" data-description=\"\" data-legend=\"Luchtdichtheid aan de buitenzijde \u00a9 Dialoog vzw\" srcset=\"https:\/\/homegrade.brussels\/wp-content\/uploads\/2025\/11\/isolatie-gevel_schema-buitenpleister-scaled.webp 2560w, https:\/\/homegrade.brussels\/wp-content\/uploads\/2025\/11\/isolatie-gevel_schema-buitenpleister-300x237.webp 300w, https:\/\/homegrade.brussels\/wp-content\/uploads\/2025\/11\/isolatie-gevel_schema-buitenpleister-1024x810.webp 1024w, https:\/\/homegrade.brussels\/wp-content\/uploads\/2025\/11\/isolatie-gevel_schema-buitenpleister-768x608.webp 768w, https:\/\/homegrade.brussels\/wp-content\/uploads\/2025\/11\/isolatie-gevel_schema-buitenpleister-1536x1216.webp 1536w, https:\/\/homegrade.brussels\/wp-content\/uploads\/2025\/11\/isolatie-gevel_schema-buitenpleister-2048x1621.webp 2048w\" sizes=\"auto, (max-width: 2560px) 100vw, 2560px\" \/><div data-focus-bullet-title=\"Buiten\" class=\"homegrade-blocks-focus-point-bullet\" aria-hidden=\"true\" style=\"top:18%;left:12%\" data-postion-x=\"12\" data-postion-y=\"18\"><span class=\"homegrade-blocks-focus-point-bullet__index\">1<\/span><\/div><div data-focus-bullet-title=\"Binnen\" class=\"homegrade-blocks-focus-point-bullet\" aria-hidden=\"true\" style=\"top:18%;left:85%\" data-postion-x=\"85\" data-postion-y=\"18\"><span class=\"homegrade-blocks-focus-point-bullet__index\">2<\/span><\/div><\/figure><figcaption><p class=\"description-legend\"><span class=\"legend\">Luchtdichtheid aan de buitenzijde \u00a9 Dialoog vzw<\/span><\/p><ol>\n<li class=\"wp-block-homegrade-content-blocks-focus-point homegrade-blocks-focus-point-caption\"><span class=\"focus-point-title\">Buiten<\/span><span><\/span><\/li>\n\n\n\n<li class=\"wp-block-homegrade-content-blocks-focus-point homegrade-blocks-focus-point-caption\"><span class=\"focus-point-title\">Binnen<\/span><span><\/span><\/li>\n<\/ol><\/figcaption><\/section>\n<\/div>\n<\/div>\n<\/section>\n\n\n\n<section id=\"post-content-container-19844\" class=\"post-content-container has-custom-anchor\" data-related-id=\"19844\">\n\t<h2 class=\"post-content-container__title\">Hoe interne condensatie vermijden via het beheer van waterdamp?<\/h2>\n\t\n<section class=\"wp-block-homegrade-content-blocks-highlight homegrade-blocks-highlight homegrade-blocks-highlight--classic\"><div class=\"homegrade-blocks-highlight__titling \"><div class=\"icon\"><img decoding=\"async\" class=\"icon__image\" src=\"https:\/\/homegrade.brussels\/wp-content\/plugins\/homegrade-blocks\/blocks\/highlight\/src\/img\/icon_info.svg\" alt=\"\"\/><\/div><h3 class=\"homegrade-blocks-highlight__block-title\"><strong>Een muur die naar buiten ademt<\/strong><\/h3><\/div><div class=\"homegrade-blocks-highlight__content\"><div class=\"homegrade-blocks-highlight__content__innerblocks\">\n<p>De dampdichtheid van de verschillende lagen in de muur moet afnemen van binnen naar buiten. Een kleine hoeveelheid vocht dat in een strenge winterperiode door de luchtdichte laag zou kunnen dringen, kan dan naar buiten afgevoerd worden zonder dat er inwendige condensatie ontstaat.<\/p>\n<\/div><\/div><\/section>\n\n\n\n<p>Als er bij renovatie al een isolatie in de spouw aanwezig is of tegen de binnenkant van de muur, en u wil een buitenisolatie toevoegen, dan <strong>moet ze meer waterdampdoorlaatbaar zijn dan de reeds aanwezige isolatie<\/strong>.<\/p>\n\n\n\n<p>Als de buitenisolatie minder dampdoorlatend is, dan moet de warmteweerstand (R-waarde) ervan 1,5 keer groter zijn dan de isolatie meer naar de binnenkant.<br><\/p>\n\n\n\n<div class=\"wp-block-columns is-layout-flex wp-container-core-columns-is-layout-28f84493 wp-block-columns-is-layout-flex\">\n<div class=\"wp-block-column is-layout-flow wp-block-column-is-layout-flow\">\n<h5 class=\"wp-block-heading has-text-align-center\">Buitenisolatie gecombineerd <br>met binnenisolatie<\/h5>\n\n\n\n<section class=\"wp-block-homegrade-content-blocks-focused-schema homegrade-blocks-focused-schema\"><figure class=\"picture-container\"><img loading=\"lazy\" decoding=\"async\" width=\"850\" height=\"579\" src=\"https:\/\/homegrade.brussels\/wp-content\/uploads\/2025\/11\/isolation-facade_isolation-exterieure-combinee-isolation-interieure.webp\" alt=\"\" class=\"wp-image-19277\" data-description=\"\" data-legend=\"\u00a9 Dialoog vzw\" srcset=\"https:\/\/homegrade.brussels\/wp-content\/uploads\/2025\/11\/isolation-facade_isolation-exterieure-combinee-isolation-interieure.webp 850w, https:\/\/homegrade.brussels\/wp-content\/uploads\/2025\/11\/isolation-facade_isolation-exterieure-combinee-isolation-interieure-300x204.webp 300w, https:\/\/homegrade.brussels\/wp-content\/uploads\/2025\/11\/isolation-facade_isolation-exterieure-combinee-isolation-interieure-768x523.webp 768w\" sizes=\"auto, (max-width: 850px) 100vw, 850px\" \/><div data-focus-bullet-title=\"Buitenafwerking\" class=\"homegrade-blocks-focus-point-bullet\" aria-hidden=\"true\" style=\"top:35%;left:20%\" data-postion-x=\"20\" data-postion-y=\"35\"><span class=\"homegrade-blocks-focus-point-bullet__index\">1<\/span><\/div><div data-focus-bullet-title=\"Buitenisolatie\" class=\"homegrade-blocks-focus-point-bullet\" aria-hidden=\"true\" style=\"top:54%;left:28.999999999999996%\" data-postion-x=\"28.999999999999996\" data-postion-y=\"54\"><span class=\"homegrade-blocks-focus-point-bullet__index\">2<\/span><\/div><div data-focus-bullet-title=\"Muur\" class=\"homegrade-blocks-focus-point-bullet\" aria-hidden=\"true\" style=\"top:46%;left:56.00000000000001%\" data-postion-x=\"56.00000000000001\" data-postion-y=\"46\"><span class=\"homegrade-blocks-focus-point-bullet__index\">3<\/span><\/div><div data-focus-bullet-title=\"Binnenisolatie\" class=\"homegrade-blocks-focus-point-bullet\" aria-hidden=\"true\" style=\"top:53%;left:78%\" data-postion-x=\"78\" data-postion-y=\"53\"><span class=\"homegrade-blocks-focus-point-bullet__index\">4<\/span><\/div><div data-focus-bullet-title=\"Binnenbepleistering\" class=\"homegrade-blocks-focus-point-bullet\" aria-hidden=\"true\" style=\"top:35%;left:83%\" data-postion-x=\"83\" data-postion-y=\"35\"><span class=\"homegrade-blocks-focus-point-bullet__index\">5<\/span><\/div><\/figure><figcaption><p class=\"description-legend\"><span class=\"legend\">\u00a9 Dialoog vzw<\/span><\/p><ol>\n<li class=\"wp-block-homegrade-content-blocks-focus-point homegrade-blocks-focus-point-caption\"><span class=\"focus-point-title\">Buitenafwerking<\/span><span><\/span><\/li>\n\n\n\n<li class=\"wp-block-homegrade-content-blocks-focus-point homegrade-blocks-focus-point-caption\"><span class=\"focus-point-title\">Buitenisolatie<\/span><span>Minst dampdoorlatende isolatie met <strong><mark style=\"background-color:rgba(0, 0, 0, 0)\" class=\"has-inline-color has-isolation-quotidien-color\">R1-waarde \u2265 1,5 keer R2-waarde<\/mark><\/strong><\/span><\/li>\n\n\n\n<li class=\"wp-block-homegrade-content-blocks-focus-point homegrade-blocks-focus-point-caption\"><span class=\"focus-point-title\">Muur<\/span><span><\/span><\/li>\n\n\n\n<li class=\"wp-block-homegrade-content-blocks-focus-point homegrade-blocks-focus-point-caption\"><span class=\"focus-point-title\">Binnenisolatie<\/span><span>Meest dampdoorlatende isolatie met <strong>R2<\/strong>-waarde<\/span><\/li>\n\n\n\n<li class=\"wp-block-homegrade-content-blocks-focus-point homegrade-blocks-focus-point-caption\"><span class=\"focus-point-title\">Binnenbepleistering<\/span><span><\/span><\/li>\n<\/ol><\/figcaption><\/section>\n<\/div>\n\n\n\n<div class=\"wp-block-column is-layout-flow wp-block-column-is-layout-flow\">\n<h5 class=\"wp-block-heading has-text-align-center\">Buitenisolatie gecombineerd <br>met isolatie in de spouw<\/h5>\n\n\n\n<section class=\"wp-block-homegrade-content-blocks-focused-schema homegrade-blocks-focused-schema\"><figure class=\"picture-container\"><img loading=\"lazy\" decoding=\"async\" width=\"850\" height=\"579\" src=\"https:\/\/homegrade.brussels\/wp-content\/uploads\/2025\/11\/isolation-facade_isolation-exterieure-combinee-isolation-dans-coulisse.webp\" alt=\"\" class=\"wp-image-19275\" data-description=\"\" data-legend=\"\u00a9 Dialoog vzw\" srcset=\"https:\/\/homegrade.brussels\/wp-content\/uploads\/2025\/11\/isolation-facade_isolation-exterieure-combinee-isolation-dans-coulisse.webp 850w, https:\/\/homegrade.brussels\/wp-content\/uploads\/2025\/11\/isolation-facade_isolation-exterieure-combinee-isolation-dans-coulisse-300x204.webp 300w, https:\/\/homegrade.brussels\/wp-content\/uploads\/2025\/11\/isolation-facade_isolation-exterieure-combinee-isolation-dans-coulisse-768x523.webp 768w\" sizes=\"auto, (max-width: 850px) 100vw, 850px\" \/><div data-focus-bullet-title=\"Buitenafwerking\" class=\"homegrade-blocks-focus-point-bullet\" aria-hidden=\"true\" style=\"top:35%;left:21%\" data-postion-x=\"21\" data-postion-y=\"35\"><span class=\"homegrade-blocks-focus-point-bullet__index\">1<\/span><\/div><div data-focus-bullet-title=\"Buitenisolatie\" class=\"homegrade-blocks-focus-point-bullet\" aria-hidden=\"true\" style=\"top:54%;left:28.999999999999996%\" data-postion-x=\"28.999999999999996\" data-postion-y=\"54\"><span class=\"homegrade-blocks-focus-point-bullet__index\">2<\/span><\/div><div data-focus-bullet-title=\"Bestaand parement\" class=\"homegrade-blocks-focus-point-bullet\" aria-hidden=\"true\" style=\"top:46%;left:43%\" data-postion-x=\"43\" data-postion-y=\"46\"><span class=\"homegrade-blocks-focus-point-bullet__index\">3<\/span><\/div><div data-focus-bullet-title=\"Isolatie in de spouw\" class=\"homegrade-blocks-focus-point-bullet\" aria-hidden=\"true\" style=\"top:59%;left:52%\" data-postion-x=\"52\" data-postion-y=\"59\"><span class=\"homegrade-blocks-focus-point-bullet__index\">4<\/span><\/div><div data-focus-bullet-title=\"Muur\" class=\"homegrade-blocks-focus-point-bullet\" aria-hidden=\"true\" style=\"top:42%;left:69%\" data-postion-x=\"69\" data-postion-y=\"42\"><span class=\"homegrade-blocks-focus-point-bullet__index\">5<\/span><\/div><div data-focus-bullet-title=\"Binnenbepleistering\" class=\"homegrade-blocks-focus-point-bullet\" aria-hidden=\"true\" style=\"top:35%;left:84%\" data-postion-x=\"84\" data-postion-y=\"35\"><span class=\"homegrade-blocks-focus-point-bullet__index\">6<\/span><\/div><\/figure><figcaption><p class=\"description-legend\"><span class=\"legend\">\u00a9 Dialoog vzw<\/span><\/p><ol>\n<li class=\"wp-block-homegrade-content-blocks-focus-point homegrade-blocks-focus-point-caption\"><span class=\"focus-point-title\">Buitenafwerking<\/span><span><\/span><\/li>\n\n\n\n<li class=\"wp-block-homegrade-content-blocks-focus-point homegrade-blocks-focus-point-caption\"><span class=\"focus-point-title\">Buitenisolatie<\/span><span>Minst dampdoorlatende isolatie met <strong><strong><mark style=\"background-color:rgba(0, 0, 0, 0)\" class=\"has-inline-color has-isolation-quotidien-color\">R1-waarde \u2265 1,5 keer R2-waarde<\/mark><\/strong><\/strong><\/span><\/li>\n\n\n\n<li class=\"wp-block-homegrade-content-blocks-focus-point homegrade-blocks-focus-point-caption\"><span class=\"focus-point-title\">Bestaand parement<\/span><span><\/span><\/li>\n\n\n\n<li class=\"wp-block-homegrade-content-blocks-focus-point homegrade-blocks-focus-point-caption\"><span class=\"focus-point-title\">Isolatie in de spouw<\/span><span>Meest dampdoorlatende isolatie met <strong>R2<\/strong>-waarde<\/span><\/li>\n\n\n\n<li class=\"wp-block-homegrade-content-blocks-focus-point homegrade-blocks-focus-point-caption\"><span class=\"focus-point-title\">Muur<\/span><span><\/span><\/li>\n\n\n\n<li class=\"wp-block-homegrade-content-blocks-focus-point homegrade-blocks-focus-point-caption\"><span class=\"focus-point-title\">Binnenbepleistering<\/span><span><\/span><\/li>\n<\/ol><\/figcaption><\/section>\n<\/div>\n<\/div>\n\n\n\n<p><\/p>\n<\/section>\n\n\n\n<section id=\"post-content-container-19864\" class=\"post-content-container has-custom-anchor\" data-related-id=\"19864\">\n\t<h2 class=\"post-content-container__title\">Wat zijn de isolatietechnieken waarbij afwerking en isolatie \u00e9\u00e9n geheel vormen?<\/h2>\n\t\n<p>De vormvaste isolatie wordt rechtstreeks tegen de buitenkant van de muur geplaatst. Ze wordt gelijmd en\/of mechanisch bevestigd. De afwerking in gevelpleister of baksteenstrips wordt aangebracht\/rechtstreeks verkleefd op de isolatie.<\/p>\n\n\n\n<p>Deze methodes zijn vooral geschikt voor complexe gevels met veel details.<\/p>\n\n\n\n<aside class=\"wp-block-homegrade-content-blocks-aside homegrade-blocks-aside\"><p class=\"aside-content\"><strong>De meest gebruikte isolatie is ge\u00ebxpandeerd polystyreen met grafiet (EPS)<\/strong>, omwille van haar goede verhouding prijs\/performanties. Houtvezels met grote dichtheid zijn een vaak gebruikt natuurlijk alternatief. Ze vereisen een dikker isolatiepakket dan polystyreen.<\/p><\/aside>\n\n\n\n<div class=\"wp-block-columns is-layout-flex wp-container-core-columns-is-layout-28f84493 wp-block-columns-is-layout-flex\">\n<div class=\"wp-block-column is-layout-flow wp-block-column-is-layout-flow\" style=\"flex-basis:66.66%\">\n<p>Om de hechting van de isolatie aan de bestaande muur te verzekeren, moet deze proper en niet-absorberend zijn. Als dat niet het geval is, dan is een voorafgaandelijke behandeling nodig.<\/p>\n\n\n\n<p>De pluggen, bedoeld om de koudebrugwerking te minimaliseren, worden door de isolatie heen in de muur vastgezet.<\/p>\n<\/div>\n\n\n\n<div class=\"wp-block-column is-layout-flow wp-block-column-is-layout-flow\" style=\"flex-basis:33.33%\">\n<figure class=\"wp-block-image size-full\"><img loading=\"lazy\" decoding=\"async\" width=\"1000\" height=\"667\" src=\"https:\/\/homegrade.brussels\/wp-content\/uploads\/2025\/11\/isolation-facade_finition-solidaire.webp\" alt=\"\" class=\"wp-image-19307\" srcset=\"https:\/\/homegrade.brussels\/wp-content\/uploads\/2025\/11\/isolation-facade_finition-solidaire.webp 1000w, https:\/\/homegrade.brussels\/wp-content\/uploads\/2025\/11\/isolation-facade_finition-solidaire-300x200.webp 300w, https:\/\/homegrade.brussels\/wp-content\/uploads\/2025\/11\/isolation-facade_finition-solidaire-768x512.webp 768w\" sizes=\"auto, (max-width: 1000px) 100vw, 1000px\" \/><figcaption class=\"wp-element-caption\">\u00a9 <em>CSTC<\/em><\/figcaption><\/figure>\n<\/div>\n<\/div>\n\n\n\n<h3 class=\"wp-block-heading\">Bepleistering op isolatie (ETICS methode)<\/h3>\n\n\n\n<p>De verschillende onderdelen (pleister, vormvaste isolatie, verstevigingselementen, bevestigingswijze\u2026) maken deel uit van \u00e9\u00e9n geheel en moeten ook als dusdanig worden toegepast. Ze moeten van \u00e9\u00e9n fabrikant afkomstig zijn.<\/p>\n\n\n\n<section class=\"wp-block-homegrade-content-blocks-highlight homegrade-blocks-highlight homegrade-blocks-highlight--classic\"><div class=\"homegrade-blocks-highlight__content\"><div class=\"icon\"><img decoding=\"async\" class=\"icon__image\" src=\"https:\/\/homegrade.brussels\/wp-content\/plugins\/homegrade-blocks\/blocks\/highlight\/src\/img\/icon_documentation.svg\" alt=\"\"\/><\/div><div class=\"homegrade-blocks-highlight__content__innerblocks\">\n<h5 class=\"wp-block-homegrade-content-blocks-content-heading homegrade-blocks-custom-heading\"><strong>De technische goedkeuring, een garantie voor conformiteit<\/strong><\/h5>\n\n\n\n<p>De leveranciers van ETICS moeten over een technische goedkeuring (ATG) beschikken voor de materialen en hun toepassing. Vraag ze aan uw aannemer.<\/p>\n<\/div><\/div><\/section>\n\n\n\n<p>De pleister wordt rechtstreeks op de isolatie geplaatst en bestaat uit een basispleister voorzien van een wapeningsnet en een eindlaag. Op de hoeken worden hoekbeschermers geplaatst (in PVC, in aluminium\u2026). Een perfecte uitvoering is noodzakelijk om waterinfiltratie te vermijden.<\/p>\n\n\n\n<p>De pleister, waterdampdoorlatend, <strong>fungeert als wind- en waterdichting.<\/strong><\/p>\n\n\n\n<p>Afhankelijk van het soort pleister en de dikte, zijn verschillende texturen en kleuren mogelijk. Donkere kleuren worden echter weinig gebruikt, omdat ze slecht bestand zijn tegen bezonning. Heel gladde afwerkingen zijn bovendien moeilijk realiseerbaar.<\/p>\n\n\n\n<p>De pleister heeft om de 10 \u00e0 15 jaar onderhoud nodig (reiniging en\/of schilderen) om esthetische redenen (vervuiling).<\/p>\n\n\n\n<div class=\"wp-block-columns is-layout-flex wp-container-core-columns-is-layout-14cf5ab5 wp-block-columns-is-layout-flex\">\n<div class=\"wp-block-column is-layout-flow wp-block-column-is-layout-flow\" style=\"flex-basis:60%\">\n<section class=\"wp-block-homegrade-content-blocks-focused-schema homegrade-blocks-focused-schema\"><figure class=\"picture-container\"><img loading=\"lazy\" decoding=\"async\" width=\"809\" height=\"723\" src=\"https:\/\/homegrade.brussels\/wp-content\/uploads\/2025\/11\/isolation-facade_isolation-facade-par-exterieur-eduit-ethic.webp\" alt=\"\" class=\"wp-image-19095\" data-description=\"\" data-legend=\"\u00a9 Dialoog vzw\" srcset=\"https:\/\/homegrade.brussels\/wp-content\/uploads\/2025\/11\/isolation-facade_isolation-facade-par-exterieur-eduit-ethic.webp 809w, https:\/\/homegrade.brussels\/wp-content\/uploads\/2025\/11\/isolation-facade_isolation-facade-par-exterieur-eduit-ethic-300x268.webp 300w, https:\/\/homegrade.brussels\/wp-content\/uploads\/2025\/11\/isolation-facade_isolation-facade-par-exterieur-eduit-ethic-768x686.webp 768w\" sizes=\"auto, (max-width: 809px) 100vw, 809px\" \/><div data-focus-bullet-title=\"Buitenbepeistering\" class=\"homegrade-blocks-focus-point-bullet\" aria-hidden=\"true\" style=\"top:59%;left:27%\" data-postion-x=\"27\" data-postion-y=\"59\"><span class=\"homegrade-blocks-focus-point-bullet__index\">1<\/span><\/div><div data-focus-bullet-title=\"Vormvaste thermische isolatie\" class=\"homegrade-blocks-focus-point-bullet\" aria-hidden=\"true\" style=\"top:44%;left:40%\" data-postion-x=\"40\" data-postion-y=\"44\"><span class=\"homegrade-blocks-focus-point-bullet__index\">2<\/span><\/div><div data-focus-bullet-title=\"Plug\" class=\"homegrade-blocks-focus-point-bullet\" aria-hidden=\"true\" style=\"top:27%;left:46%\" data-postion-x=\"46\" data-postion-y=\"27\"><span class=\"homegrade-blocks-focus-point-bullet__index\">3<\/span><\/div><div data-focus-bullet-title=\"Muur\" class=\"homegrade-blocks-focus-point-bullet\" aria-hidden=\"true\" style=\"top:41%;left:81%\" data-postion-x=\"81\" data-postion-y=\"41\"><span class=\"homegrade-blocks-focus-point-bullet__index\">4<\/span><\/div><div data-focus-bullet-title=\"Binnenbepleistering\" class=\"homegrade-blocks-focus-point-bullet\" aria-hidden=\"true\" style=\"top:24%;left:92%\" data-postion-x=\"92\" data-postion-y=\"24\"><span class=\"homegrade-blocks-focus-point-bullet__index\">5<\/span><\/div><div data-focus-bullet-title=\"Buiten\" class=\"homegrade-blocks-focus-point-bullet\" aria-hidden=\"true\" style=\"top:80%;left:19%\" data-postion-x=\"19\" data-postion-y=\"80\"><span class=\"homegrade-blocks-focus-point-bullet__index\">6<\/span><\/div><div data-focus-bullet-title=\"Binnen\" class=\"homegrade-blocks-focus-point-bullet\" aria-hidden=\"true\" style=\"top:2%;left:93%\" data-postion-x=\"93\" data-postion-y=\"2\"><span class=\"homegrade-blocks-focus-point-bullet__index\">7<\/span><\/div><\/figure><figcaption><p class=\"description-legend\"><span class=\"legend\">\u00a9 Dialoog vzw<\/span><\/p><ol>\n<li class=\"wp-block-homegrade-content-blocks-focus-point homegrade-blocks-focus-point-caption\"><span class=\"focus-point-title\">Buitenbepeistering<\/span><span><\/span><\/li>\n\n\n\n<li class=\"wp-block-homegrade-content-blocks-focus-point homegrade-blocks-focus-point-caption\"><span class=\"focus-point-title\">Vormvaste thermische isolatie<\/span><span><\/span><\/li>\n\n\n\n<li class=\"wp-block-homegrade-content-blocks-focus-point homegrade-blocks-focus-point-caption\"><span class=\"focus-point-title\">Plug<\/span><span><\/span><\/li>\n\n\n\n<li class=\"wp-block-homegrade-content-blocks-focus-point homegrade-blocks-focus-point-caption\"><span class=\"focus-point-title\">Muur<\/span><span><\/span><\/li>\n\n\n\n<li class=\"wp-block-homegrade-content-blocks-focus-point homegrade-blocks-focus-point-caption\"><span class=\"focus-point-title\">Binnenbepleistering<\/span><span><\/span><\/li>\n\n\n\n<li class=\"wp-block-homegrade-content-blocks-focus-point homegrade-blocks-focus-point-caption\"><span class=\"focus-point-title\">Buiten<\/span><span><\/span><\/li>\n\n\n\n<li class=\"wp-block-homegrade-content-blocks-focus-point homegrade-blocks-focus-point-caption\"><span class=\"focus-point-title\">Binnen<\/span><span><\/span><\/li>\n<\/ol><\/figcaption><\/section>\n<\/div>\n\n\n\n<div class=\"wp-block-column is-layout-flow wp-block-column-is-layout-flow\" style=\"flex-basis:40%\">\n<figure class=\"wp-block-image size-large\"><img loading=\"lazy\" decoding=\"async\" width=\"739\" height=\"1024\" src=\"https:\/\/homegrade.brussels\/wp-content\/uploads\/2025\/11\/isolation-facade_Isolation_enduit-sur-isolant-739x1024.webp\" alt=\"\" class=\"wp-image-19326\" srcset=\"https:\/\/homegrade.brussels\/wp-content\/uploads\/2025\/11\/isolation-facade_Isolation_enduit-sur-isolant-739x1024.webp 739w, https:\/\/homegrade.brussels\/wp-content\/uploads\/2025\/11\/isolation-facade_Isolation_enduit-sur-isolant-216x300.webp 216w, https:\/\/homegrade.brussels\/wp-content\/uploads\/2025\/11\/isolation-facade_Isolation_enduit-sur-isolant-768x1065.webp 768w, https:\/\/homegrade.brussels\/wp-content\/uploads\/2025\/11\/isolation-facade_Isolation_enduit-sur-isolant-1108x1536.webp 1108w, https:\/\/homegrade.brussels\/wp-content\/uploads\/2025\/11\/isolation-facade_Isolation_enduit-sur-isolant-1478x2048.webp 1478w, https:\/\/homegrade.brussels\/wp-content\/uploads\/2025\/11\/isolation-facade_Isolation_enduit-sur-isolant-scaled.webp 1847w\" sizes=\"auto, (max-width: 739px) 100vw, 739px\" \/><figcaption class=\"wp-element-caption\">Bepleistering op EPS-isolatie \u00a9 <em>Julien Pohl<\/em><\/figcaption><\/figure>\n<\/div>\n<\/div>\n\n\n\n<h3 class=\"wp-block-heading\">Afwerking met baksteenstrips<\/h3>\n\n\n\n<p>De baksteenstrips worden verkleefd op de isolatieplaten en vervolgens opgevoegd. Er bestaan ook geprefabriceerde systemen op buitenisolatie (meestal op polyurethaan).<\/p>\n\n\n\n<div class=\"wp-block-columns is-layout-flex wp-container-core-columns-is-layout-28f84493 wp-block-columns-is-layout-flex\">\n<div class=\"wp-block-column is-layout-flow wp-block-column-is-layout-flow\">\n<section class=\"wp-block-homegrade-content-blocks-focused-schema homegrade-blocks-focused-schema\"><figure class=\"picture-container\"><img loading=\"lazy\" decoding=\"async\" width=\"809\" height=\"723\" src=\"https:\/\/homegrade.brussels\/wp-content\/uploads\/2025\/11\/isolation-facade_isolation-facade-par-exterieur-briquettes.webp\" alt=\"\" class=\"wp-image-19093\" data-description=\"\" data-legend=\"\u00a9 Dialoog vzw\" srcset=\"https:\/\/homegrade.brussels\/wp-content\/uploads\/2025\/11\/isolation-facade_isolation-facade-par-exterieur-briquettes.webp 809w, https:\/\/homegrade.brussels\/wp-content\/uploads\/2025\/11\/isolation-facade_isolation-facade-par-exterieur-briquettes-300x268.webp 300w, https:\/\/homegrade.brussels\/wp-content\/uploads\/2025\/11\/isolation-facade_isolation-facade-par-exterieur-briquettes-768x686.webp 768w\" sizes=\"auto, (max-width: 809px) 100vw, 809px\" \/><div data-focus-bullet-title=\"Steenstrips\" class=\"homegrade-blocks-focus-point-bullet\" aria-hidden=\"true\" style=\"top:59%;left:27%\" data-postion-x=\"27\" data-postion-y=\"59\"><span class=\"homegrade-blocks-focus-point-bullet__index\">1<\/span><\/div><div data-focus-bullet-title=\"Vormvaste thermische isolatie\" class=\"homegrade-blocks-focus-point-bullet\" aria-hidden=\"true\" style=\"top:44%;left:40%\" data-postion-x=\"40\" data-postion-y=\"44\"><span class=\"homegrade-blocks-focus-point-bullet__index\">2<\/span><\/div><div data-focus-bullet-title=\"Plug\" class=\"homegrade-blocks-focus-point-bullet\" aria-hidden=\"true\" style=\"top:27%;left:46%\" data-postion-x=\"46\" data-postion-y=\"27\"><span class=\"homegrade-blocks-focus-point-bullet__index\">3<\/span><\/div><div data-focus-bullet-title=\"Muur\" class=\"homegrade-blocks-focus-point-bullet\" aria-hidden=\"true\" style=\"top:41%;left:81%\" data-postion-x=\"81\" data-postion-y=\"41\"><span class=\"homegrade-blocks-focus-point-bullet__index\">4<\/span><\/div><div data-focus-bullet-title=\"Binnenbepleistering\" class=\"homegrade-blocks-focus-point-bullet\" aria-hidden=\"true\" style=\"top:24%;left:92%\" data-postion-x=\"92\" data-postion-y=\"24\"><span class=\"homegrade-blocks-focus-point-bullet__index\">5<\/span><\/div><div data-focus-bullet-title=\"Buiten\" class=\"homegrade-blocks-focus-point-bullet\" aria-hidden=\"true\" style=\"top:79%;left:16%\" data-postion-x=\"16\" data-postion-y=\"79\"><span class=\"homegrade-blocks-focus-point-bullet__index\">6<\/span><\/div><div data-focus-bullet-title=\"binnen\" class=\"homegrade-blocks-focus-point-bullet\" aria-hidden=\"true\" style=\"top:2%;left:85%\" data-postion-x=\"85\" data-postion-y=\"2\"><span class=\"homegrade-blocks-focus-point-bullet__index\">7<\/span><\/div><\/figure><figcaption><p class=\"description-legend\"><span class=\"legend\">\u00a9 Dialoog vzw<\/span><\/p><ol>\n<li class=\"wp-block-homegrade-content-blocks-focus-point homegrade-blocks-focus-point-caption\"><span class=\"focus-point-title\">Steenstrips<\/span><span><\/span><\/li>\n\n\n\n<li class=\"wp-block-homegrade-content-blocks-focus-point homegrade-blocks-focus-point-caption\"><span class=\"focus-point-title\">Vormvaste thermische isolatie<\/span><span><\/span><\/li>\n\n\n\n<li class=\"wp-block-homegrade-content-blocks-focus-point homegrade-blocks-focus-point-caption\"><span class=\"focus-point-title\">Plug<\/span><span><\/span><\/li>\n\n\n\n<li class=\"wp-block-homegrade-content-blocks-focus-point homegrade-blocks-focus-point-caption\"><span class=\"focus-point-title\">Muur<\/span><span><\/span><\/li>\n\n\n\n<li class=\"wp-block-homegrade-content-blocks-focus-point homegrade-blocks-focus-point-caption\"><span class=\"focus-point-title\">Binnenbepleistering<\/span><span><\/span><\/li>\n\n\n\n<li class=\"wp-block-homegrade-content-blocks-focus-point homegrade-blocks-focus-point-caption\"><span class=\"focus-point-title\">Buiten<\/span><span><\/span><\/li>\n\n\n\n<li class=\"wp-block-homegrade-content-blocks-focus-point homegrade-blocks-focus-point-caption\"><span class=\"focus-point-title\">binnen<\/span><span><\/span><\/li>\n<\/ol><\/figcaption><\/section>\n<\/div>\n\n\n\n<div class=\"wp-block-column is-layout-flow wp-block-column-is-layout-flow\">\n<figure class=\"wp-block-image size-full\"><img loading=\"lazy\" decoding=\"async\" width=\"900\" height=\"600\" src=\"https:\/\/homegrade.brussels\/wp-content\/uploads\/2025\/11\/isolation-facade_isolation-facade-briquettes-collees-sur-isolant.webp\" alt=\"\" class=\"wp-image-19345\" srcset=\"https:\/\/homegrade.brussels\/wp-content\/uploads\/2025\/11\/isolation-facade_isolation-facade-briquettes-collees-sur-isolant.webp 900w, https:\/\/homegrade.brussels\/wp-content\/uploads\/2025\/11\/isolation-facade_isolation-facade-briquettes-collees-sur-isolant-300x200.webp 300w, https:\/\/homegrade.brussels\/wp-content\/uploads\/2025\/11\/isolation-facade_isolation-facade-briquettes-collees-sur-isolant-768x512.webp 768w\" sizes=\"auto, (max-width: 900px) 100vw, 900px\" \/><figcaption class=\"wp-element-caption\">Steenstrips gelijmd op isolatie \u00a9 <em>Ecocoon<\/em><\/figcaption><\/figure>\n\n\n\n<figure class=\"wp-block-image size-full\"><img loading=\"lazy\" decoding=\"async\" width=\"902\" height=\"600\" src=\"https:\/\/homegrade.brussels\/wp-content\/uploads\/2025\/11\/isolation-facade_isolation-facade-panneaux-prefabriques.webp\" alt=\"\" class=\"wp-image-19347\" srcset=\"https:\/\/homegrade.brussels\/wp-content\/uploads\/2025\/11\/isolation-facade_isolation-facade-panneaux-prefabriques.webp 902w, https:\/\/homegrade.brussels\/wp-content\/uploads\/2025\/11\/isolation-facade_isolation-facade-panneaux-prefabriques-300x200.webp 300w, https:\/\/homegrade.brussels\/wp-content\/uploads\/2025\/11\/isolation-facade_isolation-facade-panneaux-prefabriques-768x511.webp 768w\" sizes=\"auto, (max-width: 902px) 100vw, 902px\" \/><figcaption class=\"wp-element-caption\">Geprefabriceerde panelen \u00a9 <em>Entrepreneur Verhelst<\/em><\/figcaption><\/figure>\n<\/div>\n<\/div>\n<\/section>\n\n\n\n<section id=\"post-content-container-19883\" class=\"post-content-container has-custom-anchor\" data-related-id=\"19883\">\n\t<h2 class=\"post-content-container__title\">Wat zijn de isolatietechnieken met gevelbekleding?<\/h2>\n\t\n<p>Tussen de isolatie en de gevelbekleding bevindt zich een geventileerde luchtspouw. De gevelbekleding zorgt voor een uitstekende regendichting en kan met een waaier aan gevelafwerkingen gecombineerd worden: hout, gevelpannen, leien, metalen platen\u2026<\/p>\n\n\n\n<p>De uitvoering is afhankelijk van het soort isolatie, vormvast of soepel.<\/p>\n\n\n\n<h3 class=\"wp-block-heading\">Gevelbekleding op soepele of halfharde isolatie<\/h3>\n\n\n\n<div class=\"wp-block-columns is-layout-flex wp-container-core-columns-is-layout-28f84493 wp-block-columns-is-layout-flex\">\n<div class=\"wp-block-column is-layout-flow wp-block-column-is-layout-flow\">\n<p>De isolatie wordt in een houten structuur vastgezet die mechanisch op de bestaande gevel bevestigd wordt (metalen structuren worden afgeraden). Om de koudebruggen ter hoogte van deze structuur te beperken, wordt aanbevolen deze te verdubbelen om de isolatie in twee lagen te plaatsen, de ene verticaal en de andere horizontaal.<\/p>\n\n\n\n<p>Op de structuur wordt met behulp van latten een regen-en windscherm bevestigd. Op deze latten (verticaal geplaatst om eventueel water naar beneden af te voeren) wordt de gevelbekleding bevestigd. Bij verticale ori\u00ebntatie van de gevelbekleding en in geval van gevelpannen of leien, moeten bijkomende horizontale latten geplaatst worden.<\/p>\n\n\n\n<aside class=\"wp-block-homegrade-content-blocks-aside homegrade-blocks-aside\"><p class=\"aside-content\"><mark class=\"has-inline-color has-isolation-quotidien-color\"><strong>De meest gebruikte isolatie is minerale wol omwille van zijn lage kostprijs<\/strong>. <\/mark>Houtwol en hennep zijn plantaardige alternatieven die soms tegen dezelfde prijs verkrijgbaar zijn.<\/p><\/aside>\n<\/div>\n\n\n\n<div class=\"wp-block-column is-layout-flow wp-block-column-is-layout-flow\">\n<section class=\"wp-block-homegrade-content-blocks-focused-schema homegrade-blocks-focused-schema\"><figure class=\"picture-container\"><img loading=\"lazy\" decoding=\"async\" width=\"809\" height=\"723\" src=\"https:\/\/homegrade.brussels\/wp-content\/uploads\/2025\/11\/isolation-facade_isolation-facade-par-exterieur-bardage-isolant-souple-semi-rigide.webp\" alt=\"\" class=\"wp-image-19091\" data-description=\"\" data-legend=\"\u00a9 Dialoog vzw\" srcset=\"https:\/\/homegrade.brussels\/wp-content\/uploads\/2025\/11\/isolation-facade_isolation-facade-par-exterieur-bardage-isolant-souple-semi-rigide.webp 809w, https:\/\/homegrade.brussels\/wp-content\/uploads\/2025\/11\/isolation-facade_isolation-facade-par-exterieur-bardage-isolant-souple-semi-rigide-300x268.webp 300w, https:\/\/homegrade.brussels\/wp-content\/uploads\/2025\/11\/isolation-facade_isolation-facade-par-exterieur-bardage-isolant-souple-semi-rigide-768x686.webp 768w\" sizes=\"auto, (max-width: 809px) 100vw, 809px\" \/><div data-focus-bullet-title=\"Gevelbekleding\" class=\"homegrade-blocks-focus-point-bullet\" aria-hidden=\"true\" style=\"top:49%;left:17%\" data-postion-x=\"17\" data-postion-y=\"49\"><span class=\"homegrade-blocks-focus-point-bullet__index\">1<\/span><\/div><div data-focus-bullet-title=\"Luchtlaag \/ Belatting\" class=\"homegrade-blocks-focus-point-bullet\" aria-hidden=\"true\" style=\"top:56.00000000000001%;left:42%\" data-postion-x=\"42\" data-postion-y=\"56.00000000000001\"><span class=\"homegrade-blocks-focus-point-bullet__index\">2<\/span><\/div><div data-focus-bullet-title=\"Regen -en winddichting\" class=\"homegrade-blocks-focus-point-bullet\" aria-hidden=\"true\" style=\"top:47%;left:56.00000000000001%\" data-postion-x=\"56.00000000000001\" data-postion-y=\"47\"><span class=\"homegrade-blocks-focus-point-bullet__index\">3<\/span><\/div><div data-focus-bullet-title=\"Structuur \/ thermische isolatie in twee lagen\" class=\"homegrade-blocks-focus-point-bullet\" aria-hidden=\"true\" style=\"top:32%;left:65%\" data-postion-x=\"65\" data-postion-y=\"32\"><span class=\"homegrade-blocks-focus-point-bullet__index\">4<\/span><\/div><div data-focus-bullet-title=\"Muur\" class=\"homegrade-blocks-focus-point-bullet\" aria-hidden=\"true\" style=\"top:28.000000000000004%;left:83%\" data-postion-x=\"83\" data-postion-y=\"28.000000000000004\"><span class=\"homegrade-blocks-focus-point-bullet__index\">5<\/span><\/div><div data-focus-bullet-title=\"Binnenbepleistering\" class=\"homegrade-blocks-focus-point-bullet\" aria-hidden=\"true\" style=\"top:39%;left:90%\" data-postion-x=\"90\" data-postion-y=\"39\"><span class=\"homegrade-blocks-focus-point-bullet__index\">6<\/span><\/div><\/figure><figcaption><p class=\"description-legend\"><span class=\"legend\">\u00a9 Dialoog vzw<\/span><\/p><ol>\n<li class=\"wp-block-homegrade-content-blocks-focus-point homegrade-blocks-focus-point-caption\"><span class=\"focus-point-title\">Gevelbekleding<\/span><span><\/span><\/li>\n\n\n\n<li class=\"wp-block-homegrade-content-blocks-focus-point homegrade-blocks-focus-point-caption\"><span class=\"focus-point-title\">Luchtlaag \/ Belatting<\/span><span><\/span><\/li>\n\n\n\n<li class=\"wp-block-homegrade-content-blocks-focus-point homegrade-blocks-focus-point-caption\"><span class=\"focus-point-title\">Regen -en winddichting<\/span><span><\/span><\/li>\n\n\n\n<li class=\"wp-block-homegrade-content-blocks-focus-point homegrade-blocks-focus-point-caption\"><span class=\"focus-point-title\">Structuur \/ thermische isolatie in twee lagen<\/span><span><\/span><\/li>\n\n\n\n<li class=\"wp-block-homegrade-content-blocks-focus-point homegrade-blocks-focus-point-caption\"><span class=\"focus-point-title\">Muur<\/span><span><\/span><\/li>\n\n\n\n<li class=\"wp-block-homegrade-content-blocks-focus-point homegrade-blocks-focus-point-caption\"><span class=\"focus-point-title\">Binnenbepleistering<\/span><span><\/span><\/li>\n<\/ol><\/figcaption><\/section>\n<\/div>\n<\/div>\n\n\n\n<div class=\"wp-block-columns is-layout-flex wp-container-core-columns-is-layout-28f84493 wp-block-columns-is-layout-flex\">\n<div class=\"wp-block-column is-layout-flow wp-block-column-is-layout-flow\">\n<p><strong>De regen- en winddichtheid<\/strong> <strong>wordt verzekerd door een materiaal dat vanbuiten tegen de isolatie wordt geplaatst.<\/strong> Dit materiaal moet dampdoorlatend zijn (\u00b5<sub>d<\/sub> \u2264 0,5 m).<\/p>\n\n\n\n<p>Het kan gaan om folies of (gebitumineerde of gelatexeerde) houtvezelplaten. De winddichtheid wordt verzekerd met behulp van kleefband ter hoogte van de naden tussen de folies.<\/p>\n\n\n\n<p>Houtvezelplaten zijn duurder maar hebben als voordeel dat ze een minimale isolatiewaarde hebben. Zo vormen ze een ononderbroken isolatielaag rond de muren, waardoor ze de invloed van de onderbrekingen in de isolatie ter hoogte van de hulpstructuur verminderen.<\/p>\n<\/div>\n\n\n\n<div class=\"wp-block-column is-layout-flow wp-block-column-is-layout-flow\">\n<figure class=\"wp-block-image size-full\"><img loading=\"lazy\" decoding=\"async\" width=\"800\" height=\"600\" src=\"https:\/\/homegrade.brussels\/wp-content\/uploads\/2025\/11\/isolation-facade_bardage-souple-semi-rigide.webp\" alt=\"\" class=\"wp-image-19388\" srcset=\"https:\/\/homegrade.brussels\/wp-content\/uploads\/2025\/11\/isolation-facade_bardage-souple-semi-rigide.webp 800w, https:\/\/homegrade.brussels\/wp-content\/uploads\/2025\/11\/isolation-facade_bardage-souple-semi-rigide-300x225.webp 300w, https:\/\/homegrade.brussels\/wp-content\/uploads\/2025\/11\/isolation-facade_bardage-souple-semi-rigide-768x576.webp 768w\" sizes=\"auto, (max-width: 800px) 100vw, 800px\" \/><figcaption class=\"wp-element-caption\">\u00a9 Pavatex<\/figcaption><\/figure>\n<\/div>\n<\/div>\n\n\n\n<h3 class=\"wp-block-heading\">Gevelbekleding op vormvaste isolatie<\/h3>\n\n\n\n<div class=\"wp-block-columns is-layout-flex wp-container-core-columns-is-layout-28f84493 wp-block-columns-is-layout-flex\">\n<div class=\"wp-block-column is-layout-flow wp-block-column-is-layout-flow\">\n<p>De gevelbekleding wordt bevestigd op latten (verticaal geplaatst om water te laten aflopen), die op hun beurt door de isolatie heen in de muur met vijzen zijn vastgezet. Bij deze methode is de isolatielaag ononderbroken (op de puntkoudebruggen na veroorzaakt door de vijzen).<\/p>\n\n\n\n<aside class=\"wp-block-homegrade-content-blocks-aside homegrade-blocks-aside\"><p class=\"aside-content\"><strong><mark class=\"has-inline-color has-isolation-quotidien-color\">De meest gebruikte isolatie is polyurethaan <\/mark><\/strong>omwille van de goede verhouding kostprijs\/prestaties. Houtwol met hoge dichtheid is een vaak toegepast plantaardig alternatief maar het vereist een dikker isolatiepakket dan polyurethaan.<\/p><\/aside>\n\n\n\n<p><br><\/p>\n\n\n\n<p>De wijze van bevestigen is identiek aan die van de isolatiemethode waarbij afwerking en isolatie \u00e9\u00e9n geheel vormen. Dit wordt volgens de instructies van de fabrikant uitgevoerd.<\/p>\n\n\n\n<p><strong>De regen- en winddichting<\/strong> wordt vaak verzekerd door een folie die op voorhand op de isolatie is bevestigd. Anders wordt deze verzekerd door een soepele folie of (gebitumineerde of gelatexeerde) houtvezelplaten geplaatst op de isolatie aan de buitenkant.<\/p>\n\n\n\n<p>Kleefband vervolledigt het systeem.<\/p>\n<\/div>\n\n\n\n<div class=\"wp-block-column is-layout-flow wp-block-column-is-layout-flow\">\n<section class=\"wp-block-homegrade-content-blocks-focused-schema homegrade-blocks-focused-schema\"><figure class=\"picture-container\"><img loading=\"lazy\" decoding=\"async\" width=\"809\" height=\"723\" src=\"https:\/\/homegrade.brussels\/wp-content\/uploads\/2025\/11\/isolation-facade_isolation-facade-par-exterieur-bardage-isolant-rigide.webp\" alt=\"\" class=\"wp-image-19089\" data-description=\"\" data-legend=\"\u00a9 Dialoog vzw\" srcset=\"https:\/\/homegrade.brussels\/wp-content\/uploads\/2025\/11\/isolation-facade_isolation-facade-par-exterieur-bardage-isolant-rigide.webp 809w, https:\/\/homegrade.brussels\/wp-content\/uploads\/2025\/11\/isolation-facade_isolation-facade-par-exterieur-bardage-isolant-rigide-300x268.webp 300w, https:\/\/homegrade.brussels\/wp-content\/uploads\/2025\/11\/isolation-facade_isolation-facade-par-exterieur-bardage-isolant-rigide-768x686.webp 768w\" sizes=\"auto, (max-width: 809px) 100vw, 809px\" \/><div data-focus-bullet-title=\"Gevelbekleding\" class=\"homegrade-blocks-focus-point-bullet\" aria-hidden=\"true\" style=\"top:56.99999999999999%;left:32%\" data-postion-x=\"32\" data-postion-y=\"56.99999999999999\"><span class=\"homegrade-blocks-focus-point-bullet__index\">1<\/span><\/div><div data-focus-bullet-title=\"Luchtlaag \/ Belatting\" class=\"homegrade-blocks-focus-point-bullet\" aria-hidden=\"true\" style=\"top:38%;left:49%\" data-postion-x=\"49\" data-postion-y=\"38\"><span class=\"homegrade-blocks-focus-point-bullet__index\">2<\/span><\/div><div data-focus-bullet-title=\"Regen- en winddichting\" class=\"homegrade-blocks-focus-point-bullet\" aria-hidden=\"true\" style=\"top:28.999999999999996%;left:57.99999999999999%\" data-postion-x=\"57.99999999999999\" data-postion-y=\"28.999999999999996\"><span class=\"homegrade-blocks-focus-point-bullet__index\">3<\/span><\/div><div data-focus-bullet-title=\"Vormvaste termische isolatie in twee lagen\" class=\"homegrade-blocks-focus-point-bullet\" aria-hidden=\"true\" style=\"top:38%;left:67%\" data-postion-x=\"67\" data-postion-y=\"38\"><span class=\"homegrade-blocks-focus-point-bullet__index\">4<\/span><\/div><div data-focus-bullet-title=\"Muur\" class=\"homegrade-blocks-focus-point-bullet\" aria-hidden=\"true\" style=\"top:32%;left:78%\" data-postion-x=\"78\" data-postion-y=\"32\"><span class=\"homegrade-blocks-focus-point-bullet__index\">5<\/span><\/div><div data-focus-bullet-title=\"Binnenbepleistering\" class=\"homegrade-blocks-focus-point-bullet\" aria-hidden=\"true\" style=\"top:37%;left:90%\" data-postion-x=\"90\" data-postion-y=\"37\"><span class=\"homegrade-blocks-focus-point-bullet__index\">6<\/span><\/div><div data-focus-bullet-title=\"Buiten\" class=\"homegrade-blocks-focus-point-bullet\" aria-hidden=\"true\" style=\"top:80%;left:13%\" data-postion-x=\"13\" data-postion-y=\"80\"><span class=\"homegrade-blocks-focus-point-bullet__index\">7<\/span><\/div><div data-focus-bullet-title=\"Binnen\" class=\"homegrade-blocks-focus-point-bullet\" aria-hidden=\"true\" style=\"top:2%;left:90%\" data-postion-x=\"90\" data-postion-y=\"2\"><span class=\"homegrade-blocks-focus-point-bullet__index\">8<\/span><\/div><\/figure><figcaption><p class=\"description-legend\"><span class=\"legend\">\u00a9 Dialoog vzw<\/span><\/p><ol>\n<li class=\"wp-block-homegrade-content-blocks-focus-point homegrade-blocks-focus-point-caption\"><span class=\"focus-point-title\">Gevelbekleding<\/span><span><\/span><\/li>\n\n\n\n<li class=\"wp-block-homegrade-content-blocks-focus-point homegrade-blocks-focus-point-caption\"><span class=\"focus-point-title\">Luchtlaag \/ Belatting<\/span><span><\/span><\/li>\n\n\n\n<li class=\"wp-block-homegrade-content-blocks-focus-point homegrade-blocks-focus-point-caption\"><span class=\"focus-point-title\">Regen- en winddichting<\/span><span><\/span><\/li>\n\n\n\n<li class=\"wp-block-homegrade-content-blocks-focus-point homegrade-blocks-focus-point-caption\"><span class=\"focus-point-title\">Vormvaste termische isolatie in twee lagen<\/span><span><\/span><\/li>\n\n\n\n<li class=\"wp-block-homegrade-content-blocks-focus-point homegrade-blocks-focus-point-caption\"><span class=\"focus-point-title\">Muur<\/span><span><\/span><\/li>\n\n\n\n<li class=\"wp-block-homegrade-content-blocks-focus-point homegrade-blocks-focus-point-caption\"><span class=\"focus-point-title\">Binnenbepleistering<\/span><span><\/span><\/li>\n\n\n\n<li class=\"wp-block-homegrade-content-blocks-focus-point homegrade-blocks-focus-point-caption\"><span class=\"focus-point-title\">Buiten<\/span><span><\/span><\/li>\n\n\n\n<li class=\"wp-block-homegrade-content-blocks-focus-point homegrade-blocks-focus-point-caption\"><span class=\"focus-point-title\">Binnen<\/span><span><\/span><\/li>\n<\/ol><\/figcaption><\/section>\n<\/div>\n<\/div>\n\n\n\n<div class=\"wp-block-columns is-layout-flex wp-container-core-columns-is-layout-28f84493 wp-block-columns-is-layout-flex\">\n<div class=\"wp-block-column is-layout-flow wp-block-column-is-layout-flow\">\n<figure class=\"wp-block-image size-full\"><img loading=\"lazy\" decoding=\"async\" width=\"630\" height=\"630\" src=\"https:\/\/homegrade.brussels\/wp-content\/uploads\/2025\/11\/isolation-facade_bardage-isolant-rigide-2.webp\" alt=\"\" class=\"wp-image-19406\" style=\"aspect-ratio:3\/4;object-fit:cover\" srcset=\"https:\/\/homegrade.brussels\/wp-content\/uploads\/2025\/11\/isolation-facade_bardage-isolant-rigide-2.webp 630w, https:\/\/homegrade.brussels\/wp-content\/uploads\/2025\/11\/isolation-facade_bardage-isolant-rigide-2-300x300.webp 300w, https:\/\/homegrade.brussels\/wp-content\/uploads\/2025\/11\/isolation-facade_bardage-isolant-rigide-2-150x150.webp 150w\" sizes=\"auto, (max-width: 630px) 100vw, 630px\" \/><figcaption class=\"wp-element-caption\">\u00a9 <em>Dialoog vzw<\/em><\/figcaption><\/figure>\n<\/div>\n\n\n\n<div class=\"wp-block-column is-layout-flow wp-block-column-is-layout-flow\">\n<figure class=\"wp-block-image size-full\"><img loading=\"lazy\" decoding=\"async\" width=\"620\" height=\"827\" src=\"https:\/\/homegrade.brussels\/wp-content\/uploads\/2025\/11\/isolation-facade_bardage-isolant-rigide-1.webp\" alt=\"\" class=\"wp-image-19404\" style=\"aspect-ratio:0.75;object-fit:cover\" srcset=\"https:\/\/homegrade.brussels\/wp-content\/uploads\/2025\/11\/isolation-facade_bardage-isolant-rigide-1.webp 620w, https:\/\/homegrade.brussels\/wp-content\/uploads\/2025\/11\/isolation-facade_bardage-isolant-rigide-1-225x300.webp 225w\" sizes=\"auto, (max-width: 620px) 100vw, 620px\" \/><figcaption class=\"wp-element-caption\">\u00a9 <em>Wienerberger<\/em><\/figcaption><\/figure>\n<\/div>\n\n\n\n<div class=\"wp-block-column is-layout-flow wp-block-column-is-layout-flow\">\n<figure class=\"wp-block-image size-large\"><img loading=\"lazy\" decoding=\"async\" width=\"768\" height=\"1024\" src=\"https:\/\/homegrade.brussels\/wp-content\/uploads\/2025\/11\/isolation-facade_bardage-isolant-rigide-3-768x1024.webp\" alt=\"\" class=\"wp-image-19408\" style=\"aspect-ratio:3\/4;object-fit:cover\" srcset=\"https:\/\/homegrade.brussels\/wp-content\/uploads\/2025\/11\/isolation-facade_bardage-isolant-rigide-3-768x1024.webp 768w, https:\/\/homegrade.brussels\/wp-content\/uploads\/2025\/11\/isolation-facade_bardage-isolant-rigide-3-225x300.webp 225w, https:\/\/homegrade.brussels\/wp-content\/uploads\/2025\/11\/isolation-facade_bardage-isolant-rigide-3.webp 922w\" sizes=\"auto, (max-width: 768px) 100vw, 768px\" \/><figcaption class=\"wp-element-caption\">\u00a9 <em>Dialoog vzw<\/em><\/figcaption><\/figure>\n<\/div>\n<\/div>\n\n\n\n<p><\/p>\n<\/section>\n\n\n\n<section id=\"post-content-container-4917\" class=\"post-content-container has-custom-anchor\" data-related-id=\"4917\">\n\t<h2 class=\"post-content-container__title\">Waar moet op gelet worden bij het isoleren van de gevel via de buitenzijde?<\/h2>\n\t\n<p>De continu\u00efteit tussen de isolatie van de muur en die van het dak, de vloer en de andere elementen die het <button data-definition-id=\"19909\" data-tooltip-definition=\"Volume dat alle ruimtes in het gebouw omvat die direct of indirect verwarmd of gekoeld worden. Het wordtafgebakenddoordewandenincontactmetdebuitenomgevingen\/ofincontactmetdegrondofniet verwarmde volumes. \" data-tooltip-word=\"Beschermde volume\" class=\"tooltip-word\">beschermde volume<\/button> afbakenen, is essentieel om koudebruggen te vermijden. Voldoende aandacht moet gaan naar de uitvoering van deze details.<\/p>\n\n\n\n<p>De aansluitingen die hieronder worden voorgesteld, zijn van toepassing op alle isolatiemethodes.<\/p>\n\n\n\n<div class=\"wp-block-columns is-layout-flex wp-container-core-columns-is-layout-28f84493 wp-block-columns-is-layout-flex\">\n<div class=\"wp-block-column is-layout-flow wp-block-column-is-layout-flow\" style=\"flex-basis:66.66%\">\n<h3 class=\"wp-block-homegrade-content-blocks-content-heading homegrade-blocks-custom-heading\">Aansluiting tussen muur en plat dak<\/h3>\n\n\n\n<p>De continu\u00efteit van de isolatie wordt verzekerd door de <button data-definition-id=\"4919\" data-tooltip-definition=\"Verlenging van de gevelmuur boven het niveau van het dak.\" data-tooltip-word=\"Opgaande dakrand\" class=\"tooltip-word\">opgaande dakrand<\/button> te bekleden met thermische isolatie of door gebruik te maken van een isolerend bouwblok, zoals cellenbeton.<\/p>\n\n\n\n<p>De aansluitingen moeten zo ontworpen zijn dat waterinfiltratie wordt voorkomen.<\/p>\n<\/div>\n\n\n\n<div class=\"wp-block-column is-layout-flow wp-block-column-is-layout-flow\" style=\"flex-basis:33.33%\">\n<figure class=\"wp-block-image size-full\"><img loading=\"lazy\" decoding=\"async\" width=\"561\" height=\"508\" src=\"https:\/\/homegrade.brussels\/wp-content\/uploads\/2023\/10\/continuite-isolation-facades.jpg\" alt=\"Sch\u00e9ma : continuit\u00e9 de l\u2019isolant assur\u00e9e par une isolation thermique couvrant le mur de l\u2019acrot\u00e8re\" class=\"wp-image-1863\" srcset=\"https:\/\/homegrade.brussels\/wp-content\/uploads\/2023\/10\/continuite-isolation-facades.jpg 561w, https:\/\/homegrade.brussels\/wp-content\/uploads\/2023\/10\/continuite-isolation-facades-300x272.jpg 300w\" sizes=\"auto, (max-width: 561px) 100vw, 561px\" \/><figcaption class=\"wp-element-caption\">Continu\u00efteit van de isolatie verzekerd door een thermische isolatie die de opgaande dakrand bekleedt.<\/figcaption><\/figure>\n<\/div>\n<\/div>\n\n\n\n<h3 class=\"wp-block-homegrade-content-blocks-content-heading homegrade-blocks-custom-heading\">Aansluiting tussen de muur en het hellend dak<\/h3>\n\n\n\n<p>Bij de isolatie van het dak kan op de latere isolatie van de muren van buitenaf worden geanticipeerd door dak- en kroonlijstoversteken aan te brengen.<\/p>\n\n\n\n<div class=\"wp-block-columns is-layout-flex wp-container-core-columns-is-layout-cbe57604 wp-block-columns-is-layout-flex\">\n<div class=\"wp-block-column is-layout-flow wp-block-column-is-layout-flow\">\n<figure class=\"wp-block-image size-full is-resized\"><img loading=\"lazy\" decoding=\"async\" width=\"359\" height=\"225\" src=\"https:\/\/homegrade.brussels\/wp-content\/uploads\/2023\/10\/Acr397541228492801737842-copie.webp\" alt=\"\" class=\"wp-image-19430\" style=\"width:468px;height:auto\" srcset=\"https:\/\/homegrade.brussels\/wp-content\/uploads\/2023\/10\/Acr397541228492801737842-copie.webp 359w, https:\/\/homegrade.brussels\/wp-content\/uploads\/2023\/10\/Acr397541228492801737842-copie-300x188.webp 300w\" sizes=\"auto, (max-width: 359px) 100vw, 359px\" \/><figcaption class=\"wp-element-caption\">Sarkingdak met dakoversteek \u00a9 G. <em>Demey<\/em><\/figcaption><\/figure>\n<\/div>\n\n\n\n<div class=\"wp-block-column is-layout-flow wp-block-column-is-layout-flow\">\n<figure class=\"wp-block-image size-full is-resized\"><img loading=\"lazy\" decoding=\"async\" width=\"428\" height=\"610\" src=\"https:\/\/homegrade.brussels\/wp-content\/uploads\/2023\/10\/raccord-isolation-mur-facade.jpg\" alt=\"Anticipation de l\u2019isolation ult\u00e9rieure des murs par l\u2019ext\u00e9rieur en pr\u00e9voyant des d\u00e9bordements de toit et de corniches.\" class=\"wp-image-1869\" style=\"aspect-ratio:1;object-fit:cover;width:468px;height:auto\" srcset=\"https:\/\/homegrade.brussels\/wp-content\/uploads\/2023\/10\/raccord-isolation-mur-facade.jpg 428w, https:\/\/homegrade.brussels\/wp-content\/uploads\/2023\/10\/raccord-isolation-mur-facade-210x300.jpg 210w\" sizes=\"auto, (max-width: 428px) 100vw, 428px\" \/><figcaption class=\"wp-element-caption\">Sarkingdak met dakoversteek \u00a9 Buildwise<\/figcaption><\/figure>\n<\/div>\n<\/div>\n\n\n\n<h3 class=\"wp-block-homegrade-content-blocks-content-heading homegrade-blocks-custom-heading\">Aansluiting op de muurvoet<\/h3>\n\n\n\n<p>De gevelisolatie wordt vanaf 30 cm boven de begane grond geplaatst.<\/p>\n\n\n\n<p>Ter hoogte van de muurvoet wordt een vochtbestendig isolatiemateriaal geplaatst (cellenglas, ge\u00ebxtrudeerd polystyreen\u2026). Deze isolatie wordt doorgetrokken tot op voldoende diepte om de koudebrug te beperken (1m is een veiligheidsdiepte).<\/p>\n\n\n\n<p>Boven de begane grond wordt de isolatie beschermd door een schokbestendig materiaal (geschikte mortel, blauwe hardsteen\u2026).<\/p>\n\n\n\n<p>Hiervoor moeten de funderingen vrijgemaakt worden en de muur waterdicht gemaakt met een bitumineuze coating of een dichtingsmembraan (bijvoorbeeld EPDM\u2026).<\/p>\n\n\n\n<p>Wanneer de vloerplaat ge\u00efsoleerd wordt, sluiten de muur- en vloerisolatie niet op elkaar aan. Daarom moet de weglengte tussen de binnen- en buitenomgeving (op onderstaande tekeningen weergegeven met de groene lijn) minstens 1 meter bedragen om een koudebrug te vermijden.<\/p>\n\n\n\n<div class=\"wp-block-columns is-layout-flex wp-container-core-columns-is-layout-28f84493 wp-block-columns-is-layout-flex\">\n<div class=\"wp-block-column is-layout-flow wp-block-column-is-layout-flow\">\n<h5 class=\"wp-block-heading has-text-align-center\">Vloerplaat op grond<\/h5>\n\n\n\n<section class=\"wp-block-homegrade-content-blocks-focused-schema homegrade-blocks-focused-schema\"><figure class=\"picture-container\"><img loading=\"lazy\" decoding=\"async\" width=\"1293\" height=\"1464\" src=\"https:\/\/homegrade.brussels\/wp-content\/uploads\/2023\/10\/isolation-facade_raccord-pied-mur-1.webp\" alt=\"\" class=\"wp-image-19449\" data-description=\"\" data-legend=\"\u00a9 Dialoog vzw\" srcset=\"https:\/\/homegrade.brussels\/wp-content\/uploads\/2023\/10\/isolation-facade_raccord-pied-mur-1.webp 1293w, https:\/\/homegrade.brussels\/wp-content\/uploads\/2023\/10\/isolation-facade_raccord-pied-mur-1-265x300.webp 265w, https:\/\/homegrade.brussels\/wp-content\/uploads\/2023\/10\/isolation-facade_raccord-pied-mur-1-904x1024.webp 904w, https:\/\/homegrade.brussels\/wp-content\/uploads\/2023\/10\/isolation-facade_raccord-pied-mur-1-768x870.webp 768w\" sizes=\"auto, (max-width: 1293px) 100vw, 1293px\" \/><div data-focus-bullet-title=\"Vochtbestendige isolatie\" class=\"homegrade-blocks-focus-point-bullet\" aria-hidden=\"true\" style=\"top:16%;left:34%\" data-postion-x=\"34\" data-postion-y=\"16\"><span class=\"homegrade-blocks-focus-point-bullet__index\">1<\/span><\/div><div data-focus-bullet-title=\"Schokvast materiaal\" class=\"homegrade-blocks-focus-point-bullet\" aria-hidden=\"true\" style=\"top:28.000000000000004%;left:28.999999999999996%\" data-postion-x=\"28.999999999999996\" data-postion-y=\"28.000000000000004\"><span class=\"homegrade-blocks-focus-point-bullet__index\">2<\/span><\/div><div data-focus-bullet-title=\"Lengte \u2265 1 meter\" class=\"homegrade-blocks-focus-point-bullet\" aria-hidden=\"true\" style=\"top:54%;left:28.999999999999996%\" data-postion-x=\"28.999999999999996\" data-postion-y=\"54\"><span class=\"homegrade-blocks-focus-point-bullet__index\">3<\/span><\/div><div data-focus-bullet-title=\"Grond\" class=\"homegrade-blocks-focus-point-bullet\" aria-hidden=\"true\" style=\"top:69%;left:19%\" data-postion-x=\"19\" data-postion-y=\"69\"><span class=\"homegrade-blocks-focus-point-bullet__index\">4<\/span><\/div><div data-focus-bullet-title=\"Grond\" class=\"homegrade-blocks-focus-point-bullet\" aria-hidden=\"true\" style=\"top:69%;left:77%\" data-postion-x=\"77\" data-postion-y=\"69\"><span class=\"homegrade-blocks-focus-point-bullet__index\">5<\/span><\/div><\/figure><figcaption><p class=\"description-legend\"><span class=\"legend\">\u00a9 Dialoog vzw<\/span><\/p><ol>\n<li class=\"wp-block-homegrade-content-blocks-focus-point homegrade-blocks-focus-point-caption\"><span class=\"focus-point-title\">Vochtbestendige isolatie<\/span><span><\/span><\/li>\n\n\n\n<li class=\"wp-block-homegrade-content-blocks-focus-point homegrade-blocks-focus-point-caption\"><span class=\"focus-point-title\">Schokvast materiaal<\/span><span><\/span><\/li>\n\n\n\n<li class=\"wp-block-homegrade-content-blocks-focus-point homegrade-blocks-focus-point-caption\"><span class=\"focus-point-title\">Lengte \u2265 1 meter<\/span><span><\/span><\/li>\n\n\n\n<li class=\"wp-block-homegrade-content-blocks-focus-point homegrade-blocks-focus-point-caption\"><span class=\"focus-point-title\">Grond<\/span><span><\/span><\/li>\n\n\n\n<li class=\"wp-block-homegrade-content-blocks-focus-point homegrade-blocks-focus-point-caption\"><span class=\"focus-point-title\">Grond<\/span><span><\/span><\/li>\n<\/ol><\/figcaption><\/section>\n<\/div>\n\n\n\n<div class=\"wp-block-column is-layout-flow wp-block-column-is-layout-flow\">\n<h5 class=\"wp-block-heading has-text-align-center\">Vloerplaat boven kelder<\/h5>\n\n\n\n<section class=\"wp-block-homegrade-content-blocks-focused-schema homegrade-blocks-focused-schema\"><figure class=\"picture-container\"><img loading=\"lazy\" decoding=\"async\" width=\"1294\" height=\"1464\" src=\"https:\/\/homegrade.brussels\/wp-content\/uploads\/2023\/10\/gevelisolatie_aansluiting-muurvoet-2.webp\" alt=\"\" class=\"wp-image-21191\" data-description=\"\" data-legend=\"\u00a9 Dialoog vzw\" srcset=\"https:\/\/homegrade.brussels\/wp-content\/uploads\/2023\/10\/gevelisolatie_aansluiting-muurvoet-2.webp 1294w, https:\/\/homegrade.brussels\/wp-content\/uploads\/2023\/10\/gevelisolatie_aansluiting-muurvoet-2-265x300.webp 265w, https:\/\/homegrade.brussels\/wp-content\/uploads\/2023\/10\/gevelisolatie_aansluiting-muurvoet-2-905x1024.webp 905w, https:\/\/homegrade.brussels\/wp-content\/uploads\/2023\/10\/gevelisolatie_aansluiting-muurvoet-2-768x869.webp 768w\" sizes=\"auto, (max-width: 1294px) 100vw, 1294px\" \/><div data-focus-bullet-title=\"Vochtbestendige isolatie\" class=\"homegrade-blocks-focus-point-bullet\" aria-hidden=\"true\" style=\"top:16%;left:34%\" data-postion-x=\"34\" data-postion-y=\"16\"><span class=\"homegrade-blocks-focus-point-bullet__index\">1<\/span><\/div><div data-focus-bullet-title=\"Schokvast materiaal\" class=\"homegrade-blocks-focus-point-bullet\" aria-hidden=\"true\" style=\"top:28.000000000000004%;left:28.999999999999996%\" data-postion-x=\"28.999999999999996\" data-postion-y=\"28.000000000000004\"><span class=\"homegrade-blocks-focus-point-bullet__index\">2<\/span><\/div><div data-focus-bullet-title=\"Lengte \u2265 1 meter\" class=\"homegrade-blocks-focus-point-bullet\" aria-hidden=\"true\" style=\"top:54%;left:28.999999999999996%\" data-postion-x=\"28.999999999999996\" data-postion-y=\"54\"><span class=\"homegrade-blocks-focus-point-bullet__index\">3<\/span><\/div><div data-focus-bullet-title=\"Grond\" class=\"homegrade-blocks-focus-point-bullet\" aria-hidden=\"true\" style=\"top:69%;left:19%\" data-postion-x=\"19\" data-postion-y=\"69\"><span class=\"homegrade-blocks-focus-point-bullet__index\">4<\/span><\/div><div data-focus-bullet-title=\"Kelder\" class=\"homegrade-blocks-focus-point-bullet\" aria-hidden=\"true\" style=\"top:69%;left:87%\" data-postion-x=\"87\" data-postion-y=\"69\"><span class=\"homegrade-blocks-focus-point-bullet__index\">5<\/span><\/div><\/figure><figcaption><p class=\"description-legend\"><span class=\"legend\">\u00a9 Dialoog vzw<\/span><\/p><ol>\n<li class=\"wp-block-homegrade-content-blocks-focus-point homegrade-blocks-focus-point-caption\"><span class=\"focus-point-title\">Vochtbestendige isolatie<\/span><span><\/span><\/li>\n\n\n\n<li class=\"wp-block-homegrade-content-blocks-focus-point homegrade-blocks-focus-point-caption\"><span class=\"focus-point-title\">Schokvast materiaal<\/span><span><\/span><\/li>\n\n\n\n<li class=\"wp-block-homegrade-content-blocks-focus-point homegrade-blocks-focus-point-caption\"><span class=\"focus-point-title\">Lengte \u2265 1 meter<\/span><span><\/span><\/li>\n\n\n\n<li class=\"wp-block-homegrade-content-blocks-focus-point homegrade-blocks-focus-point-caption\"><span class=\"focus-point-title\">Grond<\/span><span><\/span><\/li>\n\n\n\n<li class=\"wp-block-homegrade-content-blocks-focus-point homegrade-blocks-focus-point-caption\"><span class=\"focus-point-title\">Kelder<\/span><span><\/span><\/li>\n<\/ol><\/figcaption><\/section>\n<\/div>\n<\/div>\n\n\n\n<h3 class=\"wp-block-homegrade-content-blocks-content-heading homegrade-blocks-custom-heading\">Aansluitingen in geval van de isolatie van een zijgevel<\/h3>\n\n\n\n<div class=\"wp-block-columns is-layout-flex wp-container-core-columns-is-layout-28f84493 wp-block-columns-is-layout-flex\">\n<div class=\"wp-block-column is-layout-flow wp-block-column-is-layout-flow\">\n<p>Het is aan te raden om een zijgevel gelegen boven een aanpalend dak via de buitenzijde te isoleren. Indien de ruimte onder het dak van de buren niet ge\u00efsoleerd is, dan zal de muur aanvullend ook aan de binnenzijde ge\u00efsoleerd moeten worden, tot op het niveau van de zoldervloer van de buren. Wanneer de te renoveren woning verder komt dan het aanpalend gebouw, is de toestemming van de buur nodig om de uitspringende muur te isoleren. <\/p>\n\n\n\n<p>Deze laatste kan vragen dat de isolatie op<br>een bepaalde hoogte (bijvoorbeeld vanaf 2 meter) boven de begane grond wordt geplaatst om het binnendringen van zijn eigendom te beperken.<\/p>\n\n\n\n<p>In dat geval wordt de isolatie via de buitenkant idealiter aangevuld met een binnenisolatie, met een voldoende overlapping van meestal 1 m, tussen de binnen- en buitenisolatie.<\/p>\n\n\n\n<p>De isolatie, zelfs gedeeltelijk, van de gevel verbetert de thermische prestaties van de woning. Als er echter condensatieproblemen zijn op de muur voordat deze ge\u00efsoleerd wordt, zal het condensatieverschijnsel blijven bestaan op de niet-ge\u00efsoleerde plaatsen. Het verschijnsel zal hierdoor niet toenemen.<\/p>\n<\/div>\n\n\n\n<div class=\"wp-block-column is-layout-flow wp-block-column-is-layout-flow\">\n<figure class=\"wp-block-image size-full\"><img loading=\"lazy\" decoding=\"async\" width=\"700\" height=\"525\" src=\"https:\/\/homegrade.brussels\/wp-content\/uploads\/2023\/10\/isolation-facade-raccord-mur-lateral-uniroof.webp\" alt=\"\" class=\"wp-image-19465\" style=\"aspect-ratio:3\/2;object-fit:cover\" srcset=\"https:\/\/homegrade.brussels\/wp-content\/uploads\/2023\/10\/isolation-facade-raccord-mur-lateral-uniroof.webp 700w, https:\/\/homegrade.brussels\/wp-content\/uploads\/2023\/10\/isolation-facade-raccord-mur-lateral-uniroof-300x225.webp 300w\" sizes=\"auto, (max-width: 700px) 100vw, 700px\" \/><figcaption class=\"wp-element-caption\">\u00a9 Uniroof<\/figcaption><\/figure>\n\n\n\n<section class=\"wp-block-homegrade-content-blocks-focused-schema homegrade-blocks-focused-schema\"><figure class=\"picture-container\"><img loading=\"lazy\" decoding=\"async\" width=\"2458\" height=\"2560\" src=\"https:\/\/homegrade.brussels\/wp-content\/uploads\/2023\/10\/isolation-facade_raccord-mur-lateral-1-scaled.webp\" alt=\"\" class=\"wp-image-19472\" data-description=\"\" data-legend=\"\" srcset=\"https:\/\/homegrade.brussels\/wp-content\/uploads\/2023\/10\/isolation-facade_raccord-mur-lateral-1-scaled.webp 2458w, https:\/\/homegrade.brussels\/wp-content\/uploads\/2023\/10\/isolation-facade_raccord-mur-lateral-1-288x300.webp 288w, https:\/\/homegrade.brussels\/wp-content\/uploads\/2023\/10\/isolation-facade_raccord-mur-lateral-1-983x1024.webp 983w, https:\/\/homegrade.brussels\/wp-content\/uploads\/2023\/10\/isolation-facade_raccord-mur-lateral-1-768x800.webp 768w, https:\/\/homegrade.brussels\/wp-content\/uploads\/2023\/10\/isolation-facade_raccord-mur-lateral-1-1475x1536.webp 1475w, https:\/\/homegrade.brussels\/wp-content\/uploads\/2023\/10\/isolation-facade_raccord-mur-lateral-1-1966x2048.webp 1966w\" sizes=\"auto, (max-width: 2458px) 100vw, 2458px\" \/><div data-focus-bullet-title=\"Isolatie\" class=\"homegrade-blocks-focus-point-bullet\" aria-hidden=\"true\" style=\"top:41%;left:52%\" data-postion-x=\"52\" data-postion-y=\"41\"><span class=\"homegrade-blocks-focus-point-bullet__index\">1<\/span><\/div><div data-focus-bullet-title=\"2 m\" class=\"homegrade-blocks-focus-point-bullet\" aria-hidden=\"true\" style=\"top:67%;left:54%\" data-postion-x=\"54\" data-postion-y=\"67\"><span class=\"homegrade-blocks-focus-point-bullet__index\">2<\/span><\/div><div data-focus-bullet-title=\"Gemene\" class=\"homegrade-blocks-focus-point-bullet\" aria-hidden=\"true\" style=\"top:90%;left:68%\" data-postion-x=\"68\" data-postion-y=\"90\"><span class=\"homegrade-blocks-focus-point-bullet__index\">3<\/span><\/div><\/figure><figcaption><p class=\"description-legend\"><\/p><ol>\n<li class=\"wp-block-homegrade-content-blocks-focus-point homegrade-blocks-focus-point-caption\"><span class=\"focus-point-title\">Isolatie<\/span><span><\/span><\/li>\n\n\n\n<li class=\"wp-block-homegrade-content-blocks-focus-point homegrade-blocks-focus-point-caption\"><span class=\"focus-point-title\">2 m<\/span><span><\/span><\/li>\n\n\n\n<li class=\"wp-block-homegrade-content-blocks-focus-point homegrade-blocks-focus-point-caption\"><span class=\"focus-point-title\">Gemene<\/span><span><\/span><\/li>\n<\/ol><\/figcaption><\/section>\n<\/div>\n<\/div>\n\n\n\n<div class=\"wp-block-columns is-layout-flex wp-container-core-columns-is-layout-28f84493 wp-block-columns-is-layout-flex\">\n<div class=\"wp-block-column is-layout-flow wp-block-column-is-layout-flow\"><\/div>\n\n\n\n<div class=\"wp-block-column is-layout-flow wp-block-column-is-layout-flow\"><\/div>\n<\/div>\n\n\n<a class=\"post-card post-card--isolatie\" href=\"https:\/\/homegrade.brussels\/nl\/fiches-infos\/isolatie-van-een-gemene-muur-langs-de-buitenzijde-te-volgen-stappen-en-te-nemen-voorzorgsmaatregelen\/\" target=\"_self\">\n\n\t<img decoding=\"async\" class=\"post-card__cover post-card__cover--fiches-infos\" src=\"https:\/\/homegrade.brussels\/wp-content\/uploads\/2023\/05\/Homegrade_Pictogrammes_RVB_isolation-XL.svg\" alt=\"\">\n\n\t<div class=\"post-card__details\">\n\t\t<div class=\"post-card__tags\">\n\t\t\t\t\t\t\t<div class=\"tag thematique-tag thematique-tag--isolatie\">Isolatie<\/div>\n\t\t\t\t\t\t<div class=\"tag post-type-tag\">Fiches info<\/div>\n\t\t<\/div>\n\t\t<h2 class=\"post-card__title\">Isolatie van een gemene muur langs de buitenzijde \u2013 te volgen stappen en te nemen voorzorgsmaatregelen<\/h2>\n\t\t\t\t<p><\/p>\n\t<\/div>\n<\/a>\n\n\n<h3 class=\"wp-block-homegrade-content-blocks-content-heading homegrade-blocks-custom-heading\">Aansluiting met rookgasafvoeren<\/h3>\n\n\n\n<div class=\"wp-block-columns is-layout-flex wp-container-core-columns-is-layout-28f84493 wp-block-columns-is-layout-flex\">\n<div class=\"wp-block-column is-layout-flow wp-block-column-is-layout-flow\">\n<p>Omdat ze rookgassen op hoge temperatuur naar buiten afvoeren, moet er aandacht besteed worden aan de doorvoer van rookgasafvoeren door de gevel, om het risico op brand te vermijden. Een onbrandbaar isolatiemateriaal, bijvoorbeeld minerale wol, wordt rond de buis geplaatst<br>(Europese brandreactieklasse A1 of A2-s1d0).<\/p>\n\n\n\n<p>Meestal echter is de bestaande buis niet lang genoeg voor de ge\u00efsoleerde muur, en wordt ze vervangen.<\/p>\n<\/div>\n\n\n\n<div class=\"wp-block-column is-layout-flow wp-block-column-is-layout-flow\">\n<section class=\"wp-block-homegrade-content-blocks-focused-schema homegrade-blocks-focused-schema\"><figure class=\"picture-container\"><img loading=\"lazy\" decoding=\"async\" width=\"726\" height=\"733\" src=\"https:\/\/homegrade.brussels\/wp-content\/uploads\/2023\/10\/isolation-facade_raccord-conduit-fumee.webp\" alt=\"\" class=\"wp-image-19482\" data-description=\"\" data-legend=\"\" srcset=\"https:\/\/homegrade.brussels\/wp-content\/uploads\/2023\/10\/isolation-facade_raccord-conduit-fumee.webp 726w, https:\/\/homegrade.brussels\/wp-content\/uploads\/2023\/10\/isolation-facade_raccord-conduit-fumee-297x300.webp 297w, https:\/\/homegrade.brussels\/wp-content\/uploads\/2023\/10\/isolation-facade_raccord-conduit-fumee-150x150.webp 150w\" sizes=\"auto, (max-width: 726px) 100vw, 726px\" \/><div data-focus-bullet-title=\"Onbrandbare isolatie\" class=\"homegrade-blocks-focus-point-bullet\" aria-hidden=\"true\" style=\"top:10%;left:28.000000000000004%\" data-postion-x=\"28.000000000000004\" data-postion-y=\"10\"><span class=\"homegrade-blocks-focus-point-bullet__index\">1<\/span><\/div><div data-focus-bullet-title=\"Verwarmings ketel\" class=\"homegrade-blocks-focus-point-bullet\" aria-hidden=\"true\" style=\"top:59%;left:79%\" data-postion-x=\"79\" data-postion-y=\"59\"><span class=\"homegrade-blocks-focus-point-bullet__index\">2<\/span><\/div><\/figure><figcaption><p class=\"description-legend\"><\/p><ol>\n<li class=\"wp-block-homegrade-content-blocks-focus-point homegrade-blocks-focus-point-caption\"><span class=\"focus-point-title\">Onbrandbare isolatie<\/span><span><\/span><\/li>\n\n\n\n<li class=\"wp-block-homegrade-content-blocks-focus-point homegrade-blocks-focus-point-caption\"><span class=\"focus-point-title\">Verwarmings ketel<\/span><span><\/span><\/li>\n<\/ol><\/figcaption><\/section>\n<\/div>\n<\/div>\n\n\n\n<h3 class=\"wp-block-homegrade-content-blocks-content-heading homegrade-blocks-custom-heading\">Aansluiting met de vensterramen en deurlijsten<\/h3>\n\n\n\n<p>Om koudebruggen tussen het schrijnwerk en de muurisolatie te vermijden moet de isolatie ononderbroken van de muur tot aan het raam zijn. De bestaande dorpel, meestal in blauwe hardsteen, wordt verwijderd of in het vlak van de gevel gezaagd en er wordt een nieuwe dorpel geplaatst op een drukvaste isolatie (bijvoorbeeld cellenglas). Deze nieuwe diepere dorpel (de muur is dikker geworden) is vaak in aluminium, wat de uitvoering vereenvoudigt.<\/p>\n\n\n\n<p>De isolatie ter hoogte van de dagkanten is meestal minder dik dan op de muur, zeker als de ramen niet vervangen zijn. Er wordt gestreefd naar een zo hoog mogelijke dikte, afhankelijk van de configuratie.<\/p>\n\n\n\n<div class=\"wp-block-columns is-layout-flex wp-container-core-columns-is-layout-28f84493 wp-block-columns-is-layout-flex\">\n<div class=\"wp-block-column is-layout-flow wp-block-column-is-layout-flow\">\n<figure class=\"wp-block-image size-full\"><img loading=\"lazy\" decoding=\"async\" width=\"536\" height=\"782\" src=\"https:\/\/homegrade.brussels\/wp-content\/uploads\/2023\/10\/isolation-facade_raccord-chassis-fenetre-porte-1.webp\" alt=\"\" class=\"wp-image-19493\" srcset=\"https:\/\/homegrade.brussels\/wp-content\/uploads\/2023\/10\/isolation-facade_raccord-chassis-fenetre-porte-1.webp 536w, https:\/\/homegrade.brussels\/wp-content\/uploads\/2023\/10\/isolation-facade_raccord-chassis-fenetre-porte-1-206x300.webp 206w\" sizes=\"auto, (max-width: 536px) 100vw, 536px\" \/><figcaption class=\"wp-element-caption\">Koudebruggen veroorzaakt door de dorpel in blauwe hardsteen, die werd behouden \u00a9 <em>Dialoog vzw<\/em><\/figcaption><\/figure>\n<\/div>\n\n\n\n<div class=\"wp-block-column is-layout-flow wp-block-column-is-layout-flow\">\n<figure class=\"wp-block-image size-full\"><img loading=\"lazy\" decoding=\"async\" width=\"536\" height=\"782\" src=\"https:\/\/homegrade.brussels\/wp-content\/uploads\/2023\/10\/isolation-facade_raccord-chassis-fenetre-porte-2.webp\" alt=\"\" class=\"wp-image-19495\" srcset=\"https:\/\/homegrade.brussels\/wp-content\/uploads\/2023\/10\/isolation-facade_raccord-chassis-fenetre-porte-2.webp 536w, https:\/\/homegrade.brussels\/wp-content\/uploads\/2023\/10\/isolation-facade_raccord-chassis-fenetre-porte-2-206x300.webp 206w\" sizes=\"auto, (max-width: 536px) 100vw, 536px\" \/><figcaption class=\"wp-element-caption\">Verwijderen van de bestaande dorpel en doortrekken van de isolatie \u00a9 <em>Dialoog vzw<\/em><\/figcaption><\/figure>\n<\/div>\n<\/div>\n\n\n\n<p>Het is beter om de ramen te vervangen gelijktijdig met het isoleren van de gevel. Op die manier kan de aansluiting gemakkelijk uitgevoerd worden, zowel op vlak van isolatie als op vlak van luchtdichtheid. Het raam kan dan ook tegen de metselwerkmuur aan de buitenkant worden geplaatst (excentrische plaatsing), waardoor het zich in het verlengde van de isolatie bevindt.<\/p>\n\n\n\n<div class=\"wp-block-columns is-layout-flex wp-container-core-columns-is-layout-28f84493 wp-block-columns-is-layout-flex\">\n<div class=\"wp-block-column is-layout-flow wp-block-column-is-layout-flow\">\n<figure class=\"wp-block-image size-full is-resized\"><img loading=\"lazy\" decoding=\"async\" width=\"463\" height=\"557\" src=\"https:\/\/homegrade.brussels\/wp-content\/uploads\/2023\/10\/raccord-isolation-chassis-facade.jpg\" alt=\"Une fen\u00eatre peut \u00eatre d\u00e9plac\u00e9e et se trouver dans la continuit\u00e9 de l\u2019isolant.\" class=\"wp-image-1867\" style=\"aspect-ratio:0.75;object-fit:cover;width:463px;height:auto\" srcset=\"https:\/\/homegrade.brussels\/wp-content\/uploads\/2023\/10\/raccord-isolation-chassis-facade.jpg 463w, https:\/\/homegrade.brussels\/wp-content\/uploads\/2023\/10\/raccord-isolation-chassis-facade-249x300.jpg 249w\" sizes=\"auto, (max-width: 463px) 100vw, 463px\" \/><figcaption class=\"wp-element-caption\">\u00a9 <em>Buildwise<\/em><\/figcaption><\/figure>\n<\/div>\n\n\n\n<div class=\"wp-block-column is-layout-flow wp-block-column-is-layout-flow\">\n<figure class=\"wp-block-image size-full\"><img loading=\"lazy\" decoding=\"async\" width=\"456\" height=\"814\" src=\"https:\/\/homegrade.brussels\/wp-content\/uploads\/2023\/10\/isolation-facade_fenetre-deplacee-applique-mur.webp\" alt=\"\" class=\"wp-image-19501\" style=\"aspect-ratio:3\/4;object-fit:contain\" srcset=\"https:\/\/homegrade.brussels\/wp-content\/uploads\/2023\/10\/isolation-facade_fenetre-deplacee-applique-mur.webp 456w, https:\/\/homegrade.brussels\/wp-content\/uploads\/2023\/10\/isolation-facade_fenetre-deplacee-applique-mur-168x300.webp 168w\" sizes=\"auto, (max-width: 456px) 100vw, 456px\" \/><figcaption class=\"wp-element-caption\">Raam geplaatst tegen de metselwerkmuur aan de buitenkant<br>\u00a9 <em>Dialoog vzw<\/em><\/figcaption><\/figure>\n<\/div>\n<\/div>\n<\/section>\n\n\n\n<section id=\"post-content-container-19941\" class=\"post-content-container has-custom-anchor\" data-related-id=\"19941\">\n\t<h2 class=\"post-content-container__title\">Hoe isolatie en binnenluchtkwaliteit combineren?<\/h2>\n\t\n<p>Om goede prestaties op het vlak van thermisch comfort en energiebesparingen te realiseren en tegelijk een <strong>goede luchtkwaliteit<\/strong> te verzekeren, moet een woning niet alleen ge\u00efsoleerd worden maar ook <strong>goed luchtdicht<\/strong> afgewerkt zijn en uitgerust met een <strong>gecontroleerde ventilatie<\/strong>.<\/p>\n\n\n\n<section class=\"wp-block-homegrade-content-blocks-highlight homegrade-blocks-highlight homegrade-blocks-highlight--classic\"><div class=\"homegrade-blocks-highlight__titling \"><div class=\"icon\"><img decoding=\"async\" class=\"icon__image\" src=\"https:\/\/homegrade.brussels\/wp-content\/plugins\/homegrade-blocks\/blocks\/highlight\/src\/img\/icon_key.svg\" alt=\"\"\/><\/div><h3 class=\"homegrade-blocks-highlight__block-title\"><strong><strong>Essenti\u00eble ventilatie<\/strong><\/strong><\/h3><\/div><div class=\"homegrade-blocks-highlight__content\"><div class=\"homegrade-blocks-highlight__content__innerblocks\">\n<p>Ventilatie zorgt voor zuurstof en verse lucht en voert CO2, vochtige lucht, vervuiling en geurtjes af, om zo de kwaliteit van de binnenlucht te verzekeren. Ventilatie is noodzakelijk voor de gezondheid van de bewoners en van het gebouw.<\/p>\n<\/div><\/div><\/section>\n\n\n\n<figure class=\"wp-block-image size-large\"><img loading=\"lazy\" decoding=\"async\" width=\"1024\" height=\"820\" src=\"https:\/\/homegrade.brussels\/wp-content\/uploads\/2025\/12\/Isolation_Plateforme-Maison-passive_NL-2-1024x820.webp\" alt=\"Isolatie, luchtdichtheid en gecontroleerde ventilatie zijn onlosmakelijk met elkaar verbonden.\" class=\"wp-image-21941\" srcset=\"https:\/\/homegrade.brussels\/wp-content\/uploads\/2025\/12\/Isolation_Plateforme-Maison-passive_NL-2-1024x820.webp 1024w, https:\/\/homegrade.brussels\/wp-content\/uploads\/2025\/12\/Isolation_Plateforme-Maison-passive_NL-2-300x240.webp 300w, https:\/\/homegrade.brussels\/wp-content\/uploads\/2025\/12\/Isolation_Plateforme-Maison-passive_NL-2-768x615.webp 768w, https:\/\/homegrade.brussels\/wp-content\/uploads\/2025\/12\/Isolation_Plateforme-Maison-passive_NL-2.webp 1373w\" sizes=\"auto, (max-width: 1024px) 100vw, 1024px\" \/><figcaption class=\"wp-element-caption\">Isolatie, luchtdichtheid en gecontroleerde ventilatie zijn onlosmakelijk met elkaar verbonden <br>\u00a9 Kennisplatform Energieneutraal Bouwen<br><\/figcaption><\/figure>\n\n\n\n<p>Het condensatieverschijnsel op de wanden die naar buiten uitgeven wordt over het algemeen be\u00efnvloed door een vochtig binnenklimaat. Om condensatieproblemen te vermijden, is het belangrijk om het huis te ventileren, maar ook de productie van waterdamp te beperken en de kamers voldoende te verwarmen.<\/p>\n\n\n<a class=\"post-card post-card--gezondheid-veiligheid-hygiene\" href=\"https:\/\/homegrade.brussels\/nl\/brochures\/gezondheid-veiligheid\/ventilatie-woning-renoveren\/\" target=\"_blank\">\n\n\t<img decoding=\"async\" class=\"post-card__cover post-card__cover--brochures\" src=\"https:\/\/homegrade.brussels\/wp-content\/uploads\/2024\/06\/homegrade-picto_sante-securite-XL.svg\" alt=\"\">\n\n\t<div class=\"post-card__details\">\n\t\t<div class=\"post-card__tags\">\n\t\t\t\t\t\t\t<div class=\"tag thematique-tag thematique-tag--gezondheid-veiligheid-hygiene\">Gezondheid, veiligheid en hygi\u00ebne<\/div>\n\t\t\t\t\t\t<div class=\"tag post-type-tag\">Brochures<\/div>\n\t\t<\/div>\n\t\t<h2 class=\"post-card__title\">Ventilatie (gezondheid en veiligheid)<\/h2>\n\t\t\t\t\t<p>Voor meer informatie, lees onze brochure \u201cVentilatie van een te renoveren woning\u201d.<\/p>\n\t\t\t\t<p><\/p>\n\t<\/div>\n<\/a><\/section>\n\n\n\n<section id=\"post-content-container-19952\" class=\"post-content-container has-custom-anchor\" data-related-id=\"19952\">\n\t<h2 class=\"post-content-container__title\">Welke brandweerstandseisen gelden voor gevels?<\/h2>\n\t\n<p>Gevelstructuurelementen zoals dragend metselwerk moeten een E60 brandweerstand hebben (vlamdichtheid gedurende 60 minuten).<\/p>\n\n\n\n<div class=\"wp-block-columns is-layout-flex wp-container-core-columns-is-layout-28f84493 wp-block-columns-is-layout-flex\">\n<div class=\"wp-block-column is-layout-flow wp-block-column-is-layout-flow\">\n<p>Momenteel zijn er geen eisen inzake gevelisolatie. Om de mogelijke verspreiding van brand op de gevel van gebouwen met brandbare isolatie te beperken, beveelt de DBDMH echter aan voor:<\/p>\n\n\n\n<ul class=\"wp-block-list\">\n<li><strong><mark class=\"has-inline-color has-isolation-quotidien-color\">Gebouwen met een gemiddelde hoogte:<\/mark><\/strong> gebouwen met een gemiddelde hoogte (tussen 10 en 36 m hoog), oplossingen op basis van regelmatige onderbreking van de brandbare isolatie (in het geval van ETICS of gelijmde steenstrips) of van de spouw (in het geval van een gevelbekleding met gevelbebording).<\/li>\n\n\n\n<li><strong><mark class=\"has-inline-color has-isolation-quotidien-color\">Hoge gebouwen:<\/mark><\/strong> zeer hoge gebouwen (hoger dan 36 m) moeten voor alle gevelelementen (inclusief isolatie) onbrandbare materialen (klasse A2-s3, d1) worden gebruikt.<\/li>\n\n\n\n<li><strong><mark class=\"has-inline-color has-isolation-quotidien-color\">Lage gebouwen:<\/mark><\/strong> lage gebouwen (minder dan 10 m hoog) zoals eengezinswoningen bestaan er geen specifieke aanbevelingen.<\/li>\n<\/ul>\n<\/div>\n\n\n\n<div class=\"wp-block-column is-layout-flow wp-block-column-is-layout-flow\">\n<figure class=\"wp-block-image size-large\"><img loading=\"lazy\" decoding=\"async\" width=\"1024\" height=\"975\" src=\"https:\/\/homegrade.brussels\/wp-content\/uploads\/2025\/11\/isolation-facade_prevention-incendie-1024x975.webp\" alt=\"\" class=\"wp-image-19546\" srcset=\"https:\/\/homegrade.brussels\/wp-content\/uploads\/2025\/11\/isolation-facade_prevention-incendie-1024x975.webp 1024w, https:\/\/homegrade.brussels\/wp-content\/uploads\/2025\/11\/isolation-facade_prevention-incendie-300x286.webp 300w, https:\/\/homegrade.brussels\/wp-content\/uploads\/2025\/11\/isolation-facade_prevention-incendie-768x731.webp 768w, https:\/\/homegrade.brussels\/wp-content\/uploads\/2025\/11\/isolation-facade_prevention-incendie.webp 1285w\" sizes=\"auto, (max-width: 1024px) 100vw, 1024px\" \/><figcaption class=\"wp-element-caption\">Aanbeveling voor een gebouw van gemiddelde hoogte : stroken uit rotswol van 200 mm hoog aan de gevelvoet en per bouwlaag \u00a9 <em>Buildwise<\/em><\/figcaption><\/figure>\n<\/div>\n<\/div>\n<\/section>\n\n\n<section id=\"questions-container-4874\" class=\"questions-container-block\">\n\t<h2 class=\"questions-container-block__title\">Welke premies om mijn gevels via de buitenzijde te isoleren?<\/h2>\n\t\n<p>Er zijn 45 premies beschikbaar voor renovatie- en besparingswerkzaamheden. Ontdek een overzicht van alle beschikbare premies, kredieten en subsidies in onze <a href=\"https:\/\/homegrade.brussels\/nl\/fiches-infos\/premies-samenvatting-aankoop-renovatie-brussel\/\" target=\"_blank\" style=\"text-decoration: underline;\" rel=\"noopener\" brochure-post-id=\"3667\" class=\"brochure-link-format\"><\/a><a href=\"https:\/\/homegrade.brussels\/nl\/fiches-infos\/premies-2024-samenvatting-van-de-financiele-stimulansen-voor-de-aankoop-en-renovatie-van-woningen-in-het-brussels-hoofdstedelijk-gewest\/\" target=\"_blank\" data-type=\"link\" data-id=\"https:\/\/homegrade.brussels\/nl\/vragen\/welke-premies-voor-de-brandpreventiemaatregelen\/\" rel=\"noreferrer noopener\">Samenvatting van de Premies<\/a>.<\/p>\n\n\n\n<section class=\"wp-block-homegrade-content-blocks-highlight homegrade-blocks-highlight homegrade-blocks-highlight--classic test-de-classe\"><div class=\"homegrade-blocks-highlight__titling \"><div class=\"icon\"><img decoding=\"async\" class=\"icon__image\" src=\"data:image\/svg+xml;base64,PHN2ZyB4bWxucz0iaHR0cDovL3d3dy53My5vcmcvMjAwMC9zdmciIHdpZHRoPSIxNi4wMTIiIGhlaWdodD0iMTUuOTk5IiB2aWV3Qm94PSIwIDAgMTYuMDEyIDE1Ljk5OSI+CiAgPGcgaWQ9Ikljb25fZmVhdGhlci1saW5rIiBkYXRhLW5hbWU9Ikljb24gZmVhdGhlci1saW5rIiB0cmFuc2Zvcm09InRyYW5zbGF0ZSgtMS45OTMgLTIuMDA3KSI+CiAgICA8cGF0aCBpZD0iVHJhY8OpXzE4NTU5IiBkYXRhLW5hbWU9IlRyYWPDqSAxODU1OSIgZD0iTTE1LDEwLjcwN2EzLjUsMy41LDAsMCwwLDUuMjguMzc4bDIuMS0yLjFBMy41LDMuNSwwLDEsMCwxNy40Myw0LjAzM2wtMS4yLDEuMiIgdHJhbnNmb3JtPSJ0cmFuc2xhdGUoLTYuNDAyIDApIiBmaWxsPSJub25lIiBzdHJva2U9IiNmZmYiIHN0cm9rZS1saW5lY2FwPSJyb3VuZCIgc3Ryb2tlLWxpbmVqb2luPSJyb3VuZCIgc3Ryb2tlLXdpZHRoPSIyIi8+CiAgICA8cGF0aCBpZD0iVHJhY8OpXzE4NTYwIiBkYXRhLW5hbWU9IlRyYWPDqSAxODU2MCIgZD0iTTExLjQsMTQuOWEzLjUsMy41LDAsMCwwLTUuMjgtLjM3OGwtMi4xLDIuMUEzLjUsMy41LDAsMSwwLDguOTcsMjEuNTdsMS4yLTEuMiIgdHJhbnNmb3JtPSJ0cmFuc2xhdGUoMCAtNS41OSkiIGZpbGw9Im5vbmUiIHN0cm9rZT0iI2ZmZiIgc3Ryb2tlLWxpbmVjYXA9InJvdW5kIiBzdHJva2UtbGluZWpvaW49InJvdW5kIiBzdHJva2Utd2lkdGg9IjIiLz4KICA8L2c+Cjwvc3ZnPgo=\" alt=\"\"\/><\/div><h3 class=\"homegrade-blocks-highlight__block-title\">RENOLUTION-premies<\/h3><\/div><div class=\"homegrade-blocks-highlight__content\"><div class=\"homegrade-blocks-highlight__content__innerblocks\">\n<p>Sinds 1 januari 2022 zijn de Energiepremies en de premies voor de renovatie van het woonmilieu en de verfraaiing van gevels samengevoegd tot \u00e9\u00e9n systeem: de RENOLUTION-premies.<\/p>\n\n\n\n<div class=\"wp-block-buttons is-layout-flex wp-block-buttons-is-layout-flex\">\n<div class=\"wp-block-button\"><a class=\"wp-block-button__link wp-element-button\" href=\"https:\/\/renolution.brussels\/nl\/premies-stimuli\" target=\"_blank\" rel=\"noreferrer noopener\">Bekijk de RENOLUTION-premies<\/a><\/div>\n<\/div>\n<\/div><div class=\"homegrade-blocks-highlight__logo\"><img decoding=\"async\" src=\"https:\/\/homegrade.brussels\/wp-content\/uploads\/2023\/10\/logo-renolution-monochrome.svg\" alt=\"\"\/><\/div><\/div><\/section>\n<\/section>\n\n\n<div id=\"homegrade-vous-aide\" class=\"wp-block-homegrade-content-blocks-help-homegrade homegrade-blocks-help-homegrade\">\n<section class=\"wp-block-homegrade-content-blocks-highlight homegrade-blocks-highlight homegrade-blocks-highlight--classic\"><div class=\"homegrade-blocks-highlight__titling \"><div class=\"icon\"><img decoding=\"async\" class=\"icon__image\" src=\"https:\/\/homegrade.brussels\/wp-content\/plugins\/homegrade-blocks\/blocks\/highlight\/src\/img\/icon_house.svg\" alt=\"\"\/><\/div><h3 class=\"homegrade-blocks-highlight__block-title\">Homegrade: hoe kunnen wij u helpen? <\/h3><\/div><div class=\"homegrade-blocks-highlight__content\"><div class=\"homegrade-blocks-highlight__content__innerblocks\">\n<p>Homegrade informeert en begeleidt u bij de uitvoering van isolatie- en luchtdichtheidswerkzaamheden om de energieprestatie en het comfort van uw woning te verbeteren.<\/p>\n\n\n\n<p><strong>Onze diensten:<\/strong><\/p>\n\n\n\n<ul class=\"wp-block-list\">\n<li>Informatie over isolatietechnieken die zijn aangepast aan de Brusselse context: dak, muren, vloeren, ramen.<\/li>\n\n\n\n<li>Advies om isolatie en ventilatie te combineren om een goede binnenluchtkwaliteit te garanderen.<\/li>\n\n\n\n<li>Hulp bij het lezen en begrijpen van het EPB-certificaat (Energieprestatie van Gebouwen).<\/li>\n\n\n\n<li>Advies over de keuze van isolatiematerialen op basis van hun doeltreffendheid, hun milieu-impact en hun compatibiliteit met de bestaande gebouwen.<\/li>\n\n\n\n<li>Informatie over de bestaande financi\u00eble steun en de regelgevende verplichtingen inzake isolatie.<\/li>\n\n\n\n<li>Administratieve ondersteuning voor het samenstellen van dossiers voor een premieaanvraag.<\/li>\n\n\n\n<li>Analyse en vergelijking van offertes om de voorstellen van aannemers beter te begrijpen.<\/li>\n\n\n\n<li>Hulp bij het prioriteren van de meest effectieve ingrepen op technisch en economisch vlak.<\/li>\n\n\n\n<li>De isolatiewerkzaamheden kaderen in een alomvattende en samenhangende aanpak van het renovatieproject.<\/li>\n<\/ul>\n\n\n\n<div class=\"wp-block-button\"><a class=\"wp-block-button__link wp-element-button\" href=\"https:\/\/homegrade.brussels\/nl\/contact\/\">Contacteer ons via dit formulier<\/a><\/div>\n<\/div><\/div><\/section>\n<\/div>\n\n\n\r\n<section id=\"aller-plus-loin\" class=\"homegrade-blocks-plus-loin wp-block-homegrade-content-blocks-plus-loin homegrade-blocks-plus-loin wp-block-homegrade-content-blocks-plus-loin\">\r\n\t<h2 class=\"homegrade-blocks-plus-loin__block-title\">\r\n\t\tPublicaties en nuttige links\t<\/h2>\r\n\t\n\n<h3 class=\"wp-block-homegrade-content-blocks-content-heading homegrade-blocks-custom-heading has-icon has-icon--house\">Onze publicaties over de gevels isoleren via de buitenzijde<\/h3>\n\n\n\n<ul class=\"wp-block-list\">\n<li>Brochure <a href=\"https:\/\/homegrade.brussels\/nl\/brochures\/isolatie\/gevels\/\" target=\"_blank\" style=\"text-decoration: underline\" class=\"brochure-link-format\" rel=\"noopener\">Gevels isoleren via de buitenzijde \u2013 Principes en technieken<\/a><\/li>\n\n\n\n<li>Brochure <a href=\"https:\/\/homegrade.brussels\/nl\/brochures\/stedenbouw\/gemeenheid\/\" target=\"_blank\" style=\"text-decoration: underline\" class=\"brochure-link-format\" rel=\"noopener\">Gemeenheid \u2013 Juridische begrippen en praktische raadgevingen<\/a><\/li>\n\n\n\n<li>Info fiche <a href=\"https:\/\/homegrade.brussels\/wp-content\/uploads\/2024\/04\/Homegrad_Info_Isolatie_gemene_muur_buitenzijde.pdf\" data-type=\"link\" data-id=\"https:\/\/homegrade.brussels\/wp-content\/uploads\/2024\/04\/Homegrad_Info_Isolatie_gemene_muur_buitenzijde.pdf\" target=\"_blank\" rel=\"noreferrer noopener\">Isolatie van een gemene muur langs de buitenzijde \u2013 te volgen stappen en te nemen voorzorgsmaatregelen<\/a><\/li>\n\n\n\n<li>Brochure <a href=\"https:\/\/homegrade.brussels\/nl\/brochures\/isolatie\/hellend-dak\/\" target=\"_blank\" style=\"text-decoration: underline\" class=\"brochure-link-format\" rel=\"noopener\">Hellend dak \u2013 Renovatie en isolatie<\/a><\/li>\n\n\n\n<li>Brochure <a href=\"https:\/\/homegrade.brussels\/nl\/brochures\/isolatie\/plat-dak\/\" target=\"_blank\" style=\"text-decoration: underline\" class=\"brochure-link-format\">Plat dak &#8211; renovatie en isolatie<\/a><\/li>\n\n\n\n<li>Brochure <a href=\"https:\/\/homegrade.brussels\/nl\/brochures\/isolatie\/zoldervloer\/\" target=\"_blank\" style=\"text-decoration: underline\" class=\"brochure-link-format\" rel=\"noopener\">De zoldervloer isoleren &#8211; Principes en technieken<\/a><\/li>\n<\/ul>\n\n\n\n<h3 class=\"wp-block-homegrade-content-blocks-content-heading homegrade-blocks-custom-heading has-icon has-icon--chain\">Nuttige links<\/h3>\n\n\n\n<ul class=\"wp-block-list\">\n<li>Vind premies en steunmaatregelen op&nbsp;<a href=\"https:\/\/renolution.brussels\/nl\/financiele-steun-en-renolution-premies\" target=\"_blank\" rel=\"noreferrer noopener\">RENOLUTION<\/a><\/li>\n\n\n\n<li>Duurzaam renoveren met&nbsp;<a href=\"https:\/\/www.gidsduurzamegebouwen.brussels\/\" target=\"_blank\" rel=\"noreferrer noopener\">gidsduurzamegebouwen.brussels<\/a><\/li>\n\n\n\n<li>\u00c9nergie+ : <a href=\"http:\/\/www.energieplus-lesite.be\" data-type=\"link\" data-id=\"www.energieplus-lesite.be\" target=\"_blank\" rel=\"noopener\">energieplus-lesite.be<\/a><\/li>\n<\/ul>\n\n\n\n<h3 class=\"wp-block-homegrade-content-blocks-content-heading homegrade-blocks-custom-heading has-icon has-icon--documentation\"><br><strong>Referenties<\/strong><\/h3>\n\n\n\n<ul class=\"wp-block-list\">\n<li>Wetenschappelijk en Technisch Centrum voor het Bouwbedrijf:<a href=\"http:\/\/www.wtcb.be\" data-type=\"link\" data-id=\"www.wtcb.be\" target=\"_blank\" rel=\"noopener\"> wtcb.be<\/a><br>TV 257: \u201cBepleisteringen op buitenisolatie (ETICS)\u201d<\/li>\n\n\n\n<li>Handboek Basisnormen Brandpreventie (Editie 2017)<\/li>\n<\/ul>\n\n<\/section>\n\n\n<section class=\"wp-block-homegrade-content-blocks-staff-list homegrade-blocks-staff-list\"><div class=\"section_titling section_titling--left section-titling--has-no-subtitle\"><h3 class=\"section_titling__title\">Redactie<\/h3><\/div><ul class=\"homegrade-blocks-staff-list__staff-list homegrade-blocks-staff-list__staff-list--grid-2\">\n<li class=\"wp-block-homegrade-content-blocks-staff-member homegrade-blocks-staff-member\"><div class=\"homegrade-blocks-staff-member__member-icon\"><img decoding=\"async\" src=\"data:image\/svg+xml;base64,PD94bWwgdmVyc2lvbj0iMS4wIiBlbmNvZGluZz0iVVRGLTgiPz4KPHN2ZyBpZD0ibWFzY290dGUiIHhtbG5zPSJodHRwOi8vd3d3LnczLm9yZy8yMDAwL3N2ZyIgeG1sbnM6eGxpbms9Imh0dHA6Ly93d3cudzMub3JnLzE5OTkveGxpbmsiIHZpZXdCb3g9IjAgMCA2MCA2MCI+CiAgPGRlZnM+CiAgICA8c3R5bGU+CiAgICAgIC5jbHMtMSB7CiAgICAgICAgZmlsbDogdXJsKCNEw6lncmFkw6lfc2Fuc19ub21fMyk7CiAgICAgIH0KCiAgICAgIC5jbHMtMSwgLmNscy0yIHsKICAgICAgICBzdHJva2Utd2lkdGg6IDBweDsKICAgICAgfQoKICAgICAgLmNscy0zIHsKICAgICAgICBmaWxsOiAjZmZmOwogICAgICAgIHN0cm9rZTogIzAwMDsKICAgICAgICBzdHJva2UtbGluZWNhcDogcm91bmQ7CiAgICAgICAgc3Ryb2tlLWxpbmVqb2luOiByb3VuZDsKICAgICAgICBzdHJva2Utd2lkdGg6IDJweDsKICAgICAgfQoKICAgICAgLmNscy0yIHsKICAgICAgICBmaWxsOiB1cmwoI0TDqWdyYWTDqV9zYW5zX25vbV8zLTIpOwogICAgICB9CiAgICA8L3N0eWxlPgogICAgPGxpbmVhckdyYWRpZW50IGlkPSJEw6lncmFkw6lfc2Fuc19ub21fMyIgZGF0YS1uYW1lPSJEw6lncmFkw6kgc2FucyBub20gMyIgeDE9Ii0yMjgwLjI4IiB5MT0iODAuMDMiIHgyPSItMjI3OS4yOSIgeTI9Ijc4Ljk4IiBncmFkaWVudFRyYW5zZm9ybT0idHJhbnNsYXRlKDYwMzMuNzIgNjIyLjQ3KSBzY2FsZSgyLjYzIC03LjQ0KSIgZ3JhZGllbnRVbml0cz0idXNlclNwYWNlT25Vc2UiPgogICAgICA8c3RvcCBvZmZzZXQ9IjAiIHN0b3AtY29sb3I9IiNmMzI4MWQiLz4KICAgICAgPHN0b3Agb2Zmc2V0PSIxIiBzdG9wLWNvbG9yPSIjZmU3NjZmIi8+CiAgICA8L2xpbmVhckdyYWRpZW50PgogICAgPGxpbmVhckdyYWRpZW50IGlkPSJEw6lncmFkw6lfc2Fuc19ub21fMy0yIiBkYXRhLW5hbWU9IkTDqWdyYWTDqSBzYW5zIG5vbSAzIiB4MT0iLTIyNzYuMDYiIHkxPSI4MC4wMiIgeDI9Ii0yMjc1LjA2IiB5Mj0iNzguOTciIGdyYWRpZW50VHJhbnNmb3JtPSJ0cmFuc2xhdGUoNjAwOS4zOCA2MTkuNDUpIHNjYWxlKDIuNjIgLTcuNDQpIiB4bGluazpocmVmPSIjRMOpZ3JhZMOpX3NhbnNfbm9tXzMiLz4KICA8L2RlZnM+CiAgPGcgaWQ9Ikdyb3VwZV81ODYyIiBkYXRhLW5hbWU9Ikdyb3VwZSA1ODYyIj4KICAgIDxnIGlkPSJHcm91cGVfMzE5NSIgZGF0YS1uYW1lPSJHcm91cGUgMzE5NSI+CiAgICAgIDxnIGlkPSJHcm91cGVfZGVfbWFzcXVlc18xIiBkYXRhLW5hbWU9Ikdyb3VwZSBkZSBtYXNxdWVzIDEiPgogICAgICAgIDxnIGlkPSJHcm91cGVfNTU5MyIgZGF0YS1uYW1lPSJHcm91cGUgNTU5MyI+CiAgICAgICAgICA8ZyBpZD0iR3JvdXBlXzU1OTUiIGRhdGEtbmFtZT0iR3JvdXBlIDU1OTUiPgogICAgICAgICAgICA8ZyBpZD0iR3JvdXBlXzU1OTQiIGRhdGEtbmFtZT0iR3JvdXBlIDU1OTQiPgogICAgICAgICAgICAgIDxwYXRoIGlkPSJUcmFjw6lfMjM4NDQiIGRhdGEtbmFtZT0iVHJhY8OpIDIzODQ0IiBjbGFzcz0iY2xzLTMiIGQ9Im0xMi40Niw1NC4yOWMuMzQtMS4wOS44Mi0yLjUzLDEuNDktNC4xOCwwLDAsLjM2LS44OC43Ny0xLjc5LDEuNjItMy42LDUuMzQtOS40NSw1LjYtOS44NWwxOC45OC02Ljk0LjI5LDcuMjJjMi4wMSwxLjQ0LDMuNzIsMy4yNSw1LjAzLDUuMzQsMSwxLjYxLDEuNzYsMy4zNSwyLjI1LDUuMTguNDIsMS42NS42NCwzLjM0LjY2LDUuMDMiLz4KICAgICAgICAgICAgPC9nPgogICAgICAgICAgPC9nPgogICAgICAgICAgPGcgaWQ9Ikdyb3VwZV81NTk2IiBkYXRhLW5hbWU9Ikdyb3VwZSA1NTk2Ij4KICAgICAgICAgICAgPHBhdGggaWQ9IlRyYWPDqV8yMzg0NiIgZGF0YS1uYW1lPSJUcmFjw6kgMjM4NDYiIGNsYXNzPSJjbHMtMyIgZD0ibTQ3LjA3LDM2LjYxbC0xNC45OSw4LjY1di0xNy4ybDcuNDktMTMuNyw3LjUsNS4wNXYxNy4xOVoiLz4KICAgICAgICAgICAgPHBhdGggaWQ9IlRyYWPDqV8yMzg0NyIgZGF0YS1uYW1lPSJUcmFjw6kgMjM4NDciIGNsYXNzPSJjbHMtMyIgZD0ibTMyLjA4LDQ1LjI2bC0xNC45OC04LjY1di0xNy4xOWwxNC45OCw4LjY1djE3LjE5WiIvPgogICAgICAgICAgICA8cGF0aCBpZD0iVHJhY8OpXzIzODQ4IiBkYXRhLW5hbWU9IlRyYWPDqSAyMzg0OCIgY2xhc3M9ImNscy0zIiBkPSJtMTcuMSwxOS40MWw3LjQ5LTEzLjcsMTQuOTgsOC42NS03LjQ5LDEzLjctMTQuOTgtOC42NVoiLz4KICAgICAgICAgIDwvZz4KICAgICAgICAgIDxwYXRoIGlkPSJUcmFjw6lfMjM4NDkiIGRhdGEtbmFtZT0iVHJhY8OpIDIzODQ5IiBjbGFzcz0iY2xzLTEiIGQ9Im0zNi4zNCwzMy45MWwyLjYzLTEuNTJ2LTUuOTJsLTIuNjMsMS41MXY1LjkzWiIvPgogICAgICAgICAgPHBhdGggaWQ9IlRyYWPDqV8yMzg1MCIgZGF0YS1uYW1lPSJUcmFjw6kgMjM4NTAiIGNsYXNzPSJjbHMtMiIgZD0ibTQxLjMyLDMxLjA1bDIuNjItMS41MXYtNS45M2wtMi42MiwxLjUxdjUuOTNaIi8+CiAgICAgICAgPC9nPgogICAgICA8L2c+CiAgICA8L2c+CiAgPC9nPgo8L3N2Zz4=\" alt=\"\"\/><\/div><div class=\"homegrade-blocks-staff-member__member-informations\"><h4 class=\"homegrade-blocks-staff-member__name\">Julie Bindels<\/h4><p class=\"homegrade-blocks-staff-member__position\"><\/p><\/div><\/li>\n\n\n\n<li class=\"wp-block-homegrade-content-blocks-staff-member homegrade-blocks-staff-member\"><div class=\"homegrade-blocks-staff-member__member-icon\"><img decoding=\"async\" src=\"data:image\/svg+xml;base64,PD94bWwgdmVyc2lvbj0iMS4wIiBlbmNvZGluZz0iVVRGLTgiPz4KPHN2ZyBpZD0ibWFzY290dGUiIHhtbG5zPSJodHRwOi8vd3d3LnczLm9yZy8yMDAwL3N2ZyIgeG1sbnM6eGxpbms9Imh0dHA6Ly93d3cudzMub3JnLzE5OTkveGxpbmsiIHZpZXdCb3g9IjAgMCA2MCA2MCI+CiAgPGRlZnM+CiAgICA8c3R5bGU+CiAgICAgIC5jbHMtMSB7CiAgICAgICAgZmlsbDogdXJsKCNEw6lncmFkw6lfc2Fuc19ub21fMyk7CiAgICAgIH0KCiAgICAgIC5jbHMtMSwgLmNscy0yIHsKICAgICAgICBzdHJva2Utd2lkdGg6IDBweDsKICAgICAgfQoKICAgICAgLmNscy0zIHsKICAgICAgICBmaWxsOiAjZmZmOwogICAgICAgIHN0cm9rZTogIzAwMDsKICAgICAgICBzdHJva2UtbGluZWNhcDogcm91bmQ7CiAgICAgICAgc3Ryb2tlLWxpbmVqb2luOiByb3VuZDsKICAgICAgICBzdHJva2Utd2lkdGg6IDJweDsKICAgICAgfQoKICAgICAgLmNscy0yIHsKICAgICAgICBmaWxsOiB1cmwoI0TDqWdyYWTDqV9zYW5zX25vbV8zLTIpOwogICAgICB9CiAgICA8L3N0eWxlPgogICAgPGxpbmVhckdyYWRpZW50IGlkPSJEw6lncmFkw6lfc2Fuc19ub21fMyIgZGF0YS1uYW1lPSJEw6lncmFkw6kgc2FucyBub20gMyIgeDE9Ii0yMjgwLjI4IiB5MT0iODAuMDMiIHgyPSItMjI3OS4yOSIgeTI9Ijc4Ljk4IiBncmFkaWVudFRyYW5zZm9ybT0idHJhbnNsYXRlKDYwMzMuNzIgNjIyLjQ3KSBzY2FsZSgyLjYzIC03LjQ0KSIgZ3JhZGllbnRVbml0cz0idXNlclNwYWNlT25Vc2UiPgogICAgICA8c3RvcCBvZmZzZXQ9IjAiIHN0b3AtY29sb3I9IiNmMzI4MWQiLz4KICAgICAgPHN0b3Agb2Zmc2V0PSIxIiBzdG9wLWNvbG9yPSIjZmU3NjZmIi8+CiAgICA8L2xpbmVhckdyYWRpZW50PgogICAgPGxpbmVhckdyYWRpZW50IGlkPSJEw6lncmFkw6lfc2Fuc19ub21fMy0yIiBkYXRhLW5hbWU9IkTDqWdyYWTDqSBzYW5zIG5vbSAzIiB4MT0iLTIyNzYuMDYiIHkxPSI4MC4wMiIgeDI9Ii0yMjc1LjA2IiB5Mj0iNzguOTciIGdyYWRpZW50VHJhbnNmb3JtPSJ0cmFuc2xhdGUoNjAwOS4zOCA2MTkuNDUpIHNjYWxlKDIuNjIgLTcuNDQpIiB4bGluazpocmVmPSIjRMOpZ3JhZMOpX3NhbnNfbm9tXzMiLz4KICA8L2RlZnM+CiAgPGcgaWQ9Ikdyb3VwZV81ODYyIiBkYXRhLW5hbWU9Ikdyb3VwZSA1ODYyIj4KICAgIDxnIGlkPSJHcm91cGVfMzE5NSIgZGF0YS1uYW1lPSJHcm91cGUgMzE5NSI+CiAgICAgIDxnIGlkPSJHcm91cGVfZGVfbWFzcXVlc18xIiBkYXRhLW5hbWU9Ikdyb3VwZSBkZSBtYXNxdWVzIDEiPgogICAgICAgIDxnIGlkPSJHcm91cGVfNTU5MyIgZGF0YS1uYW1lPSJHcm91cGUgNTU5MyI+CiAgICAgICAgICA8ZyBpZD0iR3JvdXBlXzU1OTUiIGRhdGEtbmFtZT0iR3JvdXBlIDU1OTUiPgogICAgICAgICAgICA8ZyBpZD0iR3JvdXBlXzU1OTQiIGRhdGEtbmFtZT0iR3JvdXBlIDU1OTQiPgogICAgICAgICAgICAgIDxwYXRoIGlkPSJUcmFjw6lfMjM4NDQiIGRhdGEtbmFtZT0iVHJhY8OpIDIzODQ0IiBjbGFzcz0iY2xzLTMiIGQ9Im0xMi40Niw1NC4yOWMuMzQtMS4wOS44Mi0yLjUzLDEuNDktNC4xOCwwLDAsLjM2LS44OC43Ny0xLjc5LDEuNjItMy42LDUuMzQtOS40NSw1LjYtOS44NWwxOC45OC02Ljk0LjI5LDcuMjJjMi4wMSwxLjQ0LDMuNzIsMy4yNSw1LjAzLDUuMzQsMSwxLjYxLDEuNzYsMy4zNSwyLjI1LDUuMTguNDIsMS42NS42NCwzLjM0LjY2LDUuMDMiLz4KICAgICAgICAgICAgPC9nPgogICAgICAgICAgPC9nPgogICAgICAgICAgPGcgaWQ9Ikdyb3VwZV81NTk2IiBkYXRhLW5hbWU9Ikdyb3VwZSA1NTk2Ij4KICAgICAgICAgICAgPHBhdGggaWQ9IlRyYWPDqV8yMzg0NiIgZGF0YS1uYW1lPSJUcmFjw6kgMjM4NDYiIGNsYXNzPSJjbHMtMyIgZD0ibTQ3LjA3LDM2LjYxbC0xNC45OSw4LjY1di0xNy4ybDcuNDktMTMuNyw3LjUsNS4wNXYxNy4xOVoiLz4KICAgICAgICAgICAgPHBhdGggaWQ9IlRyYWPDqV8yMzg0NyIgZGF0YS1uYW1lPSJUcmFjw6kgMjM4NDciIGNsYXNzPSJjbHMtMyIgZD0ibTMyLjA4LDQ1LjI2bC0xNC45OC04LjY1di0xNy4xOWwxNC45OCw4LjY1djE3LjE5WiIvPgogICAgICAgICAgICA8cGF0aCBpZD0iVHJhY8OpXzIzODQ4IiBkYXRhLW5hbWU9IlRyYWPDqSAyMzg0OCIgY2xhc3M9ImNscy0zIiBkPSJtMTcuMSwxOS40MWw3LjQ5LTEzLjcsMTQuOTgsOC42NS03LjQ5LDEzLjctMTQuOTgtOC42NVoiLz4KICAgICAgICAgIDwvZz4KICAgICAgICAgIDxwYXRoIGlkPSJUcmFjw6lfMjM4NDkiIGRhdGEtbmFtZT0iVHJhY8OpIDIzODQ5IiBjbGFzcz0iY2xzLTEiIGQ9Im0zNi4zNCwzMy45MWwyLjYzLTEuNTJ2LTUuOTJsLTIuNjMsMS41MXY1LjkzWiIvPgogICAgICAgICAgPHBhdGggaWQ9IlRyYWPDqV8yMzg1MCIgZGF0YS1uYW1lPSJUcmFjw6kgMjM4NTAiIGNsYXNzPSJjbHMtMiIgZD0ibTQxLjMyLDMxLjA1bDIuNjItMS41MXYtNS45M2wtMi42MiwxLjUxdjUuOTNaIi8+CiAgICAgICAgPC9nPgogICAgICA8L2c+CiAgICA8L2c+CiAgPC9nPgo8L3N2Zz4=\" alt=\"\"\/><\/div><div class=\"homegrade-blocks-staff-member__member-informations\"><h4 class=\"homegrade-blocks-staff-member__name\">\u00c9glantine Daumerie<\/h4><p class=\"homegrade-blocks-staff-member__position\"><\/p><\/div><\/li>\n<\/ul><\/section>\n\n\n\n<div id=\"client-satisfaction\" class=\"wp-block-homegrade-content-blocks-client-statisfaction\">\n\t\n<script type=\"text\/javascript\">\n\/* <![CDATA[ *\/\nvar gform;gform||(document.addEventListener(\"gform_main_scripts_loaded\",function(){gform.scriptsLoaded=!0}),document.addEventListener(\"gform\/theme\/scripts_loaded\",function(){gform.themeScriptsLoaded=!0}),window.addEventListener(\"DOMContentLoaded\",function(){gform.domLoaded=!0}),gform={domLoaded:!1,scriptsLoaded:!1,themeScriptsLoaded:!1,isFormEditor:()=>\"function\"==typeof InitializeEditor,callIfLoaded:function(o){return!(!gform.domLoaded||!gform.scriptsLoaded||!gform.themeScriptsLoaded&&!gform.isFormEditor()||(gform.isFormEditor()&&console.warn(\"The use of gform.initializeOnLoaded() is deprecated in the form editor context and will be removed in Gravity Forms 3.1.\"),o(),0))},initializeOnLoaded:function(o){gform.callIfLoaded(o)||(document.addEventListener(\"gform_main_scripts_loaded\",()=>{gform.scriptsLoaded=!0,gform.callIfLoaded(o)}),document.addEventListener(\"gform\/theme\/scripts_loaded\",()=>{gform.themeScriptsLoaded=!0,gform.callIfLoaded(o)}),window.addEventListener(\"DOMContentLoaded\",()=>{gform.domLoaded=!0,gform.callIfLoaded(o)}))},hooks:{action:{},filter:{}},addAction:function(o,r,e,t){gform.addHook(\"action\",o,r,e,t)},addFilter:function(o,r,e,t){gform.addHook(\"filter\",o,r,e,t)},doAction:function(o){gform.doHook(\"action\",o,arguments)},applyFilters:function(o){return gform.doHook(\"filter\",o,arguments)},removeAction:function(o,r){gform.removeHook(\"action\",o,r)},removeFilter:function(o,r,e){gform.removeHook(\"filter\",o,r,e)},addHook:function(o,r,e,t,n){null==gform.hooks[o][r]&&(gform.hooks[o][r]=[]);var d=gform.hooks[o][r];null==n&&(n=r+\"_\"+d.length),gform.hooks[o][r].push({tag:n,callable:e,priority:t=null==t?10:t})},doHook:function(r,o,e){var t;if(e=Array.prototype.slice.call(e,1),null!=gform.hooks[r][o]&&((o=gform.hooks[r][o]).sort(function(o,r){return o.priority-r.priority}),o.forEach(function(o){\"function\"!=typeof(t=o.callable)&&(t=window[t]),\"action\"==r?t.apply(null,e):e[0]=t.apply(null,e)})),\"filter\"==r)return e[0]},removeHook:function(o,r,t,n){var e;null!=gform.hooks[o][r]&&(e=(e=gform.hooks[o][r]).filter(function(o,r,e){return!!(null!=n&&n!=o.tag||null!=t&&t!=o.priority)}),gform.hooks[o][r]=e)}});\n\/* ]]> *\/\n<\/script>\n\n                <div class='gf_browser_gecko gform_wrapper gform-theme gform-theme--foundation gform-theme--framework gform-theme--orbital' data-form-theme='orbital' data-form-index='0' id='gform_wrapper_25' style='display:none'><style>#gform_wrapper_25[data-form-index=\"0\"].gform-theme,[data-parent-form=\"25_0\"]{--gf-color-primary: #204ce5;--gf-color-primary-rgb: 32, 76, 229;--gf-color-primary-contrast: #fff;--gf-color-primary-contrast-rgb: 255, 255, 255;--gf-color-primary-darker: #001AB3;--gf-color-primary-lighter: #527EFF;--gf-color-secondary: #fff;--gf-color-secondary-rgb: 255, 255, 255;--gf-color-secondary-contrast: #112337;--gf-color-secondary-contrast-rgb: 17, 35, 55;--gf-color-secondary-darker: #F5F5F5;--gf-color-secondary-lighter: #FFFFFF;--gf-color-out-ctrl-light: rgba(17, 35, 55, 0.1);--gf-color-out-ctrl-light-rgb: 17, 35, 55;--gf-color-out-ctrl-light-darker: rgba(104, 110, 119, 0.35);--gf-color-out-ctrl-light-lighter: #F5F5F5;--gf-color-out-ctrl-dark: #585e6a;--gf-color-out-ctrl-dark-rgb: 88, 94, 106;--gf-color-out-ctrl-dark-darker: #112337;--gf-color-out-ctrl-dark-lighter: rgba(17, 35, 55, 0.65);--gf-color-in-ctrl: #fff;--gf-color-in-ctrl-rgb: 255, 255, 255;--gf-color-in-ctrl-contrast: #112337;--gf-color-in-ctrl-contrast-rgb: 17, 35, 55;--gf-color-in-ctrl-darker: #F5F5F5;--gf-color-in-ctrl-lighter: #FFFFFF;--gf-color-in-ctrl-primary: #204ce5;--gf-color-in-ctrl-primary-rgb: 32, 76, 229;--gf-color-in-ctrl-primary-contrast: #fff;--gf-color-in-ctrl-primary-contrast-rgb: 255, 255, 255;--gf-color-in-ctrl-primary-darker: #001AB3;--gf-color-in-ctrl-primary-lighter: #527EFF;--gf-color-in-ctrl-light: rgba(17, 35, 55, 0.1);--gf-color-in-ctrl-light-rgb: 17, 35, 55;--gf-color-in-ctrl-light-darker: rgba(104, 110, 119, 0.35);--gf-color-in-ctrl-light-lighter: #F5F5F5;--gf-color-in-ctrl-dark: #585e6a;--gf-color-in-ctrl-dark-rgb: 88, 94, 106;--gf-color-in-ctrl-dark-darker: #112337;--gf-color-in-ctrl-dark-lighter: rgba(17, 35, 55, 0.65);--gf-radius: 3px;--gf-font-size-secondary: 14px;--gf-font-size-tertiary: 13px;--gf-icon-ctrl-number: url(\"data:image\/svg+xml,%3Csvg width='8' height='14' viewBox='0 0 8 14' fill='none' xmlns='http:\/\/www.w3.org\/2000\/svg'%3E%3Cpath fill-rule='evenodd' clip-rule='evenodd' d='M4 0C4.26522 5.96046e-08 4.51957 0.105357 4.70711 0.292893L7.70711 3.29289C8.09763 3.68342 8.09763 4.31658 7.70711 4.70711C7.31658 5.09763 6.68342 5.09763 6.29289 4.70711L4 2.41421L1.70711 4.70711C1.31658 5.09763 0.683417 5.09763 0.292893 4.70711C-0.0976311 4.31658 -0.097631 3.68342 0.292893 3.29289L3.29289 0.292893C3.48043 0.105357 3.73478 0 4 0ZM0.292893 9.29289C0.683417 8.90237 1.31658 8.90237 1.70711 9.29289L4 11.5858L6.29289 9.29289C6.68342 8.90237 7.31658 8.90237 7.70711 9.29289C8.09763 9.68342 8.09763 10.3166 7.70711 10.7071L4.70711 13.7071C4.31658 14.0976 3.68342 14.0976 3.29289 13.7071L0.292893 10.7071C-0.0976311 10.3166 -0.0976311 9.68342 0.292893 9.29289Z' fill='rgba(17, 35, 55, 0.65)'\/%3E%3C\/svg%3E\");--gf-icon-ctrl-select: url(\"data:image\/svg+xml,%3Csvg width='10' height='6' viewBox='0 0 10 6' fill='none' xmlns='http:\/\/www.w3.org\/2000\/svg'%3E%3Cpath fill-rule='evenodd' clip-rule='evenodd' d='M0.292893 0.292893C0.683417 -0.097631 1.31658 -0.097631 1.70711 0.292893L5 3.58579L8.29289 0.292893C8.68342 -0.0976311 9.31658 -0.0976311 9.70711 0.292893C10.0976 0.683417 10.0976 1.31658 9.70711 1.70711L5.70711 5.70711C5.31658 6.09763 4.68342 6.09763 4.29289 5.70711L0.292893 1.70711C-0.0976311 1.31658 -0.0976311 0.683418 0.292893 0.292893Z' fill='rgba(17, 35, 55, 0.65)'\/%3E%3C\/svg%3E\");--gf-icon-ctrl-search: url(\"data:image\/svg+xml,%3Csvg width='640' height='640' xmlns='http:\/\/www.w3.org\/2000\/svg'%3E%3Cpath d='M256 128c-70.692 0-128 57.308-128 128 0 70.691 57.308 128 128 128 70.691 0 128-57.309 128-128 0-70.692-57.309-128-128-128zM64 256c0-106.039 85.961-192 192-192s192 85.961 192 192c0 41.466-13.146 79.863-35.498 111.248l154.125 154.125c12.496 12.496 12.496 32.758 0 45.254s-32.758 12.496-45.254 0L367.248 412.502C335.862 434.854 297.467 448 256 448c-106.039 0-192-85.962-192-192z' fill='rgba(17, 35, 55, 0.65)'\/%3E%3C\/svg%3E\");--gf-label-space-y-secondary: var(--gf-label-space-y-md-secondary);--gf-ctrl-border-color: #686e77;--gf-ctrl-size: var(--gf-ctrl-size-md);--gf-ctrl-label-color-primary: #112337;--gf-ctrl-label-color-secondary: #112337;--gf-ctrl-choice-size: var(--gf-ctrl-choice-size-md);--gf-ctrl-checkbox-check-size: var(--gf-ctrl-checkbox-check-size-md);--gf-ctrl-radio-check-size: var(--gf-ctrl-radio-check-size-md);--gf-ctrl-btn-font-size: var(--gf-ctrl-btn-font-size-md);--gf-ctrl-btn-padding-x: var(--gf-ctrl-btn-padding-x-md);--gf-ctrl-btn-size: var(--gf-ctrl-btn-size-md);--gf-ctrl-btn-border-color-secondary: #686e77;--gf-ctrl-file-btn-bg-color-hover: #EBEBEB;--gf-field-img-choice-size: var(--gf-field-img-choice-size-md);--gf-field-img-choice-card-space: var(--gf-field-img-choice-card-space-md);--gf-field-img-choice-check-ind-size: var(--gf-field-img-choice-check-ind-size-md);--gf-field-img-choice-check-ind-icon-size: var(--gf-field-img-choice-check-ind-icon-size-md);--gf-field-pg-steps-number-color: rgba(17, 35, 55, 0.8);}<\/style>\n                        <div class='gform_heading'>\n                            <h2 class=\"gform_title\">Satisfaction Client NL<\/h2>\n                            <p class='gform_description'><\/p>\n                        <\/div><form method='post' enctype='multipart\/form-data'  id='gform_25'  action='\/nl\/wp-json\/wp\/v2\/conseils\/4869' data-formid='25' novalidate><div class='gf_invisible ginput_recaptchav3' data-sitekey='6Le46eMrAAAAAINdtKrv0lFRLVevz1d_8dYAIqmf' data-tabindex='0'><input id=\"input_bdb4d8ba89e273e813b9533543bc8371\" class=\"gfield_recaptcha_response\" type=\"hidden\" name=\"input_bdb4d8ba89e273e813b9533543bc8371\" value=\"\"\/><\/div>\n                        <div class='gform-body gform_body'><div id='gform_fields_25' class='gform_fields top_label form_sublabel_below description_below validation_below'><div id=\"field_25_22\" class=\"gfield gfield--type-honeypot gform_validation_container field_sublabel_below gfield--has-description field_description_below field_validation_below gfield_visibility_visible\"  ><label class='gfield_label gform-field-label' for='input_25_22'>Facebook<\/label><div class='ginput_container'><input name='input_22' id='input_25_22' type='text' value='' autocomplete='new-password'\/><\/div><div class='gfield_description' id='gfield_description_25_22'>Dit veld is bedoeld voor validatiedoeleinden en moet niet worden gewijzigd.<\/div><\/div><div id=\"field_25_17\" class=\"gfield gfield--type-hidden gfield--input-type-hidden gfield--width-full gform_hidden field_sublabel_below gfield--no-description field_description_below field_validation_below gfield_visibility_visible\"  ><div class='ginput_container ginput_container_text'><input name='input_17' id='input_25_17' type='hidden' class='gform_hidden'  aria-invalid=\"false\" value='' \/><\/div><\/div><div id=\"field_25_18\" class=\"gfield gfield--type-hidden gfield--input-type-hidden gfield--width-full gform_hidden field_sublabel_below gfield--no-description field_description_below field_validation_below gfield_visibility_visible\"  ><div class='ginput_container ginput_container_text'><input name='input_18' id='input_25_18' type='hidden' class='gform_hidden'  aria-invalid=\"false\" value='' \/><\/div><\/div><div id=\"field_25_19\" class=\"gfield gfield--type-hidden gfield--input-type-hidden gfield--width-full gform_hidden field_sublabel_below gfield--no-description field_description_below field_validation_below gfield_visibility_visible\"  ><div class='ginput_container ginput_container_text'><input name='input_19' id='input_25_19' type='hidden' class='gform_hidden'  aria-invalid=\"false\" value='' \/><\/div><\/div><fieldset id=\"field_25_16\" class=\"gfield gfield--type-homegrade-rating gfield--input-type-homegrade-rating gfield--width-full field_sublabel_below gfield--no-description field_description_below field_validation_below gfield_visibility_visible\"  ><legend class='gfield_label gform-field-label' >Was deze pagina nuttig?<\/legend><div class='ginput_container ginput_container_radio'><div class='gfield_radio' id='input_25_16'>\n\t\t\t<div class='gchoice gchoice_25_16_0'>\n\t\t\t\t\t<input class='gfield-choice-input' name='input_16' type='radio' value='1'  id='choice_25_16_0' onchange='gformToggleRadioOther( this )'    \/>\n\t\t\t\t\t<label for='choice_25_16_0' id='label_25_16_0' class='gform-field-label gform-field-label--type-inline'>Helemaal niet nuttig<\/label>\n\t\t\t<\/div>\n\t\t\t<div class='gchoice gchoice_25_16_1'>\n\t\t\t\t\t<input class='gfield-choice-input' name='input_16' type='radio' value='2'  id='choice_25_16_1' onchange='gformToggleRadioOther( this )'    \/>\n\t\t\t\t\t<label for='choice_25_16_1' id='label_25_16_1' class='gform-field-label gform-field-label--type-inline'>Niet erg nuttig<\/label>\n\t\t\t<\/div>\n\t\t\t<div class='gchoice gchoice_25_16_2'>\n\t\t\t\t\t<input class='gfield-choice-input' name='input_16' type='radio' value='3'  id='choice_25_16_2' onchange='gformToggleRadioOther( this )'    \/>\n\t\t\t\t\t<label for='choice_25_16_2' id='label_25_16_2' class='gform-field-label gform-field-label--type-inline'>Redelijk nuttig<\/label>\n\t\t\t<\/div>\n\t\t\t<div class='gchoice gchoice_25_16_3'>\n\t\t\t\t\t<input class='gfield-choice-input' name='input_16' type='radio' value='4'  id='choice_25_16_3' onchange='gformToggleRadioOther( this )'    \/>\n\t\t\t\t\t<label for='choice_25_16_3' id='label_25_16_3' class='gform-field-label gform-field-label--type-inline'>Enigszins nuttig<\/label>\n\t\t\t<\/div>\n\t\t\t<div class='gchoice gchoice_25_16_4'>\n\t\t\t\t\t<input class='gfield-choice-input' name='input_16' type='radio' value='5'  id='choice_25_16_4' onchange='gformToggleRadioOther( this )'    \/>\n\t\t\t\t\t<label for='choice_25_16_4' id='label_25_16_4' class='gform-field-label gform-field-label--type-inline'>Zeer nuttig<\/label>\n\t\t\t<\/div><\/div><\/div><\/fieldset><div id=\"field_25_20\" class=\"gfield gfield--type-hidden gfield--input-type-hidden gfield--width-full gform_hidden field_sublabel_below gfield--no-description field_description_below field_validation_below gfield_visibility_visible\"  ><div class='ginput_container ginput_container_text'><input name='input_20' id='input_25_20' type='hidden' class='gform_hidden'  aria-invalid=\"false\" value='' \/><\/div><\/div><fieldset id=\"field_25_5\" class=\"gfield gfield--type-checkbox gfield--type-choice gfield--input-type-checkbox more-remarks field_sublabel_below gfield--no-description field_description_below hidden_label field_validation_below gfield_visibility_visible\"  ><legend class='gfield_label gform-field-label gfield_label_before_complex' >Extra opmerkingen<\/legend><div class='ginput_container ginput_container_checkbox'><div class='gfield_checkbox ' id='input_25_5'><div class='gchoice gchoice_25_5_1'>\n\t\t\t\t\t\t\t\t<input class='gfield-choice-input' name='input_5.1' type='checkbox'  value='\u2713'  id='choice_25_5_1'   \/>\n\t\t\t\t\t\t\t\t<label for='choice_25_5_1' id='label_25_5_1' class='gform-field-label gform-field-label--type-inline'>Ik wil graag een opmerking toevoegen aan deze pagina<\/label>\n\t\t\t\t\t\t\t<\/div><\/div><\/div><\/fieldset><div id=\"field_25_12\" class=\"gfield gfield--type-section gfield--input-type-section gsection field_sublabel_below gfield--no-description field_description_below field_validation_below gfield_visibility_visible\"  ><h3 class=\"gsection_title\">Extra opmerkingen<\/h3><\/div><fieldset id=\"field_25_15\" class=\"gfield gfield--type-classic-rating gfield--input-type-classic-rating gfield--width-full field_sublabel_below gfield--no-description field_description_below field_validation_below gfield_visibility_visible\"  ><legend class='gfield_label gform-field-label' >Was het makkelijk om de informatie te vinden die je zocht?<\/legend><div class='ginput_container ginput_container_radio'><div class='gfield_radio' id='input_25_15'>\n\t\t\t<div class='gchoice gchoice_25_15_0'>\n\t\t\t\t\t<input class='gfield-choice-input' name='input_15' type='radio' value='1'  id='choice_25_15_0' onchange='gformToggleRadioOther( this )'    \/>\n\t\t\t\t\t<label for='choice_25_15_0' id='label_25_15_0' class='gform-field-label gform-field-label--type-inline'>Helemaal niet<\/label>\n\t\t\t<\/div>\n\t\t\t<div class='gchoice gchoice_25_15_1'>\n\t\t\t\t\t<input class='gfield-choice-input' name='input_15' type='radio' value='2'  id='choice_25_15_1' onchange='gformToggleRadioOther( this )'    \/>\n\t\t\t\t\t<label for='choice_25_15_1' id='label_25_15_1' class='gform-field-label gform-field-label--type-inline'>Moeilijk<\/label>\n\t\t\t<\/div>\n\t\t\t<div class='gchoice gchoice_25_15_2'>\n\t\t\t\t\t<input class='gfield-choice-input' name='input_15' type='radio' value='3'  id='choice_25_15_2' onchange='gformToggleRadioOther( this )'    \/>\n\t\t\t\t\t<label for='choice_25_15_2' id='label_25_15_2' class='gform-field-label gform-field-label--type-inline'>Redelijk<\/label>\n\t\t\t<\/div>\n\t\t\t<div class='gchoice gchoice_25_15_3'>\n\t\t\t\t\t<input class='gfield-choice-input' name='input_15' type='radio' value='4'  id='choice_25_15_3' onchange='gformToggleRadioOther( this )'    \/>\n\t\t\t\t\t<label for='choice_25_15_3' id='label_25_15_3' class='gform-field-label gform-field-label--type-inline'>Vrij gemakkelijk<\/label>\n\t\t\t<\/div>\n\t\t\t<div class='gchoice gchoice_25_15_4'>\n\t\t\t\t\t<input class='gfield-choice-input' name='input_15' type='radio' value='5'  id='choice_25_15_4' onchange='gformToggleRadioOther( this )'    \/>\n\t\t\t\t\t<label for='choice_25_15_4' id='label_25_15_4' class='gform-field-label gform-field-label--type-inline'>Zeer gemakkelijk<\/label>\n\t\t\t<\/div><\/div><\/div><\/fieldset><div id=\"field_25_21\" class=\"gfield gfield--type-hidden gfield--input-type-hidden gfield--width-full gform_hidden field_sublabel_below gfield--no-description field_description_below field_validation_below gfield_visibility_visible\"  ><div class='ginput_container ginput_container_text'><input name='input_21' id='input_25_21' type='hidden' class='gform_hidden'  aria-invalid=\"false\" value='' \/><\/div><\/div><fieldset id=\"field_25_10\" class=\"gfield gfield--type-checkbox gfield--type-choice gfield--input-type-checkbox gfield--width-full field_sublabel_below gfield--no-description field_description_below field_validation_below gfield_visibility_visible\"  ><legend class='gfield_label gform-field-label gfield_label_before_complex' >Waren er elementen op de pagina die problemen opleverden?<\/legend><div class='ginput_container ginput_container_checkbox'><div class='gfield_checkbox ' id='input_25_10'><div class='gchoice gchoice_25_10_1'>\n\t\t\t\t\t\t\t\t<input class='gfield-choice-input' name='input_10.1' type='checkbox'  value='Geen probleem.'  id='choice_25_10_1'   \/>\n\t\t\t\t\t\t\t\t<label for='choice_25_10_1' id='label_25_10_1' class='gform-field-label gform-field-label--type-inline'>Geen probleem.<\/label>\n\t\t\t\t\t\t\t<\/div><div class='gchoice gchoice_25_10_2'>\n\t\t\t\t\t\t\t\t<input class='gfield-choice-input' name='input_10.2' type='checkbox'  value='De informatie is niet nauwkeurig genoeg.'  id='choice_25_10_2'   \/>\n\t\t\t\t\t\t\t\t<label for='choice_25_10_2' id='label_25_10_2' class='gform-field-label gform-field-label--type-inline'>De informatie is niet nauwkeurig genoeg.<\/label>\n\t\t\t\t\t\t\t<\/div><div class='gchoice gchoice_25_10_3'>\n\t\t\t\t\t\t\t\t<input class='gfield-choice-input' name='input_10.3' type='checkbox'  value='Ik had moeite met navigeren en het vinden van de informatie die ik zocht op de pagina.'  id='choice_25_10_3'   \/>\n\t\t\t\t\t\t\t\t<label for='choice_25_10_3' id='label_25_10_3' class='gform-field-label gform-field-label--type-inline'>Ik had moeite met navigeren en het vinden van de informatie die ik zocht op de pagina.<\/label>\n\t\t\t\t\t\t\t<\/div><div class='gchoice gchoice_25_10_4'>\n\t\t\t\t\t\t\t\t<input class='gfield-choice-input' name='input_10.4' type='checkbox'  value='Er zijn te veel technische termen die ik niet begrijp.'  id='choice_25_10_4'   \/>\n\t\t\t\t\t\t\t\t<label for='choice_25_10_4' id='label_25_10_4' class='gform-field-label gform-field-label--type-inline'>Er zijn te veel technische termen die ik niet begrijp.<\/label>\n\t\t\t\t\t\t\t<\/div><div class='gchoice gchoice_25_10_5'>\n\t\t\t\t\t\t\t\t<input class='gfield-choice-input' name='input_10.5' type='checkbox'  value='Ik heb weergaveproblemen met mijn apparaat of browser.'  id='choice_25_10_5'   \/>\n\t\t\t\t\t\t\t\t<label for='choice_25_10_5' id='label_25_10_5' class='gform-field-label gform-field-label--type-inline'>Ik heb weergaveproblemen met mijn apparaat of browser.<\/label>\n\t\t\t\t\t\t\t<\/div><div class='gchoice gchoice_25_10_6'>\n\t\t\t\t\t\t\t\t<input class='gfield-choice-input' name='input_10.6' type='checkbox'  value='Er staat een fout op de pagina.'  id='choice_25_10_6'   \/>\n\t\t\t\t\t\t\t\t<label for='choice_25_10_6' id='label_25_10_6' class='gform-field-label gform-field-label--type-inline'>Er staat een fout op de pagina.<\/label>\n\t\t\t\t\t\t\t<\/div><\/div><\/div><\/fieldset><div id=\"field_25_11\" class=\"gfield gfield--type-textarea gfield--input-type-textarea gfield--width-full field_sublabel_below gfield--no-description field_description_below field_validation_below gfield_visibility_visible\"  ><label class='gfield_label gform-field-label' for='input_25_11'>Heb je suggesties om deze pagina te verbeteren?<\/label><div class='ginput_container ginput_container_textarea'><textarea name='input_11' id='input_25_11' class='textarea small'   maxlength='200'   aria-invalid=\"false\"   rows='10' cols='50'><\/textarea><\/div><\/div><\/div><\/div>\n        <div class='gform-footer gform_footer top_label'> <input type='submit' id='gform_submit_button_25' class='gform_button button' onclick='gform.submission.handleButtonClick(this);' data-submission-type='submit' value='Mijn mening verzenden'  \/> \n            <input type='hidden' class='gform_hidden' name='gform_submission_method' data-js='gform_submission_method_25' value='postback' \/>\n            <input type='hidden' class='gform_hidden' name='gform_theme' data-js='gform_theme_25' id='gform_theme_25' value='orbital' \/>\n            <input type='hidden' class='gform_hidden' name='gform_style_settings' data-js='gform_style_settings_25' id='gform_style_settings_25' value='{&quot;inputPrimaryColor&quot;:&quot;#204ce5&quot;}' \/>\n            <input type='hidden' class='gform_hidden' name='is_submit_25' value='1' \/>\n            <input type='hidden' class='gform_hidden' name='gform_submit' value='25' \/>\n            \n            <input type='hidden' class='gform_hidden' name='gform_currency' data-currency='EUR' value='oHnQwB4GmB4Hx5K0lZhZ41V8S8oRTGIKkzcm\/T9o2TaTUI3c1iw4ci0xLRGl+j84lfTh7nyVHWD\/A6iDmAQBjdnlSuOe68RBq3tjLNrA4cpAdqQ=' \/>\n            <input type='hidden' class='gform_hidden' name='gform_unique_id' value='' \/>\n            <input type='hidden' class='gform_hidden' name='state_25' value='WyJ7XCI1LjFcIjpcImY2OTY5NjQ2YjcyYTcxYzM5ZTIzMWQ0NWEyMGRiZWI1XCIsXCIxMC4xXCI6XCJjM2Y4MThmNTYwNjA4MmM3Njg2YzMzMTM0ZmUwMDMyZlwiLFwiMTAuMlwiOlwiNDlhNzhlN2JkZTllODYzYjFlYzg5N2RjYzJjZTY3ZmJcIixcIjEwLjNcIjpcIjAyZWI2ZWY4ODhlMjYyZmJmN2Q2ZmM1YWE3NDJiNWQ0XCIsXCIxMC40XCI6XCJjODNlZGZiZWU4ZjA2NWE0M2M0NWY2MGFhMWIwYjBjY1wiLFwiMTAuNVwiOlwiOWJlYTQ1OTBiZjcxYzk2ZWY3Y2Y2NWI4NzQ5MDQzMjZcIixcIjEwLjZcIjpcIjI2OWE5ZjI3MDdiZDMwY2MyYTA0MDEzNzM4YjQzYjMxXCJ9IiwiZTBlYjg0ZjJkM2I1YWVkMWQ2ZmRiMzE1MzM1ZmFmY2MiXQ==' \/>\n            <input type='hidden' autocomplete='off' class='gform_hidden' name='gform_target_page_number_25' id='gform_target_page_number_25' value='0' \/>\n            <input type='hidden' autocomplete='off' class='gform_hidden' name='gform_source_page_number_25' id='gform_source_page_number_25' value='1' \/>\n            <input type='hidden' name='gform_field_values' value='' \/>\n            \n        <\/div>\n                        <\/form>\n                        <\/div><script type=\"text\/javascript\">\n\/* <![CDATA[ *\/\n gform.initializeOnLoaded( function() {gformInitSpinner( 25, 'https:\/\/homegrade.brussels\/wp-content\/plugins\/gravityforms\/images\/spinner.svg', false );jQuery('#gform_ajax_frame_25').on('load',function(){var contents = jQuery(this).contents().find('*').html();var is_postback = contents.indexOf('GF_AJAX_POSTBACK') >= 0;if(!is_postback){return;}var form_content = jQuery(this).contents().find('#gform_wrapper_25');var is_confirmation = jQuery(this).contents().find('#gform_confirmation_wrapper_25').length > 0;var is_redirect = contents.indexOf('gformRedirect(){') >= 0;var is_form = form_content.length > 0 && ! is_redirect && ! is_confirmation;var mt = parseInt(jQuery('html').css('margin-top'), 10) + parseInt(jQuery('body').css('margin-top'), 10) + 100;if(is_form){form_content.find('form').css('opacity', 0);jQuery('#gform_wrapper_25').html(form_content.html());if(form_content.hasClass('gform_validation_error')){jQuery('#gform_wrapper_25').addClass('gform_validation_error');} else {jQuery('#gform_wrapper_25').removeClass('gform_validation_error');}setTimeout( function() { \/* delay the scroll by 50 milliseconds to fix a bug in chrome *\/  }, 50 );if(window['gformInitDatepicker']) {gformInitDatepicker();}if(window['gformInitPriceFields']) {gformInitPriceFields();}var current_page = jQuery('#gform_source_page_number_25').val();gformInitSpinner( 25, 'https:\/\/homegrade.brussels\/wp-content\/plugins\/gravityforms\/images\/spinner.svg', false );jQuery(document).trigger('gform_page_loaded', [25, current_page]);window['gf_submitting_25'] = false;}else if(!is_redirect){var confirmation_content = jQuery(this).contents().find('.GF_AJAX_POSTBACK').html();if(!confirmation_content){confirmation_content = contents;}jQuery('#gform_wrapper_25').replaceWith(confirmation_content);jQuery(document).trigger('gform_confirmation_loaded', [25]);window['gf_submitting_25'] = false;wp.a11y.speak(jQuery('#gform_confirmation_message_25').text());}else{jQuery('#gform_25').append(contents);if(window['gformRedirect']) {gformRedirect();}}jQuery(document).trigger(\"gform_pre_post_render\", [{ formId: \"25\", currentPage: \"current_page\", abort: function() { this.preventDefault(); } }]);        if (event && event.defaultPrevented) {                return;        }        const gformWrapperDiv = document.getElementById( \"gform_wrapper_25\" );        if ( gformWrapperDiv ) {            const visibilitySpan = document.createElement( \"span\" );            visibilitySpan.id = \"gform_visibility_test_25\";            gformWrapperDiv.insertAdjacentElement( \"afterend\", visibilitySpan );        }        const visibilityTestDiv = document.getElementById( \"gform_visibility_test_25\" );        let postRenderFired = false;        function triggerPostRender() {            if ( postRenderFired ) {                return;            }            postRenderFired = true;            gform.core.triggerPostRenderEvents( 25, current_page );            if ( visibilityTestDiv ) {                visibilityTestDiv.parentNode.removeChild( visibilityTestDiv );            }        }        function debounce( func, wait, immediate ) {            var timeout;            return function() {                var context = this, args = arguments;                var later = function() {                    timeout = null;                    if ( !immediate ) func.apply( context, args );                };                var callNow = immediate && !timeout;                clearTimeout( timeout );                timeout = setTimeout( later, wait );                if ( callNow ) func.apply( context, args );            };        }        const debouncedTriggerPostRender = debounce( function() {            triggerPostRender();        }, 200 );        if ( visibilityTestDiv && visibilityTestDiv.offsetParent === null ) {            const observer = new MutationObserver( ( mutations ) => {                mutations.forEach( ( mutation ) => {                    if ( mutation.type === 'attributes' && visibilityTestDiv.offsetParent !== null ) {                        debouncedTriggerPostRender();                        observer.disconnect();                    }                });            });            observer.observe( document.body, {                attributes: true,                childList: false,                subtree: true,                attributeFilter: [ 'style', 'class' ],            });        } else {            triggerPostRender();        }    } );} ); \n\/* ]]> *\/\n<\/script>\n\n<\/div>","protected":false},"excerpt":{"rendered":"<p>Isoleren via de buitenzijde, een effici\u00ebnte techniek! Een woning verliest bijna een kwart van zijn warmte via de muren. Isoleren van de buitenmuren bespaart energie en verhoogt het comfort binnenshuis door het koude wand effect te beperken. Isolatie via de buitenzijde Isolatie via de buitenzijde kan ononderbroken worden geplaatst, waardoor ook de koudebruggen en het [&hellip;]<\/p>\n","protected":false},"featured_media":0,"parent":4216,"menu_order":0,"template":"","thematiques":[76],"class_list":["post-4869","conseils","type-conseils","status-publish","hentry","thematiques-gevels"],"acf":[],"_links":{"self":[{"href":"https:\/\/homegrade.brussels\/nl\/wp-json\/wp\/v2\/conseils\/4869","targetHints":{"allow":["GET"]}}],"collection":[{"href":"https:\/\/homegrade.brussels\/nl\/wp-json\/wp\/v2\/conseils"}],"about":[{"href":"https:\/\/homegrade.brussels\/nl\/wp-json\/wp\/v2\/types\/conseils"}],"version-history":[{"count":34,"href":"https:\/\/homegrade.brussels\/nl\/wp-json\/wp\/v2\/conseils\/4869\/revisions"}],"predecessor-version":[{"id":21182,"href":"https:\/\/homegrade.brussels\/nl\/wp-json\/wp\/v2\/conseils\/4869\/revisions\/21182"}],"up":[{"embeddable":true,"href":"https:\/\/homegrade.brussels\/nl\/wp-json\/wp\/v2\/conseils\/4216"}],"wp:attachment":[{"href":"https:\/\/homegrade.brussels\/nl\/wp-json\/wp\/v2\/media?parent=4869"}],"wp:term":[{"taxonomy":"thematiques","embeddable":true,"href":"https:\/\/homegrade.brussels\/nl\/wp-json\/wp\/v2\/thematiques?post=4869"}],"curies":[{"name":"wp","href":"https:\/\/api.w.org\/{rel}","templated":true}]}}